{"id":10860,"date":"2025-07-19T01:28:32","date_gmt":"2025-07-18T23:28:32","guid":{"rendered":"https:\/\/colegiatadebolea.es\/lassociation\/"},"modified":"2025-08-28T16:27:36","modified_gmt":"2025-08-28T14:27:36","slug":"lassociation","status":"publish","type":"page","link":"https:\/\/colegiatadebolea.es\/fr\/lassociation\/","title":{"rendered":"l&rsquo;Association"},"content":{"rendered":"<section class=\"l-section wpb_row height_custom color_primary with_img parallax_hor bgwidth_120\"><div class=\"l-section-img\" role=\"img\" aria-label=\"Image\" data-img-width=\"1600\" data-img-height=\"1507\" style=\"background-image: url(https:\/\/colegiatadebolea.es\/wp-content\/uploads\/colegiata-de-bolea-huesca-retablo-mayor-nino-entre-los-doctores-del-templo.jpg);background-repeat: no-repeat;\"><\/div><div class=\"l-section-overlay\" style=\"background:rgba(10,10,10,0.5)\"><\/div><div class=\"l-section-h i-cf\"><div class=\"g-cols vc_row via_grid cols_1 laptops-cols_inherit tablets-cols_inherit mobiles-cols_1 valign_top type_default stacking_default\"><div class=\"wpb_column vc_column_container\"><div class=\"vc_column-inner\"><div class=\"wpb_text_column\"><div class=\"wpb_wrapper\"><h1 style=\"text-align: center\">l&rsquo;Association<\/h1>\n<\/div><\/div><div class=\"w-separator size_small\"><\/div><div class=\"w-iconbox iconpos_top style_default color_custom align_center no_text no_title\"><div class=\"w-iconbox-icon\" style=\"font-size:2rem;\"><i class=\"far fa-chevron-down\"><\/i><\/div><div class=\"w-iconbox-meta\"><\/div><\/div><\/div><\/div><\/div><\/div><\/section><section class=\"l-section wpb_row height_small\"><div class=\"l-section-h i-cf\"><div class=\"g-cols vc_row via_grid cols_1 laptops-cols_inherit tablets-cols_inherit mobiles-cols_1 valign_top type_default stacking_default\" style=\"--columns-gap:5rem;\"><div class=\"wpb_column vc_column_container\"><div class=\"vc_column-inner\"><div class=\"w-separator size_small\"><\/div><div class=\"wpb_text_column\"><div class=\"wpb_wrapper\"><h3>l&rsquo;Association des Amis de la Coll\u00e9giale de Bol\u00e9a<\/h3>\n<\/div><\/div><div class=\"w-separator size_small\"><\/div><div class=\"g-cols wpb_row via_grid cols_2-1 laptops-cols_inherit tablets-cols_inherit mobiles-cols_1 valign_middle type_default stacking_default\" style=\"--columns-gap:4rem;\"><div class=\"wpb_column vc_column_container\"><div class=\"vc_column-inner\"><div class=\"wpb_text_column\"><div class=\"wpb_wrapper\"><p style=\"text-align: left\"><strong>La Coll\u00e9giale de Bol\u00e9a<\/strong> a \u00e9t\u00e9 d\u00e9clar\u00e9e Monument Historique-Artistique au niveau national (BIC) le 23 f\u00e9vrier <strong>1983<\/strong>. Elle est le si\u00e8ge paroissial de Bol\u00e9a; elle appartient donc au <strong>Patrimoine Artistique du Dioc\u00e8se de Huesca<\/strong>. Son entretien, tutelle, diffusion touristique et culturelle d\u00e9pendent de<strong> l&rsquo;Association des Amis de la Coll\u00e9giale de Bol\u00e9a<\/strong>, \u00e0 but non lucratif, cr\u00e9e \u00e0 l&rsquo;initiative populaire en <strong>1991<\/strong> et qui compte 400 associ\u00e9s.<\/p>\n<\/div><\/div><div class=\"w-separator size_medium\"><\/div><div class=\"wpb_text_column\"><div class=\"wpb_wrapper\"><h4><span style=\"color: #b5161a\">Contact<\/span><\/h4>\n<p>l&rsquo;Association des Amis de la Coll\u00e9giale de Bol\u00e9a<br \/>\nC\/Medio N\u00ba 3 \u2013 22160 \u2013 BOLEA (Huesca)<br \/>\n<a href=\"mailto:info@colegiatadebolea.es\">info@colegiatadebolea.es<\/a><br \/>\n<a href=\"tel:+34649655125\">+ 34 649 655 125<\/a><\/p>\n<\/div><\/div><\/div><\/div><div class=\"wpb_column vc_column_container\"><div class=\"vc_column-inner\"><div class=\"w-image us_custom_eb849559 align_center\"><div target=\"_blank\" class=\"w-image-h\"><img decoding=\"async\" width=\"200\" height=\"200\" src=\"https:\/\/colegiatadebolea.es\/wp-content\/uploads\/colegiata-de-bolea-logoamigos-favicon.png\" class=\"attachment-us_200_0 size-us_200_0\" alt=\"Escudo Asociaci\u00f3n de Amigos de la Colegiata de Bolea\" loading=\"lazy\" srcset=\"https:\/\/colegiatadebolea.es\/wp-content\/uploads\/colegiata-de-bolea-logoamigos-favicon.png 512w, https:\/\/colegiatadebolea.es\/wp-content\/uploads\/colegiata-de-bolea-logoamigos-favicon-300x300.png 300w, https:\/\/colegiatadebolea.es\/wp-content\/uploads\/colegiata-de-bolea-logoamigos-favicon-150x150.png 150w\" sizes=\"auto, (max-width: 200px) 100vw, 200px\" \/><\/div><\/div><\/div><\/div><\/div><\/div><\/div><\/div><\/div><\/section><section class=\"l-section wpb_row height_small\"><div class=\"l-section-h i-cf\"><div class=\"g-cols vc_row via_grid cols_2 laptops-cols_inherit tablets-cols_inherit mobiles-cols_1 valign_middle type_default stacking_default\" style=\"--columns-gap:0rem;\"><div class=\"wpb_column vc_column_container us_custom_896e01e7 has_bg_color\"><div class=\"vc_column-inner\"><div class=\"wpb_text_column\"><div class=\"wpb_wrapper\"><h4>Je souhaite devenir membre ou aider la Coll\u00e9giale de Bolea<\/h4>\n<\/div><\/div><div class=\"w-separator size_small\"><\/div><div class=\"wpb_text_column\"><div class=\"wpb_wrapper\"><p>Remplissez le formulaire si vous souhaitez adh\u00e9rer \u00e0 l&rsquo;Association des Amis de la Coll\u00e9giale de Bolea ou faire un don ponctuel. Nous vous contacterons. Merci beaucoup.<\/p>\n<\/div><\/div><div class=\"w-separator size_medium\"><\/div>\n<div class=\"wpcf7 no-js\" id=\"wpcf7-f11312-o1\" lang=\"fr-FR\" dir=\"ltr\" data-wpcf7-id=\"11312\">\n<div class=\"screen-reader-response\"><p role=\"status\" aria-live=\"polite\" aria-atomic=\"true\"><\/p> <ul><\/ul><\/div>\n<form action=\"\/fr\/wp-json\/wp\/v2\/pages\/10860#wpcf7-f11312-o1\" method=\"post\" class=\"wpcf7-form init\" aria-label=\"Formulaire de contact\" novalidate=\"novalidate\" data-status=\"init\">\n<fieldset class=\"hidden-fields-container\"><input type=\"hidden\" name=\"_wpcf7\" value=\"11312\" \/><input type=\"hidden\" name=\"_wpcf7_version\" value=\"6.1.1\" \/><input type=\"hidden\" name=\"_wpcf7_locale\" value=\"fr_FR\" \/><input type=\"hidden\" name=\"_wpcf7_unit_tag\" value=\"wpcf7-f11312-o1\" \/><input type=\"hidden\" name=\"_wpcf7_container_post\" value=\"0\" \/><input type=\"hidden\" name=\"_wpcf7_posted_data_hash\" value=\"\" \/><input type=\"hidden\" name=\"_wpcf7_recaptcha_response\" value=\"\" \/>\n<\/fieldset>\n<div id=\"responsive-form\" class=\"clearfix\">\n\t<div class=\"form-row\">\n\t\t<div class=\"column-half\">\n\t\t\t<p>Nom* <span class=\"wpcf7-form-control-wrap\" data-name=\"your-name\"><input size=\"40\" maxlength=\"400\" class=\"wpcf7-form-control wpcf7-text wpcf7-validates-as-required\" aria-required=\"true\" aria-invalid=\"false\" value=\"\" type=\"text\" name=\"your-name\" \/><\/span>\n\t\t\t<\/p>\n\t\t<\/div>\n\t\t<div class=\"column-half\">\n\t\t\t<p>Nom de famille* <span class=\"wpcf7-form-control-wrap\" data-name=\"your-surname\"><input size=\"40\" maxlength=\"400\" class=\"wpcf7-form-control wpcf7-text wpcf7-validates-as-required\" aria-required=\"true\" aria-invalid=\"false\" value=\"\" type=\"text\" name=\"your-surname\" \/><\/span>\n\t\t\t<\/p>\n\t\t<\/div>\n\t<\/div>\n\t<div class=\"form-row\">\n\t\t<div class=\"column-half\">\n\t\t\t<p>T\u00e9l\u00e9phone* <span class=\"wpcf7-form-control-wrap\" data-name=\"your-phone\"><input size=\"40\" maxlength=\"400\" class=\"wpcf7-form-control wpcf7-text wpcf7-validates-as-required\" aria-required=\"true\" aria-invalid=\"false\" value=\"\" type=\"text\" name=\"your-phone\" \/><\/span>\n\t\t\t<\/p>\n\t\t<\/div>\n\t\t<div class=\"column-half\">\n\t\t\t<p>Email* <span class=\"wpcf7-form-control-wrap\" data-name=\"your-email\"><input size=\"40\" maxlength=\"400\" class=\"wpcf7-form-control wpcf7-email wpcf7-validates-as-required wpcf7-text wpcf7-validates-as-email\" aria-required=\"true\" aria-invalid=\"false\" value=\"\" type=\"email\" name=\"your-email\" \/><\/span>\n\t\t\t<\/p>\n\t\t<\/div>\n\t<\/div>\n\t<div class=\"form-row\">\n\t\t<div class=\"column-full\">\n\t\t\t<p>Votre message si n\u00e9cessaire <span class=\"wpcf7-form-control-wrap\" data-name=\"your-message\"><textarea cols=\"40\" rows=\"10\" maxlength=\"2000\" class=\"wpcf7-form-control wpcf7-textarea\" aria-invalid=\"false\" name=\"your-message\"><\/textarea><\/span>\n\t\t\t<\/p>\n\t\t<\/div>\n\t<\/div>\n\t<div class=\"form-row\">\n\t\t<div class=\"column-full\">\n\t\t\t<p><span class=\"wpcf7-form-control-wrap\" data-name=\"aceptacion-privacidad\"><span class=\"wpcf7-form-control wpcf7-acceptance\"><span class=\"wpcf7-list-item\"><label><input type=\"checkbox\" name=\"aceptacion-privacidad\" value=\"1\" aria-invalid=\"false\" \/><span class=\"wpcf7-list-item-label\">J'ai lu et accept\u00e9 les mentions l\u00e9gales et la <a href=\"https:\/\/colegiatadebolea.es\/politica-de-privacidad\/\" target=\"blank\"><strong>politique de confidentialit\u00e9<\/strong><\/a> et j'accepte le traitement de mes donn\u00e9es personnelles collect\u00e9es sous ce formulaire par l'Association des Amis de la Coll\u00e9giale de Bolea.<\/span><\/label><\/span><\/span><\/span>\n\t\t\t<\/p>\n\t\t<\/div>\n\t<\/div>\n\t<div class=\"form-row\">\n\t\t<div class=\"column-full\">\n\t\t\t<p><input class=\"wpcf7-form-control wpcf7-submit has-spinner\" type=\"submit\" value=\"ENVOYER\" \/>\n\t\t\t<\/p>\n\t\t<\/div>\n\t<\/div>\n<\/div><!--end responsive-form--><div class=\"wpcf7-response-output\" aria-hidden=\"true\"><\/div>\n<\/form>\n<\/div>\n<div class=\"wpb_text_column us_custom_874d45b0\"><div class=\"wpb_wrapper\"><p><strong>INFORMATIONS DE BASE SUR LA PROTECTION DE VOS DONN\u00c9ES :<\/strong><br \/>\n<strong>RESPONSABLE:<\/strong> l&rsquo;Association des Amis de la Coll\u00e9giale de Bol\u00e9a<br \/>\n<strong>OBJECTIF : Communication et attention \u00e9lectroniques au service de l&rsquo;Association des Amis de la Coll\u00e9giale de Bolea.<\/strong><br \/>\n<strong>BASE L\u00c9GALE:<\/strong> Int\u00e9r\u00eat l\u00e9gitime de l&rsquo;Association des Amis de la Coll\u00e9giale de Bolea avec le consentement explicite contenu dans ce document.<br \/>\n<strong>DESTINATAIRES<\/strong>: Exclusivement pour l&rsquo;Association des Amis de la Coll\u00e9giale de Bolea. Les donn\u00e9es personnelles. Ne seront pas transmises \u00e0 des tiers, sauf si la loi l&rsquo;exige.<br \/>\n<strong>DROITS:<\/strong> Acc\u00e8s, rectification et suppression, ainsi que droit d&rsquo;opposition et de limitation du traitement, portabilit\u00e9 des donn\u00e9es et droit \u00e0 l&rsquo;oubli.<br \/>\nPour plus d&rsquo;informations ou pour toute question, veuillez consulter notre <a href=\"https:\/\/colegiatadebolea.es\/fr\/politique-de-confidentialite\/\" target=\"_blank\" rel=\"noopener\">Politique de confidentialit\u00e9<\/a>.<\/p>\n<\/div><\/div><div class=\"w-separator size_small\"><\/div><div class=\"wpb_text_column us_custom_874d45b0\"><div class=\"wpb_wrapper\"><p>This site is protected by reCAPTCHA and the Google<br \/>\n<a href=\"https:\/\/policies.google.com\/privacy\">Privacy Policy<\/a> and<br \/>\n<a href=\"https:\/\/policies.google.com\/terms\">Terms of Service<\/a> apply.<\/p>\n<\/div><\/div><\/div><\/div><div class=\"wpb_column vc_column_container us_custom_afacf8ec\"><div class=\"vc_column-inner\"><div class=\"w-actionbox us_custom_44b14a40 color_light controls_right\"><div class=\"w-actionbox-text\"><h5 class=\"w-actionbox-title\">Je souhaite me d\u00e9sabonner en tant que membre<\/h5><div class=\"w-actionbox-description\"><p>Acc\u00e8s pour annuler votre adh\u00e9sion et cesser d&rsquo;\u00eatre membre de l&rsquo;Association des Amis de la Coll\u00e9giale de Bolea.<\/p>\n<\/div><\/div><div class=\"w-actionbox-controls\"><a class=\"w-btn us-btn-style_11\" href=\"https:\/\/colegiatadebolea.es\/fr\/se-desabonner\/\"><span class=\"w-btn-label\">Acc\u00e9der<\/span><\/a><\/div><\/div><\/div><\/div><\/div><\/div><\/section>\n","protected":false},"excerpt":{"rendered":"l&rsquo;Association l&rsquo;Association des Amis de la Coll\u00e9giale de Bol\u00e9a La Coll\u00e9giale de Bol\u00e9a a \u00e9t\u00e9 d\u00e9clar\u00e9e Monument Historique-Artistique au niveau national (BIC) le 23 f\u00e9vrier 1983. Elle est le si\u00e8ge paroissial de Bol\u00e9a; elle appartient donc au Patrimoine Artistique du Dioc\u00e8se de Huesca. Son entretien, tutelle, diffusion touristique et culturelle d\u00e9pendent de l&rsquo;Association des Amis...","protected":false},"author":2,"featured_media":0,"parent":0,"menu_order":0,"comment_status":"closed","ping_status":"closed","template":"","meta":{"_acf_changed":false,"footnotes":""},"class_list":["post-10860","page","type-page","status-publish","hentry"],"acf":[],"yoast_head":"<!-- This site is optimized with the Yoast SEO plugin v25.8 - https:\/\/yoast.com\/wordpress\/plugins\/seo\/ -->\n<title>l&#039;Association - Asociaci\u00f3n de Amigos de la Colegiata de Bolea - Huesca<\/title>\n<meta name=\"robots\" content=\"index, follow, max-snippet:-1, max-image-preview:large, max-video-preview:-1\" \/>\n<link rel=\"canonical\" href=\"https:\/\/colegiatadebolea.es\/fr\/lassociation\/\" \/>\n<meta property=\"og:locale\" content=\"fr_FR\" \/>\n<meta property=\"og:type\" content=\"article\" \/>\n<meta property=\"og:title\" content=\"l&#039;Association - Asociaci\u00f3n de Amigos de la Colegiata de Bolea - Huesca\" \/>\n<meta property=\"og:url\" content=\"https:\/\/colegiatadebolea.es\/fr\/lassociation\/\" \/>\n<meta property=\"og:site_name\" content=\"Asociaci\u00f3n de Amigos de la Colegiata de Bolea - Huesca\" \/>\n<meta property=\"article:publisher\" content=\"https:\/\/www.facebook.com\/pages\/ColegiatadeBolea\/915137545269794\/\" \/>\n<meta property=\"article:modified_time\" content=\"2025-08-28T14:27:36+00:00\" \/>\n<meta property=\"og:image\" content=\"https:\/\/colegiatadebolea.es\/wp-content\/uploads\/colegiata-de-bolea-la-colegiata-bobeda-y-parte-superior-del-retablo-mayor.jpg\" \/>\n\t<meta property=\"og:image:width\" content=\"1600\" \/>\n\t<meta property=\"og:image:height\" content=\"1093\" \/>\n\t<meta property=\"og:image:type\" content=\"image\/jpeg\" \/>\n<meta name=\"twitter:card\" content=\"summary_large_image\" \/>\n<meta name=\"twitter:label1\" content=\"Dur\u00e9e de lecture estim\u00e9e\" \/>\n\t<meta name=\"twitter:data1\" content=\"4 minutes\" \/>\n<script type=\"application\/ld+json\" class=\"yoast-schema-graph\">{\"@context\":\"https:\/\/schema.org\",\"@graph\":[{\"@type\":\"WebPage\",\"@id\":\"https:\/\/colegiatadebolea.es\/fr\/lassociation\/\",\"url\":\"https:\/\/colegiatadebolea.es\/fr\/lassociation\/\",\"name\":\"l'Association - Asociaci\u00f3n de Amigos de la Colegiata de Bolea - Huesca\",\"isPartOf\":{\"@id\":\"https:\/\/colegiatadebolea.es\/fr\/#website\"},\"datePublished\":\"2025-07-18T23:28:32+00:00\",\"dateModified\":\"2025-08-28T14:27:36+00:00\",\"breadcrumb\":{\"@id\":\"https:\/\/colegiatadebolea.es\/fr\/lassociation\/#breadcrumb\"},\"inLanguage\":\"fr-FR\",\"potentialAction\":[{\"@type\":\"ReadAction\",\"target\":[\"https:\/\/colegiatadebolea.es\/fr\/lassociation\/\"]}]},{\"@type\":\"BreadcrumbList\",\"@id\":\"https:\/\/colegiatadebolea.es\/fr\/lassociation\/#breadcrumb\",\"itemListElement\":[{\"@type\":\"ListItem\",\"position\":1,\"name\":\"Portada\",\"item\":\"https:\/\/colegiatadebolea.es\/fr\/\"},{\"@type\":\"ListItem\",\"position\":2,\"name\":\"l&rsquo;Association\"}]},{\"@type\":\"WebSite\",\"@id\":\"https:\/\/colegiatadebolea.es\/fr\/#website\",\"url\":\"https:\/\/colegiatadebolea.es\/fr\/\",\"name\":\"Asociaci\u00f3n de Amigos de la Colegiata de Bolea - Huesca\",\"description\":\"Colegiata de Santa Mar\u00eda la Mayor de Bolea es una iglesia en la transici\u00f3n del g\u00f3tico al renacimiento construida entre 1541 y 1599 por Pedro de Ir\u00e1zabal. Retablo Mayor obra maestra de la pintura espa\u00f1ola del renacimiento.\",\"publisher\":{\"@id\":\"https:\/\/colegiatadebolea.es\/fr\/#organization\"},\"alternateName\":\"Colegiata de Bolea\",\"potentialAction\":[{\"@type\":\"SearchAction\",\"target\":{\"@type\":\"EntryPoint\",\"urlTemplate\":\"https:\/\/colegiatadebolea.es\/fr\/?s={search_term_string}\"},\"query-input\":{\"@type\":\"PropertyValueSpecification\",\"valueRequired\":true,\"valueName\":\"search_term_string\"}}],\"inLanguage\":\"fr-FR\"},{\"@type\":\"Organization\",\"@id\":\"https:\/\/colegiatadebolea.es\/fr\/#organization\",\"name\":\"Asociaci\u00f3n de Amigos de la Colegiata de Bolea\",\"url\":\"https:\/\/colegiatadebolea.es\/fr\/\",\"logo\":{\"@type\":\"ImageObject\",\"inLanguage\":\"fr-FR\",\"@id\":\"https:\/\/colegiatadebolea.es\/fr\/#\/schema\/logo\/image\/\",\"url\":\"https:\/\/colegiatadebolea.es\/wp-content\/uploads\/colegiata-de-bolea-logoamigos-favicon.png\",\"contentUrl\":\"https:\/\/colegiatadebolea.es\/wp-content\/uploads\/colegiata-de-bolea-logoamigos-favicon.png\",\"width\":512,\"height\":512,\"caption\":\"Asociaci\u00f3n de Amigos de la Colegiata de Bolea\"},\"image\":{\"@id\":\"https:\/\/colegiatadebolea.es\/fr\/#\/schema\/logo\/image\/\"},\"sameAs\":[\"https:\/\/www.facebook.com\/pages\/ColegiatadeBolea\/915137545269794\/\",\"https:\/\/www.instagram.com\/colegiatadebolea\"]}]}<\/script>\n<!-- \/ Yoast SEO plugin. -->","yoast_head_json":{"title":"l'Association - Asociaci\u00f3n de Amigos de la Colegiata de Bolea - Huesca","robots":{"index":"index","follow":"follow","max-snippet":"max-snippet:-1","max-image-preview":"max-image-preview:large","max-video-preview":"max-video-preview:-1"},"canonical":"https:\/\/colegiatadebolea.es\/fr\/lassociation\/","og_locale":"fr_FR","og_type":"article","og_title":"l'Association - Asociaci\u00f3n de Amigos de la Colegiata de Bolea - Huesca","og_url":"https:\/\/colegiatadebolea.es\/fr\/lassociation\/","og_site_name":"Asociaci\u00f3n de Amigos de la Colegiata de Bolea - Huesca","article_publisher":"https:\/\/www.facebook.com\/pages\/ColegiatadeBolea\/915137545269794\/","article_modified_time":"2025-08-28T14:27:36+00:00","og_image":[{"width":1600,"height":1093,"url":"https:\/\/colegiatadebolea.es\/wp-content\/uploads\/colegiata-de-bolea-la-colegiata-bobeda-y-parte-superior-del-retablo-mayor.jpg","type":"image\/jpeg"}],"twitter_card":"summary_large_image","twitter_misc":{"Dur\u00e9e de lecture estim\u00e9e":"4 minutes"},"schema":{"@context":"https:\/\/schema.org","@graph":[{"@type":"WebPage","@id":"https:\/\/colegiatadebolea.es\/fr\/lassociation\/","url":"https:\/\/colegiatadebolea.es\/fr\/lassociation\/","name":"l'Association - Asociaci\u00f3n de Amigos de la Colegiata de Bolea - Huesca","isPartOf":{"@id":"https:\/\/colegiatadebolea.es\/fr\/#website"},"datePublished":"2025-07-18T23:28:32+00:00","dateModified":"2025-08-28T14:27:36+00:00","breadcrumb":{"@id":"https:\/\/colegiatadebolea.es\/fr\/lassociation\/#breadcrumb"},"inLanguage":"fr-FR","potentialAction":[{"@type":"ReadAction","target":["https:\/\/colegiatadebolea.es\/fr\/lassociation\/"]}]},{"@type":"BreadcrumbList","@id":"https:\/\/colegiatadebolea.es\/fr\/lassociation\/#breadcrumb","itemListElement":[{"@type":"ListItem","position":1,"name":"Portada","item":"https:\/\/colegiatadebolea.es\/fr\/"},{"@type":"ListItem","position":2,"name":"l&rsquo;Association"}]},{"@type":"WebSite","@id":"https:\/\/colegiatadebolea.es\/fr\/#website","url":"https:\/\/colegiatadebolea.es\/fr\/","name":"Asociaci\u00f3n de Amigos de la Colegiata de Bolea - Huesca","description":"Colegiata de Santa Mar\u00eda la Mayor de Bolea es una iglesia en la transici\u00f3n del g\u00f3tico al renacimiento construida entre 1541 y 1599 por Pedro de Ir\u00e1zabal. Retablo Mayor obra maestra de la pintura espa\u00f1ola del renacimiento.","publisher":{"@id":"https:\/\/colegiatadebolea.es\/fr\/#organization"},"alternateName":"Colegiata de Bolea","potentialAction":[{"@type":"SearchAction","target":{"@type":"EntryPoint","urlTemplate":"https:\/\/colegiatadebolea.es\/fr\/?s={search_term_string}"},"query-input":{"@type":"PropertyValueSpecification","valueRequired":true,"valueName":"search_term_string"}}],"inLanguage":"fr-FR"},{"@type":"Organization","@id":"https:\/\/colegiatadebolea.es\/fr\/#organization","name":"Asociaci\u00f3n de Amigos de la Colegiata de Bolea","url":"https:\/\/colegiatadebolea.es\/fr\/","logo":{"@type":"ImageObject","inLanguage":"fr-FR","@id":"https:\/\/colegiatadebolea.es\/fr\/#\/schema\/logo\/image\/","url":"https:\/\/colegiatadebolea.es\/wp-content\/uploads\/colegiata-de-bolea-logoamigos-favicon.png","contentUrl":"https:\/\/colegiatadebolea.es\/wp-content\/uploads\/colegiata-de-bolea-logoamigos-favicon.png","width":512,"height":512,"caption":"Asociaci\u00f3n de Amigos de la Colegiata de Bolea"},"image":{"@id":"https:\/\/colegiatadebolea.es\/fr\/#\/schema\/logo\/image\/"},"sameAs":["https:\/\/www.facebook.com\/pages\/ColegiatadeBolea\/915137545269794\/","https:\/\/www.instagram.com\/colegiatadebolea"]}]}},"_links":{"self":[{"href":"https:\/\/colegiatadebolea.es\/fr\/wp-json\/wp\/v2\/pages\/10860","targetHints":{"allow":["GET"]}}],"collection":[{"href":"https:\/\/colegiatadebolea.es\/fr\/wp-json\/wp\/v2\/pages"}],"about":[{"href":"https:\/\/colegiatadebolea.es\/fr\/wp-json\/wp\/v2\/types\/page"}],"author":[{"embeddable":true,"href":"https:\/\/colegiatadebolea.es\/fr\/wp-json\/wp\/v2\/users\/2"}],"replies":[{"embeddable":true,"href":"https:\/\/colegiatadebolea.es\/fr\/wp-json\/wp\/v2\/comments?post=10860"}],"version-history":[{"count":8,"href":"https:\/\/colegiatadebolea.es\/fr\/wp-json\/wp\/v2\/pages\/10860\/revisions"}],"predecessor-version":[{"id":10972,"href":"https:\/\/colegiatadebolea.es\/fr\/wp-json\/wp\/v2\/pages\/10860\/revisions\/10972"}],"wp:attachment":[{"href":"https:\/\/colegiatadebolea.es\/fr\/wp-json\/wp\/v2\/media?parent=10860"}],"curies":[{"name":"wp","href":"https:\/\/api.w.org\/{rel}","templated":true}]}}