{"id":10847,"date":"2025-06-18T19:13:09","date_gmt":"2025-06-18T17:13:09","guid":{"rendered":"https:\/\/colegiatadebolea.es\/le-retable-du-maitre-autel\/"},"modified":"2025-08-14T16:54:43","modified_gmt":"2025-08-14T14:54:43","slug":"le-retable-du-maitre-autel","status":"publish","type":"page","link":"https:\/\/colegiatadebolea.es\/fr\/le-retable-du-maitre-autel\/","title":{"rendered":"Le Retable d\u00fb ma\u00eetre-autel"},"content":{"rendered":"<section class=\"l-section wpb_row height_custom color_primary with_img\"><div class=\"l-section-img\" role=\"img\" aria-label=\"Image\" data-img-width=\"1920\" data-img-height=\"444\" style=\"background-image: url(https:\/\/colegiatadebolea.es\/wp-content\/uploads\/colegiata-de-bolea-huesca-retablo-mayor-bg-title.jpg);background-position: bottom center;background-repeat: no-repeat;\"><\/div><div class=\"l-section-overlay\" style=\"background:rgba(0,0,0,0.35)\"><\/div><div class=\"l-section-h i-cf\"><div class=\"g-cols vc_row via_grid cols_1 laptops-cols_inherit tablets-cols_inherit mobiles-cols_1 valign_top type_default stacking_default\"><div class=\"wpb_column vc_column_container\"><div class=\"vc_column-inner\"><div class=\"w-separator size_medium\"><\/div><h1 class=\"w-text us_custom_7c0ba700\"><span class=\"w-text-h\"><span class=\"w-text-value\">Le Retable d\u00fb ma\u00eetre-autel<\/span><\/span><\/h1><div class=\"w-separator size_medium\"><\/div><\/div><\/div><\/div><\/div><\/section><section class=\"l-section wpb_row height_custom\"><div class=\"l-section-h i-cf\"><div class=\"g-cols vc_row via_grid cols_1 laptops-cols_inherit tablets-cols_inherit mobiles-cols_1 valign_top type_default stacking_default\"><div class=\"wpb_column vc_column_container\"><div class=\"vc_column-inner\"><div class=\"g-cols wpb_row via_grid cols_7-5 laptops-cols_inherit tablets-cols_inherit mobiles-cols_1 valign_top type_default stacking_default\" style=\"--columns-gap:5rem;\"><div class=\"wpb_column vc_column_container\"><div class=\"vc_column-inner\"><div class=\"wpb_text_column\"><div class=\"wpb_wrapper\"><h5>\u00ab\u00a0Chef d&rsquo;oeuvre de la peinture espagnole de la Renaissance\u00a0\u00bb<\/h5>\n<\/div><\/div><div class=\"w-separator size_small\"><\/div><div class=\"wpb_text_column\"><div class=\"wpb_wrapper\"><p>R\u00e9alis\u00e9 entre <strong>1490<\/strong> et <strong>1503<\/strong>, il appartenait donc \u00e0 l&rsquo;\u00e9glise ant\u00e9rieure. Il constitue un magnifique agencement de 20 panneaux peints \u00e0 la d\u00e9trempe et de statuettes en bois polychrome. Les bois nobles utilis\u00e9s sont le cypr\u00e8s, le noyer et le pin de Flandre. La conception du retable est gothique. Sa structure comprend un ample soubassement, un corps principal divis\u00e9 en cinq couloirs verticaux et trois registres horizontaux, ainsi qu&rsquo;une corniche encadrant l&rsquo;ensemble.    <\/p>\n<p>En saillie se d\u00e9tache le tabernacle d&rsquo;exposition gothique-mud\u00e9jar, d&rsquo;une ex\u00e9cution raffin\u00e9e en bois polychrome.Celui-ci sert de socle \u00e0 la statue centrale de la <strong>Vierge de l&rsquo; Assomption<\/strong>, au caract\u00e8re nettement flamand. La conception et l&rsquo; ornementation du retable sont l&rsquo;oeuvre du ma\u00eetre flamand<strong> Gil de Brabante<\/strong>, r\u00e9sidant \u00e0 <strong>Huesca <\/strong>qui suit le mod\u00e8le de sculpture propos\u00e9 par l&rsquo;\u00e9cole dite de <strong>Bruxelles<\/strong>. Mais le caract\u00e8re v\u00e9ritablement exceptionnel de ce retable tient aux merveilleuses peintures du <strong>MA\u00ceTRE DE BOL\u00c9A<\/strong>, peintre anonyme qui, \u00e0 un moment o\u00f9 l&rsquo;Espagne est encore gothique, introduit des \u00e9l\u00e9ments de style o\u00f9 convergent deux courants :  <\/p>\n<p>L&rsquo;inspiration <strong>flamande<\/strong>, qui se manifeste dans l&rsquo;extr\u00eame correction du traitement spatial, l&rsquo;apparition du sentiment chez les personnages et la repr\u00e9sentation naturaliste, riche en d\u00e9tails de plantes et arbustes.<br \/>\nL&rsquo;inspiration <strong>italienne<\/strong> du Quattrocento, qui est innovatrice en Aragon en mati\u00e8re de perspective, illumination et jeux d&rsquo;ombres. On remarquera surtout la richesse exceptionnelle et absolument originale des couleurs, et tout particuli\u00e8rement l&rsquo;extraordinaire palette des verts et des rouges. Le style du Ma\u00eetre de Bol\u00e9a est \u00e0 mettre en rapport avec l&rsquo;oeuvre de Jean de Bourgogne et de Pedro de Berruguete.<\/p>\n<\/div><\/div><div class=\"w-separator size_small\"><\/div><div class=\"wpb_text_column us_custom_a574d586 has_text_color\"><div class=\"wpb_wrapper\"><h3>Emplacement<\/h3>\n<\/div><\/div><div class=\"w-separator size_small\"><\/div><div class=\"w-image us_custom_2bd42a63 align_center\"><div class=\"w-image-h\"><img decoding=\"async\" width=\"1024\" height=\"746\" src=\"https:\/\/colegiatadebolea.es\/wp-content\/uploads\/colegiata-de-bolea-huesca-plano-planta-retablo-mayor-001.jpg\" class=\"attachment-full size-full\" alt=\"\" loading=\"lazy\" srcset=\"https:\/\/colegiatadebolea.es\/wp-content\/uploads\/colegiata-de-bolea-huesca-plano-planta-retablo-mayor-001.jpg 1024w, https:\/\/colegiatadebolea.es\/wp-content\/uploads\/colegiata-de-bolea-huesca-plano-planta-retablo-mayor-001-300x219.jpg 300w, https:\/\/colegiatadebolea.es\/wp-content\/uploads\/colegiata-de-bolea-huesca-plano-planta-retablo-mayor-001-600x437.jpg 600w, https:\/\/colegiatadebolea.es\/wp-content\/uploads\/colegiata-de-bolea-huesca-plano-planta-retablo-mayor-001-550x401.jpg 550w, https:\/\/colegiatadebolea.es\/wp-content\/uploads\/colegiata-de-bolea-huesca-plano-planta-retablo-mayor-001-500x364.jpg 500w, https:\/\/colegiatadebolea.es\/wp-content\/uploads\/colegiata-de-bolea-huesca-plano-planta-retablo-mayor-001-450x328.jpg 450w, https:\/\/colegiatadebolea.es\/wp-content\/uploads\/colegiata-de-bolea-huesca-plano-planta-retablo-mayor-001-400x291.jpg 400w, https:\/\/colegiatadebolea.es\/wp-content\/uploads\/colegiata-de-bolea-huesca-plano-planta-retablo-mayor-001-350x255.jpg 350w, https:\/\/colegiatadebolea.es\/wp-content\/uploads\/colegiata-de-bolea-huesca-plano-planta-retablo-mayor-001-250x182.jpg 250w, https:\/\/colegiatadebolea.es\/wp-content\/uploads\/colegiata-de-bolea-huesca-plano-planta-retablo-mayor-001-200x146.jpg 200w, https:\/\/colegiatadebolea.es\/wp-content\/uploads\/colegiata-de-bolea-huesca-plano-planta-retablo-mayor-001-175x127.jpg 175w, https:\/\/colegiatadebolea.es\/wp-content\/uploads\/colegiata-de-bolea-huesca-plano-planta-retablo-mayor-001-150x109.jpg 150w, https:\/\/colegiatadebolea.es\/wp-content\/uploads\/colegiata-de-bolea-huesca-plano-planta-retablo-mayor-001-125x91.jpg 125w, https:\/\/colegiatadebolea.es\/wp-content\/uploads\/colegiata-de-bolea-huesca-plano-planta-retablo-mayor-001-100x73.jpg 100w, https:\/\/colegiatadebolea.es\/wp-content\/uploads\/colegiata-de-bolea-huesca-plano-planta-retablo-mayor-001-75x55.jpg 75w, https:\/\/colegiatadebolea.es\/wp-content\/uploads\/colegiata-de-bolea-huesca-plano-planta-retablo-mayor-001-50x36.jpg 50w, https:\/\/colegiatadebolea.es\/wp-content\/uploads\/colegiata-de-bolea-huesca-plano-planta-retablo-mayor-001-25x18.jpg 25w, https:\/\/colegiatadebolea.es\/wp-content\/uploads\/colegiata-de-bolea-huesca-plano-planta-retablo-mayor-001-824x600.jpg 824w, https:\/\/colegiatadebolea.es\/wp-content\/uploads\/colegiata-de-bolea-huesca-plano-planta-retablo-mayor-001-755x550.jpg 755w, https:\/\/colegiatadebolea.es\/wp-content\/uploads\/colegiata-de-bolea-huesca-plano-planta-retablo-mayor-001-686x500.jpg 686w, https:\/\/colegiatadebolea.es\/wp-content\/uploads\/colegiata-de-bolea-huesca-plano-planta-retablo-mayor-001-618x450.jpg 618w, https:\/\/colegiatadebolea.es\/wp-content\/uploads\/colegiata-de-bolea-huesca-plano-planta-retablo-mayor-001-549x400.jpg 549w, https:\/\/colegiatadebolea.es\/wp-content\/uploads\/colegiata-de-bolea-huesca-plano-planta-retablo-mayor-001-412x300.jpg 412w, https:\/\/colegiatadebolea.es\/wp-content\/uploads\/colegiata-de-bolea-huesca-plano-planta-retablo-mayor-001-343x250.jpg 343w, https:\/\/colegiatadebolea.es\/wp-content\/uploads\/colegiata-de-bolea-huesca-plano-planta-retablo-mayor-001-275x200.jpg 275w, https:\/\/colegiatadebolea.es\/wp-content\/uploads\/colegiata-de-bolea-huesca-plano-planta-retablo-mayor-001-240x175.jpg 240w, https:\/\/colegiatadebolea.es\/wp-content\/uploads\/colegiata-de-bolea-huesca-plano-planta-retablo-mayor-001-206x150.jpg 206w, https:\/\/colegiatadebolea.es\/wp-content\/uploads\/colegiata-de-bolea-huesca-plano-planta-retablo-mayor-001-172x125.jpg 172w, https:\/\/colegiatadebolea.es\/wp-content\/uploads\/colegiata-de-bolea-huesca-plano-planta-retablo-mayor-001-137x100.jpg 137w, https:\/\/colegiatadebolea.es\/wp-content\/uploads\/colegiata-de-bolea-huesca-plano-planta-retablo-mayor-001-103x75.jpg 103w, https:\/\/colegiatadebolea.es\/wp-content\/uploads\/colegiata-de-bolea-huesca-plano-planta-retablo-mayor-001-69x50.jpg 69w, https:\/\/colegiatadebolea.es\/wp-content\/uploads\/colegiata-de-bolea-huesca-plano-planta-retablo-mayor-001-34x25.jpg 34w\" sizes=\"auto, (max-width: 1024px) 100vw, 1024px\" \/><\/div><\/div><\/div><\/div><div class=\"wpb_column vc_column_container us_custom_47474b22 us_animate_this\"><div class=\"vc_column-inner\"><div class=\"w-image us_custom_47474b22 us_animate_this style_shadow-1 align_center\"><div class=\"w-image-h\"><img fetchpriority=\"high\" decoding=\"async\" width=\"1024\" height=\"1420\" src=\"https:\/\/colegiatadebolea.es\/wp-content\/uploads\/colegiata-de-bolea-huesca-retablo-mayor-vista-general-id.jpg\" class=\"attachment-full size-full\" alt=\"\" loading=\"eager\" srcset=\"https:\/\/colegiatadebolea.es\/wp-content\/uploads\/colegiata-de-bolea-huesca-retablo-mayor-vista-general-id.jpg 1024w, https:\/\/colegiatadebolea.es\/wp-content\/uploads\/colegiata-de-bolea-huesca-retablo-mayor-vista-general-id-216x300.jpg 216w, https:\/\/colegiatadebolea.es\/wp-content\/uploads\/colegiata-de-bolea-huesca-retablo-mayor-vista-general-id-738x1024.jpg 738w, https:\/\/colegiatadebolea.es\/wp-content\/uploads\/colegiata-de-bolea-huesca-retablo-mayor-vista-general-id-600x832.jpg 600w, https:\/\/colegiatadebolea.es\/wp-content\/uploads\/colegiata-de-bolea-huesca-retablo-mayor-vista-general-id-550x763.jpg 550w, https:\/\/colegiatadebolea.es\/wp-content\/uploads\/colegiata-de-bolea-huesca-retablo-mayor-vista-general-id-500x693.jpg 500w, https:\/\/colegiatadebolea.es\/wp-content\/uploads\/colegiata-de-bolea-huesca-retablo-mayor-vista-general-id-450x624.jpg 450w, https:\/\/colegiatadebolea.es\/wp-content\/uploads\/colegiata-de-bolea-huesca-retablo-mayor-vista-general-id-400x555.jpg 400w, https:\/\/colegiatadebolea.es\/wp-content\/uploads\/colegiata-de-bolea-huesca-retablo-mayor-vista-general-id-350x485.jpg 350w, https:\/\/colegiatadebolea.es\/wp-content\/uploads\/colegiata-de-bolea-huesca-retablo-mayor-vista-general-id-300x416.jpg 300w, https:\/\/colegiatadebolea.es\/wp-content\/uploads\/colegiata-de-bolea-huesca-retablo-mayor-vista-general-id-250x347.jpg 250w, https:\/\/colegiatadebolea.es\/wp-content\/uploads\/colegiata-de-bolea-huesca-retablo-mayor-vista-general-id-200x277.jpg 200w, https:\/\/colegiatadebolea.es\/wp-content\/uploads\/colegiata-de-bolea-huesca-retablo-mayor-vista-general-id-175x243.jpg 175w, https:\/\/colegiatadebolea.es\/wp-content\/uploads\/colegiata-de-bolea-huesca-retablo-mayor-vista-general-id-150x208.jpg 150w, https:\/\/colegiatadebolea.es\/wp-content\/uploads\/colegiata-de-bolea-huesca-retablo-mayor-vista-general-id-125x173.jpg 125w, https:\/\/colegiatadebolea.es\/wp-content\/uploads\/colegiata-de-bolea-huesca-retablo-mayor-vista-general-id-100x139.jpg 100w, https:\/\/colegiatadebolea.es\/wp-content\/uploads\/colegiata-de-bolea-huesca-retablo-mayor-vista-general-id-75x104.jpg 75w, https:\/\/colegiatadebolea.es\/wp-content\/uploads\/colegiata-de-bolea-huesca-retablo-mayor-vista-general-id-50x69.jpg 50w, https:\/\/colegiatadebolea.es\/wp-content\/uploads\/colegiata-de-bolea-huesca-retablo-mayor-vista-general-id-25x35.jpg 25w, https:\/\/colegiatadebolea.es\/wp-content\/uploads\/colegiata-de-bolea-huesca-retablo-mayor-vista-general-id-433x600.jpg 433w, https:\/\/colegiatadebolea.es\/wp-content\/uploads\/colegiata-de-bolea-huesca-retablo-mayor-vista-general-id-397x550.jpg 397w, https:\/\/colegiatadebolea.es\/wp-content\/uploads\/colegiata-de-bolea-huesca-retablo-mayor-vista-general-id-361x500.jpg 361w, https:\/\/colegiatadebolea.es\/wp-content\/uploads\/colegiata-de-bolea-huesca-retablo-mayor-vista-general-id-325x450.jpg 325w, https:\/\/colegiatadebolea.es\/wp-content\/uploads\/colegiata-de-bolea-huesca-retablo-mayor-vista-general-id-288x400.jpg 288w, https:\/\/colegiatadebolea.es\/wp-content\/uploads\/colegiata-de-bolea-huesca-retablo-mayor-vista-general-id-180x250.jpg 180w, https:\/\/colegiatadebolea.es\/wp-content\/uploads\/colegiata-de-bolea-huesca-retablo-mayor-vista-general-id-144x200.jpg 144w, https:\/\/colegiatadebolea.es\/wp-content\/uploads\/colegiata-de-bolea-huesca-retablo-mayor-vista-general-id-126x175.jpg 126w, https:\/\/colegiatadebolea.es\/wp-content\/uploads\/colegiata-de-bolea-huesca-retablo-mayor-vista-general-id-108x150.jpg 108w, https:\/\/colegiatadebolea.es\/wp-content\/uploads\/colegiata-de-bolea-huesca-retablo-mayor-vista-general-id-90x125.jpg 90w, https:\/\/colegiatadebolea.es\/wp-content\/uploads\/colegiata-de-bolea-huesca-retablo-mayor-vista-general-id-72x100.jpg 72w, https:\/\/colegiatadebolea.es\/wp-content\/uploads\/colegiata-de-bolea-huesca-retablo-mayor-vista-general-id-54x75.jpg 54w, https:\/\/colegiatadebolea.es\/wp-content\/uploads\/colegiata-de-bolea-huesca-retablo-mayor-vista-general-id-36x50.jpg 36w, https:\/\/colegiatadebolea.es\/wp-content\/uploads\/colegiata-de-bolea-huesca-retablo-mayor-vista-general-id-18x25.jpg 18w\" sizes=\"(max-width: 1024px) 100vw, 1024px\" \/><\/div><\/div><\/div><\/div><\/div><div class=\"w-separator size_large\"><\/div><div class=\"wpb_text_column us_custom_a574d586 has_text_color\"><div class=\"wpb_wrapper\"><h3>Galerie d&rsquo;images<\/h3>\n<\/div><\/div><div class=\"w-separator size_small\"><\/div><div class=\"w-grid type_masonry layout_9234 cols_3 pagination_infinite with_isotope with_css_animation\" id=\"us_grid_1\" style=\"--columns:3;--gap:5px;\" data-filterable=\"true\"><style>@media (max-width:1024px){#us_grid_1{--columns:2!important}}@media (max-width:600px){#us_grid_1{--columns:1!important}}.layout_9234 .w-grid-item-h{}<\/style><div class=\"w-grid-list\">\t<article class=\"w-grid-item us_animate_afr off_autostart size_1x1 post-10545 attachment type-attachment status-inherit hentry\" data-id=\"10545\" style=\"animation-delay:0s\">\r\n\t\t<div class=\"w-grid-item-h\">\r\n\t\t\t\t\t\t\t<a ref=\"magnificPopupGrid\" href=\"https:\/\/colegiatadebolea.es\/wp-content\/uploads\/colegiata-de-bolea-huesca-retablo-mayor-imagen-de-la-virgen-001.jpg\" class=\"w-grid-item-anchor\" aria-label=\"colegiata-de-bolea-huesca-retablo-mayor-imagen-de-la-virgen-001\"><\/a>\r\n\t\t\t\t\t\t<div class=\"w-post-elm post_image usg_post_image_1\"><img loading=\"lazy\" decoding=\"async\" width=\"1071\" height=\"1600\" src=\"https:\/\/colegiatadebolea.es\/wp-content\/uploads\/colegiata-de-bolea-huesca-retablo-mayor-imagen-de-la-virgen-001.jpg\" class=\"attachment-full size-full\" alt=\"\" srcset=\"https:\/\/colegiatadebolea.es\/wp-content\/uploads\/colegiata-de-bolea-huesca-retablo-mayor-imagen-de-la-virgen-001.jpg 1071w, https:\/\/colegiatadebolea.es\/wp-content\/uploads\/colegiata-de-bolea-huesca-retablo-mayor-imagen-de-la-virgen-001-201x300.jpg 201w, https:\/\/colegiatadebolea.es\/wp-content\/uploads\/colegiata-de-bolea-huesca-retablo-mayor-imagen-de-la-virgen-001-685x1024.jpg 685w, https:\/\/colegiatadebolea.es\/wp-content\/uploads\/colegiata-de-bolea-huesca-retablo-mayor-imagen-de-la-virgen-001-1028x1536.jpg 1028w, https:\/\/colegiatadebolea.es\/wp-content\/uploads\/colegiata-de-bolea-huesca-retablo-mayor-imagen-de-la-virgen-001-600x896.jpg 600w, https:\/\/colegiatadebolea.es\/wp-content\/uploads\/colegiata-de-bolea-huesca-retablo-mayor-imagen-de-la-virgen-001-550x822.jpg 550w, https:\/\/colegiatadebolea.es\/wp-content\/uploads\/colegiata-de-bolea-huesca-retablo-mayor-imagen-de-la-virgen-001-500x747.jpg 500w, https:\/\/colegiatadebolea.es\/wp-content\/uploads\/colegiata-de-bolea-huesca-retablo-mayor-imagen-de-la-virgen-001-450x672.jpg 450w, https:\/\/colegiatadebolea.es\/wp-content\/uploads\/colegiata-de-bolea-huesca-retablo-mayor-imagen-de-la-virgen-001-400x598.jpg 400w, https:\/\/colegiatadebolea.es\/wp-content\/uploads\/colegiata-de-bolea-huesca-retablo-mayor-imagen-de-la-virgen-001-350x523.jpg 350w, https:\/\/colegiatadebolea.es\/wp-content\/uploads\/colegiata-de-bolea-huesca-retablo-mayor-imagen-de-la-virgen-001-300x448.jpg 300w, https:\/\/colegiatadebolea.es\/wp-content\/uploads\/colegiata-de-bolea-huesca-retablo-mayor-imagen-de-la-virgen-001-250x373.jpg 250w, https:\/\/colegiatadebolea.es\/wp-content\/uploads\/colegiata-de-bolea-huesca-retablo-mayor-imagen-de-la-virgen-001-200x299.jpg 200w, https:\/\/colegiatadebolea.es\/wp-content\/uploads\/colegiata-de-bolea-huesca-retablo-mayor-imagen-de-la-virgen-001-175x261.jpg 175w, https:\/\/colegiatadebolea.es\/wp-content\/uploads\/colegiata-de-bolea-huesca-retablo-mayor-imagen-de-la-virgen-001-150x224.jpg 150w, https:\/\/colegiatadebolea.es\/wp-content\/uploads\/colegiata-de-bolea-huesca-retablo-mayor-imagen-de-la-virgen-001-125x187.jpg 125w, https:\/\/colegiatadebolea.es\/wp-content\/uploads\/colegiata-de-bolea-huesca-retablo-mayor-imagen-de-la-virgen-001-100x150.jpg 100w, https:\/\/colegiatadebolea.es\/wp-content\/uploads\/colegiata-de-bolea-huesca-retablo-mayor-imagen-de-la-virgen-001-75x112.jpg 75w, https:\/\/colegiatadebolea.es\/wp-content\/uploads\/colegiata-de-bolea-huesca-retablo-mayor-imagen-de-la-virgen-001-50x75.jpg 50w, https:\/\/colegiatadebolea.es\/wp-content\/uploads\/colegiata-de-bolea-huesca-retablo-mayor-imagen-de-la-virgen-001-25x37.jpg 25w, https:\/\/colegiatadebolea.es\/wp-content\/uploads\/colegiata-de-bolea-huesca-retablo-mayor-imagen-de-la-virgen-001-402x600.jpg 402w, https:\/\/colegiatadebolea.es\/wp-content\/uploads\/colegiata-de-bolea-huesca-retablo-mayor-imagen-de-la-virgen-001-368x550.jpg 368w, https:\/\/colegiatadebolea.es\/wp-content\/uploads\/colegiata-de-bolea-huesca-retablo-mayor-imagen-de-la-virgen-001-335x500.jpg 335w, https:\/\/colegiatadebolea.es\/wp-content\/uploads\/colegiata-de-bolea-huesca-retablo-mayor-imagen-de-la-virgen-001-301x450.jpg 301w, https:\/\/colegiatadebolea.es\/wp-content\/uploads\/colegiata-de-bolea-huesca-retablo-mayor-imagen-de-la-virgen-001-268x400.jpg 268w, https:\/\/colegiatadebolea.es\/wp-content\/uploads\/colegiata-de-bolea-huesca-retablo-mayor-imagen-de-la-virgen-001-167x250.jpg 167w, https:\/\/colegiatadebolea.es\/wp-content\/uploads\/colegiata-de-bolea-huesca-retablo-mayor-imagen-de-la-virgen-001-134x200.jpg 134w, https:\/\/colegiatadebolea.es\/wp-content\/uploads\/colegiata-de-bolea-huesca-retablo-mayor-imagen-de-la-virgen-001-117x175.jpg 117w, https:\/\/colegiatadebolea.es\/wp-content\/uploads\/colegiata-de-bolea-huesca-retablo-mayor-imagen-de-la-virgen-001-84x125.jpg 84w, https:\/\/colegiatadebolea.es\/wp-content\/uploads\/colegiata-de-bolea-huesca-retablo-mayor-imagen-de-la-virgen-001-67x100.jpg 67w, https:\/\/colegiatadebolea.es\/wp-content\/uploads\/colegiata-de-bolea-huesca-retablo-mayor-imagen-de-la-virgen-001-33x50.jpg 33w, https:\/\/colegiatadebolea.es\/wp-content\/uploads\/colegiata-de-bolea-huesca-retablo-mayor-imagen-de-la-virgen-001-17x25.jpg 17w\" sizes=\"auto, (max-width: 1071px) 100vw, 1071px\" \/><\/div>\t\t<\/div>\r\n\t\t\t<\/article>\r\n\t<article class=\"w-grid-item us_animate_afr off_autostart size_1x1 post-10579 attachment type-attachment status-inherit hentry\" data-id=\"10579\" style=\"animation-delay:0.1s\">\r\n\t\t<div class=\"w-grid-item-h\">\r\n\t\t\t\t\t\t\t<a ref=\"magnificPopupGrid\" href=\"https:\/\/colegiatadebolea.es\/wp-content\/uploads\/colegiata-de-bolea-huesca-retablo-mayor-vista-general-galeria.jpg\" class=\"w-grid-item-anchor\" aria-label=\"colegiata-de-bolea-huesca-retablo-mayor-vista-general-galeria\"><\/a>\r\n\t\t\t\t\t\t<div class=\"w-post-elm post_image usg_post_image_1\"><img loading=\"lazy\" decoding=\"async\" width=\"1145\" height=\"1600\" src=\"https:\/\/colegiatadebolea.es\/wp-content\/uploads\/colegiata-de-bolea-huesca-retablo-mayor-vista-general-galeria.jpg\" class=\"attachment-full size-full\" alt=\"\" srcset=\"https:\/\/colegiatadebolea.es\/wp-content\/uploads\/colegiata-de-bolea-huesca-retablo-mayor-vista-general-galeria.jpg 1145w, https:\/\/colegiatadebolea.es\/wp-content\/uploads\/colegiata-de-bolea-huesca-retablo-mayor-vista-general-galeria-215x300.jpg 215w, https:\/\/colegiatadebolea.es\/wp-content\/uploads\/colegiata-de-bolea-huesca-retablo-mayor-vista-general-galeria-733x1024.jpg 733w, https:\/\/colegiatadebolea.es\/wp-content\/uploads\/colegiata-de-bolea-huesca-retablo-mayor-vista-general-galeria-1099x1536.jpg 1099w, https:\/\/colegiatadebolea.es\/wp-content\/uploads\/colegiata-de-bolea-huesca-retablo-mayor-vista-general-galeria-600x838.jpg 600w, https:\/\/colegiatadebolea.es\/wp-content\/uploads\/colegiata-de-bolea-huesca-retablo-mayor-vista-general-galeria-550x769.jpg 550w, https:\/\/colegiatadebolea.es\/wp-content\/uploads\/colegiata-de-bolea-huesca-retablo-mayor-vista-general-galeria-500x699.jpg 500w, https:\/\/colegiatadebolea.es\/wp-content\/uploads\/colegiata-de-bolea-huesca-retablo-mayor-vista-general-galeria-450x629.jpg 450w, https:\/\/colegiatadebolea.es\/wp-content\/uploads\/colegiata-de-bolea-huesca-retablo-mayor-vista-general-galeria-400x559.jpg 400w, https:\/\/colegiatadebolea.es\/wp-content\/uploads\/colegiata-de-bolea-huesca-retablo-mayor-vista-general-galeria-350x489.jpg 350w, https:\/\/colegiatadebolea.es\/wp-content\/uploads\/colegiata-de-bolea-huesca-retablo-mayor-vista-general-galeria-300x419.jpg 300w, https:\/\/colegiatadebolea.es\/wp-content\/uploads\/colegiata-de-bolea-huesca-retablo-mayor-vista-general-galeria-250x349.jpg 250w, https:\/\/colegiatadebolea.es\/wp-content\/uploads\/colegiata-de-bolea-huesca-retablo-mayor-vista-general-galeria-200x279.jpg 200w, https:\/\/colegiatadebolea.es\/wp-content\/uploads\/colegiata-de-bolea-huesca-retablo-mayor-vista-general-galeria-175x245.jpg 175w, https:\/\/colegiatadebolea.es\/wp-content\/uploads\/colegiata-de-bolea-huesca-retablo-mayor-vista-general-galeria-150x210.jpg 150w, https:\/\/colegiatadebolea.es\/wp-content\/uploads\/colegiata-de-bolea-huesca-retablo-mayor-vista-general-galeria-125x175.jpg 125w, https:\/\/colegiatadebolea.es\/wp-content\/uploads\/colegiata-de-bolea-huesca-retablo-mayor-vista-general-galeria-100x140.jpg 100w, https:\/\/colegiatadebolea.es\/wp-content\/uploads\/colegiata-de-bolea-huesca-retablo-mayor-vista-general-galeria-75x105.jpg 75w, https:\/\/colegiatadebolea.es\/wp-content\/uploads\/colegiata-de-bolea-huesca-retablo-mayor-vista-general-galeria-50x70.jpg 50w, https:\/\/colegiatadebolea.es\/wp-content\/uploads\/colegiata-de-bolea-huesca-retablo-mayor-vista-general-galeria-25x35.jpg 25w, https:\/\/colegiatadebolea.es\/wp-content\/uploads\/colegiata-de-bolea-huesca-retablo-mayor-vista-general-galeria-429x600.jpg 429w, https:\/\/colegiatadebolea.es\/wp-content\/uploads\/colegiata-de-bolea-huesca-retablo-mayor-vista-general-galeria-394x550.jpg 394w, https:\/\/colegiatadebolea.es\/wp-content\/uploads\/colegiata-de-bolea-huesca-retablo-mayor-vista-general-galeria-358x500.jpg 358w, https:\/\/colegiatadebolea.es\/wp-content\/uploads\/colegiata-de-bolea-huesca-retablo-mayor-vista-general-galeria-322x450.jpg 322w, https:\/\/colegiatadebolea.es\/wp-content\/uploads\/colegiata-de-bolea-huesca-retablo-mayor-vista-general-galeria-286x400.jpg 286w, https:\/\/colegiatadebolea.es\/wp-content\/uploads\/colegiata-de-bolea-huesca-retablo-mayor-vista-general-galeria-179x250.jpg 179w, https:\/\/colegiatadebolea.es\/wp-content\/uploads\/colegiata-de-bolea-huesca-retablo-mayor-vista-general-galeria-143x200.jpg 143w, https:\/\/colegiatadebolea.es\/wp-content\/uploads\/colegiata-de-bolea-huesca-retablo-mayor-vista-general-galeria-107x150.jpg 107w, https:\/\/colegiatadebolea.es\/wp-content\/uploads\/colegiata-de-bolea-huesca-retablo-mayor-vista-general-galeria-89x125.jpg 89w, https:\/\/colegiatadebolea.es\/wp-content\/uploads\/colegiata-de-bolea-huesca-retablo-mayor-vista-general-galeria-72x100.jpg 72w, https:\/\/colegiatadebolea.es\/wp-content\/uploads\/colegiata-de-bolea-huesca-retablo-mayor-vista-general-galeria-54x75.jpg 54w, https:\/\/colegiatadebolea.es\/wp-content\/uploads\/colegiata-de-bolea-huesca-retablo-mayor-vista-general-galeria-36x50.jpg 36w, https:\/\/colegiatadebolea.es\/wp-content\/uploads\/colegiata-de-bolea-huesca-retablo-mayor-vista-general-galeria-18x25.jpg 18w\" sizes=\"auto, (max-width: 1145px) 100vw, 1145px\" \/><\/div>\t\t<\/div>\r\n\t\t\t<\/article>\r\n\t<article class=\"w-grid-item us_animate_afr off_autostart size_1x1 post-10561 attachment type-attachment status-inherit hentry\" data-id=\"10561\" style=\"animation-delay:0.2s\">\r\n\t\t<div class=\"w-grid-item-h\">\r\n\t\t\t\t\t\t\t<a ref=\"magnificPopupGrid\" href=\"https:\/\/colegiatadebolea.es\/wp-content\/uploads\/colegiata-de-bolea-huesca-retablo-mayor-parte-central.jpg\" class=\"w-grid-item-anchor\" aria-label=\"colegiata-de-bolea-huesca-retablo-mayor-parte-central\"><\/a>\r\n\t\t\t\t\t\t<div class=\"w-post-elm post_image usg_post_image_1\"><img loading=\"lazy\" decoding=\"async\" width=\"1030\" height=\"1600\" src=\"https:\/\/colegiatadebolea.es\/wp-content\/uploads\/colegiata-de-bolea-huesca-retablo-mayor-parte-central.jpg\" class=\"attachment-full size-full\" alt=\"\" srcset=\"https:\/\/colegiatadebolea.es\/wp-content\/uploads\/colegiata-de-bolea-huesca-retablo-mayor-parte-central.jpg 1030w, https:\/\/colegiatadebolea.es\/wp-content\/uploads\/colegiata-de-bolea-huesca-retablo-mayor-parte-central-193x300.jpg 193w, https:\/\/colegiatadebolea.es\/wp-content\/uploads\/colegiata-de-bolea-huesca-retablo-mayor-parte-central-659x1024.jpg 659w, https:\/\/colegiatadebolea.es\/wp-content\/uploads\/colegiata-de-bolea-huesca-retablo-mayor-parte-central-989x1536.jpg 989w, https:\/\/colegiatadebolea.es\/wp-content\/uploads\/colegiata-de-bolea-huesca-retablo-mayor-parte-central-600x932.jpg 600w, https:\/\/colegiatadebolea.es\/wp-content\/uploads\/colegiata-de-bolea-huesca-retablo-mayor-parte-central-550x854.jpg 550w, https:\/\/colegiatadebolea.es\/wp-content\/uploads\/colegiata-de-bolea-huesca-retablo-mayor-parte-central-500x777.jpg 500w, https:\/\/colegiatadebolea.es\/wp-content\/uploads\/colegiata-de-bolea-huesca-retablo-mayor-parte-central-450x699.jpg 450w, https:\/\/colegiatadebolea.es\/wp-content\/uploads\/colegiata-de-bolea-huesca-retablo-mayor-parte-central-400x621.jpg 400w, https:\/\/colegiatadebolea.es\/wp-content\/uploads\/colegiata-de-bolea-huesca-retablo-mayor-parte-central-350x544.jpg 350w, https:\/\/colegiatadebolea.es\/wp-content\/uploads\/colegiata-de-bolea-huesca-retablo-mayor-parte-central-300x466.jpg 300w, https:\/\/colegiatadebolea.es\/wp-content\/uploads\/colegiata-de-bolea-huesca-retablo-mayor-parte-central-250x388.jpg 250w, https:\/\/colegiatadebolea.es\/wp-content\/uploads\/colegiata-de-bolea-huesca-retablo-mayor-parte-central-200x311.jpg 200w, https:\/\/colegiatadebolea.es\/wp-content\/uploads\/colegiata-de-bolea-huesca-retablo-mayor-parte-central-175x272.jpg 175w, https:\/\/colegiatadebolea.es\/wp-content\/uploads\/colegiata-de-bolea-huesca-retablo-mayor-parte-central-150x233.jpg 150w, https:\/\/colegiatadebolea.es\/wp-content\/uploads\/colegiata-de-bolea-huesca-retablo-mayor-parte-central-125x194.jpg 125w, https:\/\/colegiatadebolea.es\/wp-content\/uploads\/colegiata-de-bolea-huesca-retablo-mayor-parte-central-100x155.jpg 100w, https:\/\/colegiatadebolea.es\/wp-content\/uploads\/colegiata-de-bolea-huesca-retablo-mayor-parte-central-75x117.jpg 75w, https:\/\/colegiatadebolea.es\/wp-content\/uploads\/colegiata-de-bolea-huesca-retablo-mayor-parte-central-50x78.jpg 50w, https:\/\/colegiatadebolea.es\/wp-content\/uploads\/colegiata-de-bolea-huesca-retablo-mayor-parte-central-25x39.jpg 25w, https:\/\/colegiatadebolea.es\/wp-content\/uploads\/colegiata-de-bolea-huesca-retablo-mayor-parte-central-386x600.jpg 386w, https:\/\/colegiatadebolea.es\/wp-content\/uploads\/colegiata-de-bolea-huesca-retablo-mayor-parte-central-354x550.jpg 354w, https:\/\/colegiatadebolea.es\/wp-content\/uploads\/colegiata-de-bolea-huesca-retablo-mayor-parte-central-322x500.jpg 322w, https:\/\/colegiatadebolea.es\/wp-content\/uploads\/colegiata-de-bolea-huesca-retablo-mayor-parte-central-290x450.jpg 290w, https:\/\/colegiatadebolea.es\/wp-content\/uploads\/colegiata-de-bolea-huesca-retablo-mayor-parte-central-258x400.jpg 258w, https:\/\/colegiatadebolea.es\/wp-content\/uploads\/colegiata-de-bolea-huesca-retablo-mayor-parte-central-161x250.jpg 161w, https:\/\/colegiatadebolea.es\/wp-content\/uploads\/colegiata-de-bolea-huesca-retablo-mayor-parte-central-129x200.jpg 129w, https:\/\/colegiatadebolea.es\/wp-content\/uploads\/colegiata-de-bolea-huesca-retablo-mayor-parte-central-113x175.jpg 113w, https:\/\/colegiatadebolea.es\/wp-content\/uploads\/colegiata-de-bolea-huesca-retablo-mayor-parte-central-97x150.jpg 97w, https:\/\/colegiatadebolea.es\/wp-content\/uploads\/colegiata-de-bolea-huesca-retablo-mayor-parte-central-80x125.jpg 80w, https:\/\/colegiatadebolea.es\/wp-content\/uploads\/colegiata-de-bolea-huesca-retablo-mayor-parte-central-64x100.jpg 64w, https:\/\/colegiatadebolea.es\/wp-content\/uploads\/colegiata-de-bolea-huesca-retablo-mayor-parte-central-48x75.jpg 48w, https:\/\/colegiatadebolea.es\/wp-content\/uploads\/colegiata-de-bolea-huesca-retablo-mayor-parte-central-32x50.jpg 32w, https:\/\/colegiatadebolea.es\/wp-content\/uploads\/colegiata-de-bolea-huesca-retablo-mayor-parte-central-16x25.jpg 16w\" sizes=\"auto, (max-width: 1030px) 100vw, 1030px\" \/><\/div>\t\t<\/div>\r\n\t\t\t<\/article>\r\n\t<article class=\"w-grid-item us_animate_afr off_autostart size_1x1 post-10573 attachment type-attachment status-inherit hentry\" data-id=\"10573\" style=\"animation-delay:0.3s\">\r\n\t\t<div class=\"w-grid-item-h\">\r\n\t\t\t\t\t\t\t<a ref=\"magnificPopupGrid\" href=\"https:\/\/colegiatadebolea.es\/wp-content\/uploads\/colegiata-de-bolea-huesca-retablo-mayor-tabernaculo-expositor-001.jpg\" class=\"w-grid-item-anchor\" aria-label=\"colegiata-de-bolea-huesca-retablo-mayor-tabernaculo-expositor-001\"><\/a>\r\n\t\t\t\t\t\t<div class=\"w-post-elm post_image usg_post_image_1\"><img loading=\"lazy\" decoding=\"async\" width=\"1600\" height=\"1063\" src=\"https:\/\/colegiatadebolea.es\/wp-content\/uploads\/colegiata-de-bolea-huesca-retablo-mayor-tabernaculo-expositor-001.jpg\" class=\"attachment-full size-full\" alt=\"\" srcset=\"https:\/\/colegiatadebolea.es\/wp-content\/uploads\/colegiata-de-bolea-huesca-retablo-mayor-tabernaculo-expositor-001.jpg 1600w, https:\/\/colegiatadebolea.es\/wp-content\/uploads\/colegiata-de-bolea-huesca-retablo-mayor-tabernaculo-expositor-001-300x199.jpg 300w, https:\/\/colegiatadebolea.es\/wp-content\/uploads\/colegiata-de-bolea-huesca-retablo-mayor-tabernaculo-expositor-001-1024x680.jpg 1024w, https:\/\/colegiatadebolea.es\/wp-content\/uploads\/colegiata-de-bolea-huesca-retablo-mayor-tabernaculo-expositor-001-1536x1020.jpg 1536w, https:\/\/colegiatadebolea.es\/wp-content\/uploads\/colegiata-de-bolea-huesca-retablo-mayor-tabernaculo-expositor-001-600x399.jpg 600w, https:\/\/colegiatadebolea.es\/wp-content\/uploads\/colegiata-de-bolea-huesca-retablo-mayor-tabernaculo-expositor-001-550x365.jpg 550w, https:\/\/colegiatadebolea.es\/wp-content\/uploads\/colegiata-de-bolea-huesca-retablo-mayor-tabernaculo-expositor-001-500x332.jpg 500w, https:\/\/colegiatadebolea.es\/wp-content\/uploads\/colegiata-de-bolea-huesca-retablo-mayor-tabernaculo-expositor-001-450x299.jpg 450w, https:\/\/colegiatadebolea.es\/wp-content\/uploads\/colegiata-de-bolea-huesca-retablo-mayor-tabernaculo-expositor-001-400x266.jpg 400w, https:\/\/colegiatadebolea.es\/wp-content\/uploads\/colegiata-de-bolea-huesca-retablo-mayor-tabernaculo-expositor-001-350x233.jpg 350w, https:\/\/colegiatadebolea.es\/wp-content\/uploads\/colegiata-de-bolea-huesca-retablo-mayor-tabernaculo-expositor-001-250x166.jpg 250w, https:\/\/colegiatadebolea.es\/wp-content\/uploads\/colegiata-de-bolea-huesca-retablo-mayor-tabernaculo-expositor-001-200x133.jpg 200w, https:\/\/colegiatadebolea.es\/wp-content\/uploads\/colegiata-de-bolea-huesca-retablo-mayor-tabernaculo-expositor-001-175x116.jpg 175w, https:\/\/colegiatadebolea.es\/wp-content\/uploads\/colegiata-de-bolea-huesca-retablo-mayor-tabernaculo-expositor-001-150x100.jpg 150w, https:\/\/colegiatadebolea.es\/wp-content\/uploads\/colegiata-de-bolea-huesca-retablo-mayor-tabernaculo-expositor-001-125x83.jpg 125w, https:\/\/colegiatadebolea.es\/wp-content\/uploads\/colegiata-de-bolea-huesca-retablo-mayor-tabernaculo-expositor-001-100x66.jpg 100w, https:\/\/colegiatadebolea.es\/wp-content\/uploads\/colegiata-de-bolea-huesca-retablo-mayor-tabernaculo-expositor-001-75x50.jpg 75w, https:\/\/colegiatadebolea.es\/wp-content\/uploads\/colegiata-de-bolea-huesca-retablo-mayor-tabernaculo-expositor-001-50x33.jpg 50w, https:\/\/colegiatadebolea.es\/wp-content\/uploads\/colegiata-de-bolea-huesca-retablo-mayor-tabernaculo-expositor-001-25x17.jpg 25w, https:\/\/colegiatadebolea.es\/wp-content\/uploads\/colegiata-de-bolea-huesca-retablo-mayor-tabernaculo-expositor-001-903x600.jpg 903w, https:\/\/colegiatadebolea.es\/wp-content\/uploads\/colegiata-de-bolea-huesca-retablo-mayor-tabernaculo-expositor-001-828x550.jpg 828w, https:\/\/colegiatadebolea.es\/wp-content\/uploads\/colegiata-de-bolea-huesca-retablo-mayor-tabernaculo-expositor-001-753x500.jpg 753w, https:\/\/colegiatadebolea.es\/wp-content\/uploads\/colegiata-de-bolea-huesca-retablo-mayor-tabernaculo-expositor-001-677x450.jpg 677w, https:\/\/colegiatadebolea.es\/wp-content\/uploads\/colegiata-de-bolea-huesca-retablo-mayor-tabernaculo-expositor-001-602x400.jpg 602w, https:\/\/colegiatadebolea.es\/wp-content\/uploads\/colegiata-de-bolea-huesca-retablo-mayor-tabernaculo-expositor-001-452x300.jpg 452w, https:\/\/colegiatadebolea.es\/wp-content\/uploads\/colegiata-de-bolea-huesca-retablo-mayor-tabernaculo-expositor-001-376x250.jpg 376w, https:\/\/colegiatadebolea.es\/wp-content\/uploads\/colegiata-de-bolea-huesca-retablo-mayor-tabernaculo-expositor-001-301x200.jpg 301w, https:\/\/colegiatadebolea.es\/wp-content\/uploads\/colegiata-de-bolea-huesca-retablo-mayor-tabernaculo-expositor-001-263x175.jpg 263w, https:\/\/colegiatadebolea.es\/wp-content\/uploads\/colegiata-de-bolea-huesca-retablo-mayor-tabernaculo-expositor-001-226x150.jpg 226w, https:\/\/colegiatadebolea.es\/wp-content\/uploads\/colegiata-de-bolea-huesca-retablo-mayor-tabernaculo-expositor-001-188x125.jpg 188w, https:\/\/colegiatadebolea.es\/wp-content\/uploads\/colegiata-de-bolea-huesca-retablo-mayor-tabernaculo-expositor-001-151x100.jpg 151w, https:\/\/colegiatadebolea.es\/wp-content\/uploads\/colegiata-de-bolea-huesca-retablo-mayor-tabernaculo-expositor-001-113x75.jpg 113w, https:\/\/colegiatadebolea.es\/wp-content\/uploads\/colegiata-de-bolea-huesca-retablo-mayor-tabernaculo-expositor-001-38x25.jpg 38w\" sizes=\"auto, (max-width: 1600px) 100vw, 1600px\" \/><\/div>\t\t<\/div>\r\n\t\t\t<\/article>\r\n\t<article class=\"w-grid-item us_animate_afr off_autostart size_1x1 post-10537 attachment type-attachment status-inherit hentry\" data-id=\"10537\" style=\"animation-delay:0.4s\">\r\n\t\t<div class=\"w-grid-item-h\">\r\n\t\t\t\t\t\t\t<a ref=\"magnificPopupGrid\" href=\"https:\/\/colegiatadebolea.es\/wp-content\/uploads\/colegiata-de-bolea-huesca-retablo-mayor-anunciacion.jpg\" class=\"w-grid-item-anchor\" aria-label=\"colegiata-de-bolea-huesca-retablo-mayor-anunciacion\"><\/a>\r\n\t\t\t\t\t\t<div class=\"w-post-elm post_image usg_post_image_1\"><img loading=\"lazy\" decoding=\"async\" width=\"1600\" height=\"1360\" src=\"https:\/\/colegiatadebolea.es\/wp-content\/uploads\/colegiata-de-bolea-huesca-retablo-mayor-anunciacion.jpg\" class=\"attachment-full size-full\" alt=\"\" srcset=\"https:\/\/colegiatadebolea.es\/wp-content\/uploads\/colegiata-de-bolea-huesca-retablo-mayor-anunciacion.jpg 1600w, https:\/\/colegiatadebolea.es\/wp-content\/uploads\/colegiata-de-bolea-huesca-retablo-mayor-anunciacion-300x255.jpg 300w, https:\/\/colegiatadebolea.es\/wp-content\/uploads\/colegiata-de-bolea-huesca-retablo-mayor-anunciacion-1024x870.jpg 1024w, https:\/\/colegiatadebolea.es\/wp-content\/uploads\/colegiata-de-bolea-huesca-retablo-mayor-anunciacion-1536x1306.jpg 1536w, https:\/\/colegiatadebolea.es\/wp-content\/uploads\/colegiata-de-bolea-huesca-retablo-mayor-anunciacion-600x510.jpg 600w, https:\/\/colegiatadebolea.es\/wp-content\/uploads\/colegiata-de-bolea-huesca-retablo-mayor-anunciacion-550x468.jpg 550w, https:\/\/colegiatadebolea.es\/wp-content\/uploads\/colegiata-de-bolea-huesca-retablo-mayor-anunciacion-500x425.jpg 500w, https:\/\/colegiatadebolea.es\/wp-content\/uploads\/colegiata-de-bolea-huesca-retablo-mayor-anunciacion-450x383.jpg 450w, https:\/\/colegiatadebolea.es\/wp-content\/uploads\/colegiata-de-bolea-huesca-retablo-mayor-anunciacion-400x340.jpg 400w, https:\/\/colegiatadebolea.es\/wp-content\/uploads\/colegiata-de-bolea-huesca-retablo-mayor-anunciacion-350x298.jpg 350w, https:\/\/colegiatadebolea.es\/wp-content\/uploads\/colegiata-de-bolea-huesca-retablo-mayor-anunciacion-250x213.jpg 250w, https:\/\/colegiatadebolea.es\/wp-content\/uploads\/colegiata-de-bolea-huesca-retablo-mayor-anunciacion-200x170.jpg 200w, https:\/\/colegiatadebolea.es\/wp-content\/uploads\/colegiata-de-bolea-huesca-retablo-mayor-anunciacion-175x149.jpg 175w, https:\/\/colegiatadebolea.es\/wp-content\/uploads\/colegiata-de-bolea-huesca-retablo-mayor-anunciacion-150x128.jpg 150w, https:\/\/colegiatadebolea.es\/wp-content\/uploads\/colegiata-de-bolea-huesca-retablo-mayor-anunciacion-125x106.jpg 125w, https:\/\/colegiatadebolea.es\/wp-content\/uploads\/colegiata-de-bolea-huesca-retablo-mayor-anunciacion-100x85.jpg 100w, https:\/\/colegiatadebolea.es\/wp-content\/uploads\/colegiata-de-bolea-huesca-retablo-mayor-anunciacion-75x64.jpg 75w, https:\/\/colegiatadebolea.es\/wp-content\/uploads\/colegiata-de-bolea-huesca-retablo-mayor-anunciacion-50x43.jpg 50w, https:\/\/colegiatadebolea.es\/wp-content\/uploads\/colegiata-de-bolea-huesca-retablo-mayor-anunciacion-25x21.jpg 25w, https:\/\/colegiatadebolea.es\/wp-content\/uploads\/colegiata-de-bolea-huesca-retablo-mayor-anunciacion-706x600.jpg 706w, https:\/\/colegiatadebolea.es\/wp-content\/uploads\/colegiata-de-bolea-huesca-retablo-mayor-anunciacion-647x550.jpg 647w, https:\/\/colegiatadebolea.es\/wp-content\/uploads\/colegiata-de-bolea-huesca-retablo-mayor-anunciacion-588x500.jpg 588w, https:\/\/colegiatadebolea.es\/wp-content\/uploads\/colegiata-de-bolea-huesca-retablo-mayor-anunciacion-529x450.jpg 529w, https:\/\/colegiatadebolea.es\/wp-content\/uploads\/colegiata-de-bolea-huesca-retablo-mayor-anunciacion-471x400.jpg 471w, https:\/\/colegiatadebolea.es\/wp-content\/uploads\/colegiata-de-bolea-huesca-retablo-mayor-anunciacion-353x300.jpg 353w, https:\/\/colegiatadebolea.es\/wp-content\/uploads\/colegiata-de-bolea-huesca-retablo-mayor-anunciacion-294x250.jpg 294w, https:\/\/colegiatadebolea.es\/wp-content\/uploads\/colegiata-de-bolea-huesca-retablo-mayor-anunciacion-235x200.jpg 235w, https:\/\/colegiatadebolea.es\/wp-content\/uploads\/colegiata-de-bolea-huesca-retablo-mayor-anunciacion-206x175.jpg 206w, https:\/\/colegiatadebolea.es\/wp-content\/uploads\/colegiata-de-bolea-huesca-retablo-mayor-anunciacion-176x150.jpg 176w, https:\/\/colegiatadebolea.es\/wp-content\/uploads\/colegiata-de-bolea-huesca-retablo-mayor-anunciacion-147x125.jpg 147w, https:\/\/colegiatadebolea.es\/wp-content\/uploads\/colegiata-de-bolea-huesca-retablo-mayor-anunciacion-118x100.jpg 118w, https:\/\/colegiatadebolea.es\/wp-content\/uploads\/colegiata-de-bolea-huesca-retablo-mayor-anunciacion-88x75.jpg 88w, https:\/\/colegiatadebolea.es\/wp-content\/uploads\/colegiata-de-bolea-huesca-retablo-mayor-anunciacion-59x50.jpg 59w, https:\/\/colegiatadebolea.es\/wp-content\/uploads\/colegiata-de-bolea-huesca-retablo-mayor-anunciacion-29x25.jpg 29w\" sizes=\"auto, (max-width: 1600px) 100vw, 1600px\" \/><\/div>\t\t<\/div>\r\n\t\t\t<\/article>\r\n\t<article class=\"w-grid-item us_animate_afr off_autostart size_1x1 post-10539 attachment type-attachment status-inherit hentry\" data-id=\"10539\" style=\"animation-delay:0.5s\">\r\n\t\t<div class=\"w-grid-item-h\">\r\n\t\t\t\t\t\t\t<a ref=\"magnificPopupGrid\" href=\"https:\/\/colegiatadebolea.es\/wp-content\/uploads\/colegiata-de-bolea-huesca-retablo-mayor-ecce-homo.jpg\" class=\"w-grid-item-anchor\" aria-label=\"colegiata-de-bolea-huesca-retablo-mayor-ecce-homo\"><\/a>\r\n\t\t\t\t\t\t<div class=\"w-post-elm post_image usg_post_image_1\"><img loading=\"lazy\" decoding=\"async\" width=\"1415\" height=\"1600\" src=\"https:\/\/colegiatadebolea.es\/wp-content\/uploads\/colegiata-de-bolea-huesca-retablo-mayor-ecce-homo.jpg\" class=\"attachment-full size-full\" alt=\"\" srcset=\"https:\/\/colegiatadebolea.es\/wp-content\/uploads\/colegiata-de-bolea-huesca-retablo-mayor-ecce-homo.jpg 1415w, https:\/\/colegiatadebolea.es\/wp-content\/uploads\/colegiata-de-bolea-huesca-retablo-mayor-ecce-homo-265x300.jpg 265w, https:\/\/colegiatadebolea.es\/wp-content\/uploads\/colegiata-de-bolea-huesca-retablo-mayor-ecce-homo-906x1024.jpg 906w, https:\/\/colegiatadebolea.es\/wp-content\/uploads\/colegiata-de-bolea-huesca-retablo-mayor-ecce-homo-1358x1536.jpg 1358w, https:\/\/colegiatadebolea.es\/wp-content\/uploads\/colegiata-de-bolea-huesca-retablo-mayor-ecce-homo-600x678.jpg 600w, https:\/\/colegiatadebolea.es\/wp-content\/uploads\/colegiata-de-bolea-huesca-retablo-mayor-ecce-homo-550x622.jpg 550w, https:\/\/colegiatadebolea.es\/wp-content\/uploads\/colegiata-de-bolea-huesca-retablo-mayor-ecce-homo-500x565.jpg 500w, https:\/\/colegiatadebolea.es\/wp-content\/uploads\/colegiata-de-bolea-huesca-retablo-mayor-ecce-homo-450x509.jpg 450w, https:\/\/colegiatadebolea.es\/wp-content\/uploads\/colegiata-de-bolea-huesca-retablo-mayor-ecce-homo-400x452.jpg 400w, https:\/\/colegiatadebolea.es\/wp-content\/uploads\/colegiata-de-bolea-huesca-retablo-mayor-ecce-homo-350x396.jpg 350w, https:\/\/colegiatadebolea.es\/wp-content\/uploads\/colegiata-de-bolea-huesca-retablo-mayor-ecce-homo-300x339.jpg 300w, https:\/\/colegiatadebolea.es\/wp-content\/uploads\/colegiata-de-bolea-huesca-retablo-mayor-ecce-homo-250x283.jpg 250w, https:\/\/colegiatadebolea.es\/wp-content\/uploads\/colegiata-de-bolea-huesca-retablo-mayor-ecce-homo-200x226.jpg 200w, https:\/\/colegiatadebolea.es\/wp-content\/uploads\/colegiata-de-bolea-huesca-retablo-mayor-ecce-homo-175x198.jpg 175w, https:\/\/colegiatadebolea.es\/wp-content\/uploads\/colegiata-de-bolea-huesca-retablo-mayor-ecce-homo-150x170.jpg 150w, https:\/\/colegiatadebolea.es\/wp-content\/uploads\/colegiata-de-bolea-huesca-retablo-mayor-ecce-homo-125x141.jpg 125w, https:\/\/colegiatadebolea.es\/wp-content\/uploads\/colegiata-de-bolea-huesca-retablo-mayor-ecce-homo-100x113.jpg 100w, https:\/\/colegiatadebolea.es\/wp-content\/uploads\/colegiata-de-bolea-huesca-retablo-mayor-ecce-homo-75x85.jpg 75w, https:\/\/colegiatadebolea.es\/wp-content\/uploads\/colegiata-de-bolea-huesca-retablo-mayor-ecce-homo-50x57.jpg 50w, https:\/\/colegiatadebolea.es\/wp-content\/uploads\/colegiata-de-bolea-huesca-retablo-mayor-ecce-homo-25x28.jpg 25w, https:\/\/colegiatadebolea.es\/wp-content\/uploads\/colegiata-de-bolea-huesca-retablo-mayor-ecce-homo-531x600.jpg 531w, https:\/\/colegiatadebolea.es\/wp-content\/uploads\/colegiata-de-bolea-huesca-retablo-mayor-ecce-homo-486x550.jpg 486w, https:\/\/colegiatadebolea.es\/wp-content\/uploads\/colegiata-de-bolea-huesca-retablo-mayor-ecce-homo-442x500.jpg 442w, https:\/\/colegiatadebolea.es\/wp-content\/uploads\/colegiata-de-bolea-huesca-retablo-mayor-ecce-homo-398x450.jpg 398w, https:\/\/colegiatadebolea.es\/wp-content\/uploads\/colegiata-de-bolea-huesca-retablo-mayor-ecce-homo-354x400.jpg 354w, https:\/\/colegiatadebolea.es\/wp-content\/uploads\/colegiata-de-bolea-huesca-retablo-mayor-ecce-homo-221x250.jpg 221w, https:\/\/colegiatadebolea.es\/wp-content\/uploads\/colegiata-de-bolea-huesca-retablo-mayor-ecce-homo-177x200.jpg 177w, https:\/\/colegiatadebolea.es\/wp-content\/uploads\/colegiata-de-bolea-huesca-retablo-mayor-ecce-homo-155x175.jpg 155w, https:\/\/colegiatadebolea.es\/wp-content\/uploads\/colegiata-de-bolea-huesca-retablo-mayor-ecce-homo-133x150.jpg 133w, https:\/\/colegiatadebolea.es\/wp-content\/uploads\/colegiata-de-bolea-huesca-retablo-mayor-ecce-homo-111x125.jpg 111w, https:\/\/colegiatadebolea.es\/wp-content\/uploads\/colegiata-de-bolea-huesca-retablo-mayor-ecce-homo-88x100.jpg 88w, https:\/\/colegiatadebolea.es\/wp-content\/uploads\/colegiata-de-bolea-huesca-retablo-mayor-ecce-homo-66x75.jpg 66w, https:\/\/colegiatadebolea.es\/wp-content\/uploads\/colegiata-de-bolea-huesca-retablo-mayor-ecce-homo-44x50.jpg 44w, https:\/\/colegiatadebolea.es\/wp-content\/uploads\/colegiata-de-bolea-huesca-retablo-mayor-ecce-homo-22x25.jpg 22w\" sizes=\"auto, (max-width: 1415px) 100vw, 1415px\" \/><\/div>\t\t<\/div>\r\n\t\t\t<\/article>\r\n\t<article class=\"w-grid-item us_animate_afr off_autostart size_1x1 post-10541 attachment type-attachment status-inherit hentry\" data-id=\"10541\" style=\"animation-delay:0s\">\r\n\t\t<div class=\"w-grid-item-h\">\r\n\t\t\t\t\t\t\t<a ref=\"magnificPopupGrid\" href=\"https:\/\/colegiatadebolea.es\/wp-content\/uploads\/colegiata-de-bolea-huesca-retablo-mayor-epifania.jpg\" class=\"w-grid-item-anchor\" aria-label=\"colegiata-de-bolea-huesca-retablo-mayor-epifania\"><\/a>\r\n\t\t\t\t\t\t<div class=\"w-post-elm post_image usg_post_image_1\"><img loading=\"lazy\" decoding=\"async\" width=\"1600\" height=\"1067\" src=\"https:\/\/colegiatadebolea.es\/wp-content\/uploads\/colegiata-de-bolea-huesca-retablo-mayor-epifania.jpg\" class=\"attachment-full size-full\" alt=\"\" srcset=\"https:\/\/colegiatadebolea.es\/wp-content\/uploads\/colegiata-de-bolea-huesca-retablo-mayor-epifania.jpg 1600w, https:\/\/colegiatadebolea.es\/wp-content\/uploads\/colegiata-de-bolea-huesca-retablo-mayor-epifania-300x200.jpg 300w, https:\/\/colegiatadebolea.es\/wp-content\/uploads\/colegiata-de-bolea-huesca-retablo-mayor-epifania-1024x683.jpg 1024w, https:\/\/colegiatadebolea.es\/wp-content\/uploads\/colegiata-de-bolea-huesca-retablo-mayor-epifania-1536x1024.jpg 1536w, https:\/\/colegiatadebolea.es\/wp-content\/uploads\/colegiata-de-bolea-huesca-retablo-mayor-epifania-600x400.jpg 600w, https:\/\/colegiatadebolea.es\/wp-content\/uploads\/colegiata-de-bolea-huesca-retablo-mayor-epifania-550x367.jpg 550w, https:\/\/colegiatadebolea.es\/wp-content\/uploads\/colegiata-de-bolea-huesca-retablo-mayor-epifania-500x333.jpg 500w, https:\/\/colegiatadebolea.es\/wp-content\/uploads\/colegiata-de-bolea-huesca-retablo-mayor-epifania-450x300.jpg 450w, https:\/\/colegiatadebolea.es\/wp-content\/uploads\/colegiata-de-bolea-huesca-retablo-mayor-epifania-400x267.jpg 400w, https:\/\/colegiatadebolea.es\/wp-content\/uploads\/colegiata-de-bolea-huesca-retablo-mayor-epifania-350x233.jpg 350w, https:\/\/colegiatadebolea.es\/wp-content\/uploads\/colegiata-de-bolea-huesca-retablo-mayor-epifania-250x167.jpg 250w, https:\/\/colegiatadebolea.es\/wp-content\/uploads\/colegiata-de-bolea-huesca-retablo-mayor-epifania-200x133.jpg 200w, https:\/\/colegiatadebolea.es\/wp-content\/uploads\/colegiata-de-bolea-huesca-retablo-mayor-epifania-175x117.jpg 175w, https:\/\/colegiatadebolea.es\/wp-content\/uploads\/colegiata-de-bolea-huesca-retablo-mayor-epifania-150x100.jpg 150w, https:\/\/colegiatadebolea.es\/wp-content\/uploads\/colegiata-de-bolea-huesca-retablo-mayor-epifania-125x83.jpg 125w, https:\/\/colegiatadebolea.es\/wp-content\/uploads\/colegiata-de-bolea-huesca-retablo-mayor-epifania-100x67.jpg 100w, https:\/\/colegiatadebolea.es\/wp-content\/uploads\/colegiata-de-bolea-huesca-retablo-mayor-epifania-75x50.jpg 75w, https:\/\/colegiatadebolea.es\/wp-content\/uploads\/colegiata-de-bolea-huesca-retablo-mayor-epifania-50x33.jpg 50w, https:\/\/colegiatadebolea.es\/wp-content\/uploads\/colegiata-de-bolea-huesca-retablo-mayor-epifania-25x17.jpg 25w, https:\/\/colegiatadebolea.es\/wp-content\/uploads\/colegiata-de-bolea-huesca-retablo-mayor-epifania-900x600.jpg 900w, https:\/\/colegiatadebolea.es\/wp-content\/uploads\/colegiata-de-bolea-huesca-retablo-mayor-epifania-825x550.jpg 825w, https:\/\/colegiatadebolea.es\/wp-content\/uploads\/colegiata-de-bolea-huesca-retablo-mayor-epifania-750x500.jpg 750w, https:\/\/colegiatadebolea.es\/wp-content\/uploads\/colegiata-de-bolea-huesca-retablo-mayor-epifania-675x450.jpg 675w, https:\/\/colegiatadebolea.es\/wp-content\/uploads\/colegiata-de-bolea-huesca-retablo-mayor-epifania-375x250.jpg 375w, https:\/\/colegiatadebolea.es\/wp-content\/uploads\/colegiata-de-bolea-huesca-retablo-mayor-epifania-262x175.jpg 262w, https:\/\/colegiatadebolea.es\/wp-content\/uploads\/colegiata-de-bolea-huesca-retablo-mayor-epifania-225x150.jpg 225w, https:\/\/colegiatadebolea.es\/wp-content\/uploads\/colegiata-de-bolea-huesca-retablo-mayor-epifania-187x125.jpg 187w, https:\/\/colegiatadebolea.es\/wp-content\/uploads\/colegiata-de-bolea-huesca-retablo-mayor-epifania-112x75.jpg 112w, https:\/\/colegiatadebolea.es\/wp-content\/uploads\/colegiata-de-bolea-huesca-retablo-mayor-epifania-37x25.jpg 37w\" sizes=\"auto, (max-width: 1600px) 100vw, 1600px\" \/><\/div>\t\t<\/div>\r\n\t\t\t<\/article>\r\n<\/div><div class=\"w-grid-preloader\">\t<div class=\"g-preloader type_1\">\r\n\t\t<div><\/div>\r\n\t<\/div>\r\n\t<\/div>\t<div class=\"w-grid-json hidden\" onclick='return {&quot;action&quot;:&quot;us_ajax_grid&quot;,&quot;infinite_scroll&quot;:0,&quot;max_num_pages&quot;:1,&quot;pagination&quot;:&quot;infinite&quot;,&quot;template_vars&quot;:{&quot;columns&quot;:&quot;3&quot;,&quot;exclude_items&quot;:&quot;none&quot;,&quot;img_size&quot;:&quot;full&quot;,&quot;ignore_items_size&quot;:0,&quot;items_layout&quot;:&quot;9234&quot;,&quot;items_offset&quot;:&quot;1&quot;,&quot;load_animation&quot;:&quot;afr&quot;,&quot;overriding_link&quot;:&quot;%7B%22type%22%3A%22popup_image%22%7D&quot;,&quot;post_id&quot;:0,&quot;query_args&quot;:{&quot;post_type&quot;:[&quot;attachment&quot;],&quot;post__in&quot;:[&quot;9457&quot;,&quot;9477&quot;,&quot;9467&quot;,&quot;9473&quot;,&quot;9453&quot;,&quot;9454&quot;,&quot;9455&quot;],&quot;post_status&quot;:&quot;inherit&quot;,&quot;post_mime_type&quot;:&quot;image&quot;,&quot;posts_per_page&quot;:&quot;50&quot;},&quot;orderby_query_args&quot;:{&quot;orderby&quot;:{&quot;post__in&quot;:&quot;ASC&quot;},&quot;order&quot;:&quot;ASC&quot;},&quot;type&quot;:&quot;masonry&quot;,&quot;us_grid_post_type&quot;:&quot;attachment&quot;,&quot;us_grid_ajax_index&quot;:1,&quot;us_grid_filter_query_string&quot;:null,&quot;us_grid_index&quot;:1,&quot;page_args&quot;:[],&quot;lang&quot;:&quot;fr&quot;}}'><\/div>\r\n\t<\/div><\/div><\/div><\/div><\/div><\/section><section class=\"l-section wpb_row height_auto width_full\"><div class=\"l-section-h i-cf\"><div class=\"g-cols vc_row via_grid cols_1 laptops-cols_inherit tablets-cols_inherit mobiles-cols_1 valign_top type_default stacking_default\" style=\"--columns-gap:0rem;\"><div class=\"wpb_column vc_column_container\"><div class=\"vc_column-inner\"><section class=\"l-section wpb_row us_custom_4f6507fa height_medium width_full with_shape\"><div class=\"l-section-shape type_custom pos_bottom\" style=\"height:30%;\"><svg xmlns=\"http:\/\/www.w3.org\/2000\/svg\" viewBox=\"0 0 64 8\" preserveAspectRatio=\"none\" width=\"100%\" height=\"100%\">\r\n\t<path fill=\"currentColor\" d=\"M64 8 L0 8 L0 0 L64 0 Z\"\/>\r\n<\/svg><\/div><div class=\"l-section-h i-cf\"><div class=\"g-cols vc_row via_grid cols_1 laptops-cols_inherit tablets-cols_inherit mobiles-cols_1 valign_top type_default stacking_default\"><div class=\"wpb_column vc_column_container\"><div class=\"vc_column-inner\"><div class=\"w-separator hide_on_default hide_on_laptops hide_on_tablets size_medium\"><\/div><div class=\"w-separator hide_on_default hide_on_laptops hide_on_tablets size_medium\"><\/div><div class=\"g-cols wpb_row us_custom_e9c3d107 has_text_color via_grid cols_2 laptops-cols_inherit tablets-cols_inherit mobiles-cols_1 valign_top type_default stacking_default\" style=\"--columns-gap:3rem;\"><div class=\"wpb_column vc_column_container\"><div class=\"vc_column-inner\"><h5 class=\"w-text us_custom_14e39d83 has_text_color\"><a href=\"https:\/\/colegiatadebolea.es\/la-colegiata\/\" class=\"w-text-h\"><span class=\"w-text-value\">LA COLL\u00c9GIALE<\/span><\/a><\/h5><div class=\"w-separator size_custom with_line width_default thick_1 style_solid color_border align_center\" style=\"height:0.8rem\"><div class=\"w-separator-h\"><\/div><\/div><h6 class=\"w-text us_custom_efd8b5d7\"><a href=\"https:\/\/colegiatadebolea.es\/retablo-mayor\/\" class=\"w-text-h\"><span class=\"w-text-value\">Le Retable d\u00fb ma\u00eetre-autel<\/span><\/a><\/h6><div class=\"w-separator size_custom with_line width_default thick_1 style_solid color_border align_center\" style=\"height:0.8rem\"><div class=\"w-separator-h\"><\/div><\/div><h6 class=\"w-text us_custom_efd8b5d7\"><a href=\"https:\/\/colegiatadebolea.es\/retablo-de-san-sebastian\/\" class=\"w-text-h\"><span class=\"w-text-value\">Retable d\u00fb Saint-S\u00e9bastiene<\/span><\/a><\/h6><div class=\"w-separator size_custom with_line width_default thick_1 style_solid color_border align_center\" style=\"height:0.8rem\"><div class=\"w-separator-h\"><\/div><\/div><h6 class=\"w-text us_custom_efd8b5d7\"><a href=\"https:\/\/colegiatadebolea.es\/retablo-de-santiago\/\" class=\"w-text-h\"><span class=\"w-text-value\">Retable d\u00fb Saint-Jacques<\/span><\/a><\/h6><div class=\"w-separator size_custom with_line width_default thick_1 style_solid color_border align_center\" style=\"height:0.8rem\"><div class=\"w-separator-h\"><\/div><\/div><h6 class=\"w-text us_custom_efd8b5d7\"><a href=\"https:\/\/colegiatadebolea.es\/retablos-barrocos\/\" class=\"w-text-h\"><span class=\"w-text-value\">Retables Baroques<\/span><\/a><\/h6><div class=\"w-separator size_custom with_line width_default thick_1 style_solid color_border align_center\" style=\"height:0.8rem\"><div class=\"w-separator-h\"><\/div><\/div><h6 class=\"w-text us_custom_efd8b5d7\"><a href=\"https:\/\/colegiatadebolea.es\/coro\/\" class=\"w-text-h\"><span class=\"w-text-value\">Le Choeur<\/span><\/a><\/h6><div class=\"w-separator size_custom with_line width_default thick_1 style_solid color_border align_center\" style=\"height:0.8rem\"><div class=\"w-separator-h\"><\/div><\/div><h6 class=\"w-text us_custom_efd8b5d7\"><a href=\"https:\/\/colegiatadebolea.es\/organo\/\" class=\"w-text-h\"><span class=\"w-text-value\">L&#039;Orge<\/span><\/a><\/h6><div class=\"w-separator size_custom with_line width_default thick_1 style_solid color_border align_center\" style=\"height:0.8rem\"><div class=\"w-separator-h\"><\/div><\/div><div class=\"w-separator size_small\"><\/div><\/div><\/div><div class=\"wpb_column vc_column_container\"><div class=\"vc_column-inner\"><div class=\"w-slider style_none fit_scaledown nav_none count_8\"><div class=\"w-slider-h\"><div class=\"royalSlider\"><div class=\"rsContent\"><a class=\"rsImg\" data-rsw=\"800\" data-rsh=\"500\" href=\"https:\/\/colegiatadebolea.es\/wp-content\/uploads\/colegiata-de-bolea-huesca-menu-interiores-004.jpg\"><span data-alt=\"\"><\/span><\/a><\/div><div class=\"rsContent\"><a class=\"rsImg\" data-rsw=\"800\" data-rsh=\"500\" href=\"https:\/\/colegiatadebolea.es\/wp-content\/uploads\/colegiata-de-bolea-huesca-menu-interiores-005.jpg\"><span data-alt=\"\"><\/span><\/a><\/div><div class=\"rsContent\"><a class=\"rsImg\" data-rsw=\"800\" data-rsh=\"500\" href=\"https:\/\/colegiatadebolea.es\/wp-content\/uploads\/colegiata-de-bolea-huesca-menu-interiores-001.jpg\"><span data-alt=\"\"><\/span><\/a><\/div><div class=\"rsContent\"><a class=\"rsImg\" data-rsw=\"800\" data-rsh=\"500\" href=\"https:\/\/colegiatadebolea.es\/wp-content\/uploads\/colegiata-de-bolea-huesca-menu-interiores-008.jpg\"><span data-alt=\"\"><\/span><\/a><\/div><div class=\"rsContent\"><a class=\"rsImg\" data-rsw=\"800\" data-rsh=\"500\" href=\"https:\/\/colegiatadebolea.es\/wp-content\/uploads\/colegiata-de-bolea-huesca-menu-interiores-003.jpg\"><span data-alt=\"\"><\/span><\/a><\/div><div class=\"rsContent\"><a class=\"rsImg\" data-rsw=\"800\" data-rsh=\"500\" href=\"https:\/\/colegiatadebolea.es\/wp-content\/uploads\/colegiata-de-bolea-huesca-menu-interiores-002.jpg\"><span data-alt=\"\"><\/span><\/a><\/div><div class=\"rsContent\"><a class=\"rsImg\" data-rsw=\"800\" data-rsh=\"500\" href=\"https:\/\/colegiatadebolea.es\/wp-content\/uploads\/colegiata-de-bolea-huesca-menu-interiores-007.jpg\"><span data-alt=\"\"><\/span><\/a><\/div><div class=\"rsContent\"><a class=\"rsImg\" data-rsw=\"800\" data-rsh=\"500\" href=\"https:\/\/colegiatadebolea.es\/wp-content\/uploads\/colegiata-de-bolea-huesca-menu-interiores-006.jpg\"><span data-alt=\"\"><\/span><\/a><\/div><\/div><img decoding=\"async\" src=\"https:\/\/colegiatadebolea.es\/wp-content\/uploads\/colegiata-de-bolea-huesca-menu-interiores-004.jpg\" width=\"800\" height=\"500\" alt loading=\"lazy\"><\/div><div class=\"w-slider-json\" onclick='return {&quot;autoScaleSlider&quot;:true,&quot;addActiveClass&quot;:true,&quot;loop&quot;:true,&quot;fadeInLoadedSlide&quot;:false,&quot;slidesSpacing&quot;:0,&quot;imageScalePadding&quot;:0,&quot;numImagesToPreload&quot;:2,&quot;arrowsNav&quot;:false,&quot;arrowsNavAutoHide&quot;:false,&quot;transitionType&quot;:&quot;fade&quot;,&quot;transitionSpeed&quot;:1000,&quot;block&quot;:{&quot;moveEffect&quot;:&quot;none&quot;,&quot;speed&quot;:300},&quot;thumbs&quot;:{&quot;fitInViewport&quot;:false,&quot;firstMargin&quot;:false,&quot;spacing&quot;:4},&quot;controlNavigation&quot;:&quot;none&quot;,&quot;autoplay&quot;:{&quot;enabled&quot;:true,&quot;pauseOnHover&quot;:true,&quot;delay&quot;:4000},&quot;autoScaleSliderWidth&quot;:800,&quot;autoScaleSliderHeight&quot;:500}'><\/div><\/div><div class=\"w-separator size_medium\"><\/div><div class=\"w-hwrapper valign_middle align_center\"><div class=\"w-image us_custom_209583e1 align_center\"><div class=\"w-image-h\"><img decoding=\"async\" src=\"https:\/\/colegiatadebolea.es\/wp-content\/uploads\/colegiata-de-bolea-huesca-cruz-consagracion.svg\" class=\"attachment-full size-full\" alt=\"\" loading=\"lazy\" \/><\/div><\/div><\/div><div class=\"w-separator size_small\"><\/div><\/div><\/div><\/div><\/div><\/div><\/div><\/div><\/section>\n<\/div><\/div><\/div><\/div><\/section><section class=\"l-section wpb_row height_small width_full\"><div class=\"l-section-h i-cf\"><div class=\"g-cols vc_row via_grid cols_1 laptops-cols_inherit tablets-cols_inherit mobiles-cols_1 valign_top type_default stacking_default\"><div class=\"wpb_column vc_column_container\"><div class=\"vc_column-inner\"><div class=\"wpb_text_column us_custom_3827b34e us_animate_this\"><div class=\"wpb_wrapper\"><p class=\"w-text us_custom_c4d893d1\" style=\"text-align: center;\"><span class=\"w-text-h\"><span class=\"w-text-value\"><span style=\"color: #b5161a;\">F<\/span>IVS <span style=\"color: #b5161a;\">ET<\/span> <span style=\"color: #b5161a;\">M<\/span>ISERICORDIA <span style=\"color: #b5161a;\">F<\/span>IVSA <span style=\"color: #b5161a;\">P<\/span>ROGENITOR<\/span><\/span><\/p>\n<\/div><\/div><\/div><\/div><\/div><\/div><\/section>\n","protected":false},"excerpt":{"rendered":"","protected":false},"author":2,"featured_media":10533,"parent":0,"menu_order":0,"comment_status":"closed","ping_status":"closed","template":"","meta":{"_acf_changed":false,"footnotes":""},"class_list":["post-10847","page","type-page","status-publish","has-post-thumbnail","hentry"],"acf":[],"yoast_head":"<!-- This site is optimized with the Yoast SEO plugin v25.8 - https:\/\/yoast.com\/wordpress\/plugins\/seo\/ -->\n<title>Le Retable d\u00fb ma\u00eetre-autel - Asociaci\u00f3n de Amigos de la Colegiata de Bolea - Huesca<\/title>\n<meta name=\"robots\" content=\"index, follow, max-snippet:-1, max-image-preview:large, max-video-preview:-1\" \/>\n<link rel=\"canonical\" href=\"https:\/\/colegiatadebolea.es\/fr\/le-retable-du-maitre-autel\/\" \/>\n<meta property=\"og:locale\" content=\"fr_FR\" \/>\n<meta property=\"og:type\" content=\"article\" \/>\n<meta property=\"og:title\" content=\"Le Retable d\u00fb ma\u00eetre-autel - Asociaci\u00f3n de Amigos de la Colegiata de Bolea - Huesca\" \/>\n<meta property=\"og:url\" content=\"https:\/\/colegiatadebolea.es\/fr\/le-retable-du-maitre-autel\/\" \/>\n<meta property=\"og:site_name\" content=\"Asociaci\u00f3n de Amigos de la Colegiata de Bolea - Huesca\" \/>\n<meta property=\"article:publisher\" content=\"https:\/\/www.facebook.com\/pages\/ColegiatadeBolea\/915137545269794\/\" \/>\n<meta property=\"article:modified_time\" content=\"2025-08-14T14:54:43+00:00\" \/>\n<meta property=\"og:image\" content=\"https:\/\/colegiatadebolea.es\/wp-content\/uploads\/colegiata-de-bolea-huesca-retablo-mayor-vista-general-id.jpg\" \/>\n\t<meta property=\"og:image:width\" content=\"1024\" \/>\n\t<meta property=\"og:image:height\" content=\"1420\" \/>\n\t<meta property=\"og:image:type\" content=\"image\/jpeg\" \/>\n<meta name=\"twitter:card\" content=\"summary_large_image\" \/>\n<meta name=\"twitter:label1\" content=\"Dur\u00e9e de lecture estim\u00e9e\" \/>\n\t<meta name=\"twitter:data1\" content=\"4 minutes\" \/>\n<script type=\"application\/ld+json\" class=\"yoast-schema-graph\">{\"@context\":\"https:\/\/schema.org\",\"@graph\":[{\"@type\":\"WebPage\",\"@id\":\"https:\/\/colegiatadebolea.es\/fr\/le-retable-du-maitre-autel\/\",\"url\":\"https:\/\/colegiatadebolea.es\/fr\/le-retable-du-maitre-autel\/\",\"name\":\"Le Retable d\u00fb ma\u00eetre-autel - Asociaci\u00f3n de Amigos de la Colegiata de Bolea - Huesca\",\"isPartOf\":{\"@id\":\"https:\/\/colegiatadebolea.es\/fr\/#website\"},\"primaryImageOfPage\":{\"@id\":\"https:\/\/colegiatadebolea.es\/fr\/le-retable-du-maitre-autel\/#primaryimage\"},\"image\":{\"@id\":\"https:\/\/colegiatadebolea.es\/fr\/le-retable-du-maitre-autel\/#primaryimage\"},\"thumbnailUrl\":\"https:\/\/colegiatadebolea.es\/wp-content\/uploads\/colegiata-de-bolea-huesca-retablo-mayor-vista-general-id.jpg\",\"datePublished\":\"2025-06-18T17:13:09+00:00\",\"dateModified\":\"2025-08-14T14:54:43+00:00\",\"breadcrumb\":{\"@id\":\"https:\/\/colegiatadebolea.es\/fr\/le-retable-du-maitre-autel\/#breadcrumb\"},\"inLanguage\":\"fr-FR\",\"potentialAction\":[{\"@type\":\"ReadAction\",\"target\":[\"https:\/\/colegiatadebolea.es\/fr\/le-retable-du-maitre-autel\/\"]}]},{\"@type\":\"ImageObject\",\"inLanguage\":\"fr-FR\",\"@id\":\"https:\/\/colegiatadebolea.es\/fr\/le-retable-du-maitre-autel\/#primaryimage\",\"url\":\"https:\/\/colegiatadebolea.es\/wp-content\/uploads\/colegiata-de-bolea-huesca-retablo-mayor-vista-general-id.jpg\",\"contentUrl\":\"https:\/\/colegiatadebolea.es\/wp-content\/uploads\/colegiata-de-bolea-huesca-retablo-mayor-vista-general-id.jpg\",\"width\":1024,\"height\":1420},{\"@type\":\"BreadcrumbList\",\"@id\":\"https:\/\/colegiatadebolea.es\/fr\/le-retable-du-maitre-autel\/#breadcrumb\",\"itemListElement\":[{\"@type\":\"ListItem\",\"position\":1,\"name\":\"Portada\",\"item\":\"https:\/\/colegiatadebolea.es\/fr\/\"},{\"@type\":\"ListItem\",\"position\":2,\"name\":\"Le Retable d\u00fb ma\u00eetre-autel\"}]},{\"@type\":\"WebSite\",\"@id\":\"https:\/\/colegiatadebolea.es\/fr\/#website\",\"url\":\"https:\/\/colegiatadebolea.es\/fr\/\",\"name\":\"Asociaci\u00f3n de Amigos de la Colegiata de Bolea - Huesca\",\"description\":\"Colegiata de Santa Mar\u00eda la Mayor de Bolea es una iglesia en la transici\u00f3n del g\u00f3tico al renacimiento construida entre 1541 y 1599 por Pedro de Ir\u00e1zabal. Retablo Mayor obra maestra de la pintura espa\u00f1ola del renacimiento.\",\"publisher\":{\"@id\":\"https:\/\/colegiatadebolea.es\/fr\/#organization\"},\"alternateName\":\"Colegiata de Bolea\",\"potentialAction\":[{\"@type\":\"SearchAction\",\"target\":{\"@type\":\"EntryPoint\",\"urlTemplate\":\"https:\/\/colegiatadebolea.es\/fr\/?s={search_term_string}\"},\"query-input\":{\"@type\":\"PropertyValueSpecification\",\"valueRequired\":true,\"valueName\":\"search_term_string\"}}],\"inLanguage\":\"fr-FR\"},{\"@type\":\"Organization\",\"@id\":\"https:\/\/colegiatadebolea.es\/fr\/#organization\",\"name\":\"Asociaci\u00f3n de Amigos de la Colegiata de Bolea\",\"url\":\"https:\/\/colegiatadebolea.es\/fr\/\",\"logo\":{\"@type\":\"ImageObject\",\"inLanguage\":\"fr-FR\",\"@id\":\"https:\/\/colegiatadebolea.es\/fr\/#\/schema\/logo\/image\/\",\"url\":\"https:\/\/colegiatadebolea.es\/wp-content\/uploads\/colegiata-de-bolea-logoamigos-favicon.png\",\"contentUrl\":\"https:\/\/colegiatadebolea.es\/wp-content\/uploads\/colegiata-de-bolea-logoamigos-favicon.png\",\"width\":512,\"height\":512,\"caption\":\"Asociaci\u00f3n de Amigos de la Colegiata de Bolea\"},\"image\":{\"@id\":\"https:\/\/colegiatadebolea.es\/fr\/#\/schema\/logo\/image\/\"},\"sameAs\":[\"https:\/\/www.facebook.com\/pages\/ColegiatadeBolea\/915137545269794\/\",\"https:\/\/www.instagram.com\/colegiatadebolea\"]}]}<\/script>\n<!-- \/ Yoast SEO plugin. -->","yoast_head_json":{"title":"Le Retable d\u00fb ma\u00eetre-autel - Asociaci\u00f3n de Amigos de la Colegiata de Bolea - Huesca","robots":{"index":"index","follow":"follow","max-snippet":"max-snippet:-1","max-image-preview":"max-image-preview:large","max-video-preview":"max-video-preview:-1"},"canonical":"https:\/\/colegiatadebolea.es\/fr\/le-retable-du-maitre-autel\/","og_locale":"fr_FR","og_type":"article","og_title":"Le Retable d\u00fb ma\u00eetre-autel - Asociaci\u00f3n de Amigos de la Colegiata de Bolea - Huesca","og_url":"https:\/\/colegiatadebolea.es\/fr\/le-retable-du-maitre-autel\/","og_site_name":"Asociaci\u00f3n de Amigos de la Colegiata de Bolea - Huesca","article_publisher":"https:\/\/www.facebook.com\/pages\/ColegiatadeBolea\/915137545269794\/","article_modified_time":"2025-08-14T14:54:43+00:00","og_image":[{"width":1024,"height":1420,"url":"https:\/\/colegiatadebolea.es\/wp-content\/uploads\/colegiata-de-bolea-huesca-retablo-mayor-vista-general-id.jpg","type":"image\/jpeg"}],"twitter_card":"summary_large_image","twitter_misc":{"Dur\u00e9e de lecture estim\u00e9e":"4 minutes"},"schema":{"@context":"https:\/\/schema.org","@graph":[{"@type":"WebPage","@id":"https:\/\/colegiatadebolea.es\/fr\/le-retable-du-maitre-autel\/","url":"https:\/\/colegiatadebolea.es\/fr\/le-retable-du-maitre-autel\/","name":"Le Retable d\u00fb ma\u00eetre-autel - Asociaci\u00f3n de Amigos de la Colegiata de Bolea - Huesca","isPartOf":{"@id":"https:\/\/colegiatadebolea.es\/fr\/#website"},"primaryImageOfPage":{"@id":"https:\/\/colegiatadebolea.es\/fr\/le-retable-du-maitre-autel\/#primaryimage"},"image":{"@id":"https:\/\/colegiatadebolea.es\/fr\/le-retable-du-maitre-autel\/#primaryimage"},"thumbnailUrl":"https:\/\/colegiatadebolea.es\/wp-content\/uploads\/colegiata-de-bolea-huesca-retablo-mayor-vista-general-id.jpg","datePublished":"2025-06-18T17:13:09+00:00","dateModified":"2025-08-14T14:54:43+00:00","breadcrumb":{"@id":"https:\/\/colegiatadebolea.es\/fr\/le-retable-du-maitre-autel\/#breadcrumb"},"inLanguage":"fr-FR","potentialAction":[{"@type":"ReadAction","target":["https:\/\/colegiatadebolea.es\/fr\/le-retable-du-maitre-autel\/"]}]},{"@type":"ImageObject","inLanguage":"fr-FR","@id":"https:\/\/colegiatadebolea.es\/fr\/le-retable-du-maitre-autel\/#primaryimage","url":"https:\/\/colegiatadebolea.es\/wp-content\/uploads\/colegiata-de-bolea-huesca-retablo-mayor-vista-general-id.jpg","contentUrl":"https:\/\/colegiatadebolea.es\/wp-content\/uploads\/colegiata-de-bolea-huesca-retablo-mayor-vista-general-id.jpg","width":1024,"height":1420},{"@type":"BreadcrumbList","@id":"https:\/\/colegiatadebolea.es\/fr\/le-retable-du-maitre-autel\/#breadcrumb","itemListElement":[{"@type":"ListItem","position":1,"name":"Portada","item":"https:\/\/colegiatadebolea.es\/fr\/"},{"@type":"ListItem","position":2,"name":"Le Retable d\u00fb ma\u00eetre-autel"}]},{"@type":"WebSite","@id":"https:\/\/colegiatadebolea.es\/fr\/#website","url":"https:\/\/colegiatadebolea.es\/fr\/","name":"Asociaci\u00f3n de Amigos de la Colegiata de Bolea - Huesca","description":"Colegiata de Santa Mar\u00eda la Mayor de Bolea es una iglesia en la transici\u00f3n del g\u00f3tico al renacimiento construida entre 1541 y 1599 por Pedro de Ir\u00e1zabal. Retablo Mayor obra maestra de la pintura espa\u00f1ola del renacimiento.","publisher":{"@id":"https:\/\/colegiatadebolea.es\/fr\/#organization"},"alternateName":"Colegiata de Bolea","potentialAction":[{"@type":"SearchAction","target":{"@type":"EntryPoint","urlTemplate":"https:\/\/colegiatadebolea.es\/fr\/?s={search_term_string}"},"query-input":{"@type":"PropertyValueSpecification","valueRequired":true,"valueName":"search_term_string"}}],"inLanguage":"fr-FR"},{"@type":"Organization","@id":"https:\/\/colegiatadebolea.es\/fr\/#organization","name":"Asociaci\u00f3n de Amigos de la Colegiata de Bolea","url":"https:\/\/colegiatadebolea.es\/fr\/","logo":{"@type":"ImageObject","inLanguage":"fr-FR","@id":"https:\/\/colegiatadebolea.es\/fr\/#\/schema\/logo\/image\/","url":"https:\/\/colegiatadebolea.es\/wp-content\/uploads\/colegiata-de-bolea-logoamigos-favicon.png","contentUrl":"https:\/\/colegiatadebolea.es\/wp-content\/uploads\/colegiata-de-bolea-logoamigos-favicon.png","width":512,"height":512,"caption":"Asociaci\u00f3n de Amigos de la Colegiata de Bolea"},"image":{"@id":"https:\/\/colegiatadebolea.es\/fr\/#\/schema\/logo\/image\/"},"sameAs":["https:\/\/www.facebook.com\/pages\/ColegiatadeBolea\/915137545269794\/","https:\/\/www.instagram.com\/colegiatadebolea"]}]}},"_links":{"self":[{"href":"https:\/\/colegiatadebolea.es\/fr\/wp-json\/wp\/v2\/pages\/10847","targetHints":{"allow":["GET"]}}],"collection":[{"href":"https:\/\/colegiatadebolea.es\/fr\/wp-json\/wp\/v2\/pages"}],"about":[{"href":"https:\/\/colegiatadebolea.es\/fr\/wp-json\/wp\/v2\/types\/page"}],"author":[{"embeddable":true,"href":"https:\/\/colegiatadebolea.es\/fr\/wp-json\/wp\/v2\/users\/2"}],"replies":[{"embeddable":true,"href":"https:\/\/colegiatadebolea.es\/fr\/wp-json\/wp\/v2\/comments?post=10847"}],"version-history":[{"count":2,"href":"https:\/\/colegiatadebolea.es\/fr\/wp-json\/wp\/v2\/pages\/10847\/revisions"}],"predecessor-version":[{"id":10849,"href":"https:\/\/colegiatadebolea.es\/fr\/wp-json\/wp\/v2\/pages\/10847\/revisions\/10849"}],"wp:featuredmedia":[{"embeddable":true,"href":"https:\/\/colegiatadebolea.es\/fr\/wp-json\/wp\/v2\/media\/10533"}],"wp:attachment":[{"href":"https:\/\/colegiatadebolea.es\/fr\/wp-json\/wp\/v2\/media?parent=10847"}],"curies":[{"name":"wp","href":"https:\/\/api.w.org\/{rel}","templated":true}]}}