{"id":10943,"date":"2025-06-11T10:41:38","date_gmt":"2025-06-11T08:41:38","guid":{"rendered":"https:\/\/colegiatadebolea.es\/home-the-collegiate-of-santa-maria-la-mayor\/"},"modified":"2025-10-15T00:56:24","modified_gmt":"2025-10-14T22:56:24","slug":"home-the-collegiate-of-santa-maria-la-mayor","status":"publish","type":"page","link":"https:\/\/colegiatadebolea.es\/en\/","title":{"rendered":"Home The Collegiate of Santa Mar\u00eda la Mayor"},"content":{"rendered":"<section class=\"l-section wpb_row height_custom color_primary with_slider\"><div class=\"l-section-slider\"><div class=\"w-slider style_none fit_cover nav_none count_9\"><div class=\"w-slider-h\"><div class=\"royalSlider\"><div class=\"rsContent\"><a class=\"rsImg\" data-rsw=\"1920\" data-rsh=\"1312\" href=\"https:\/\/colegiatadebolea.es\/wp-content\/uploads\/colegiata-de-bolea-huesca-nave-retablo-hero-001.jpg\"><span data-alt=\"\"><\/span><\/a><\/div><div class=\"rsContent\"><a class=\"rsImg\" data-rsw=\"1920\" data-rsh=\"1038\" href=\"https:\/\/colegiatadebolea.es\/wp-content\/uploads\/colegiata-de-bolea-huesca-retablo-principal-006.jpg\"><span data-alt=\"\"><\/span><\/a><\/div><div class=\"rsContent\"><a class=\"rsImg\" data-rsw=\"1920\" data-rsh=\"891\" href=\"https:\/\/colegiatadebolea.es\/wp-content\/uploads\/colegiata-de-bolea-huesca-bolea-vista-aerea-001.jpg\"><span data-alt=\"\"><\/span><\/a><\/div><div class=\"rsContent\"><a class=\"rsImg\" data-rsw=\"1920\" data-rsh=\"1310\" href=\"https:\/\/colegiatadebolea.es\/wp-content\/uploads\/colegiata-de-bolea-huesca-nave-retablo-hero-002.jpg\"><span data-alt=\"\"><\/span><\/a><\/div><div class=\"rsContent\"><a class=\"rsImg\" data-rsw=\"1920\" data-rsh=\"1286\" href=\"https:\/\/colegiatadebolea.es\/wp-content\/uploads\/colegiata-de-bolea-huesca-bolea-invierno-hero-003.jpg\"><span data-alt=\"\"><\/span><\/a><\/div><div class=\"rsContent\"><a class=\"rsImg\" data-rsw=\"1920\" data-rsh=\"1056\" href=\"https:\/\/colegiatadebolea.es\/wp-content\/uploads\/colegiata-de-bolea-huesca-retablo-principal-prendimiento.jpg\"><span data-alt=\"\"><\/span><\/a><\/div><div class=\"rsContent\"><a class=\"rsImg\" data-rsw=\"1920\" data-rsh=\"1063\" href=\"https:\/\/colegiatadebolea.es\/wp-content\/uploads\/colegiata-de-bolea-huesca-retablo-hero-005.jpg\"><span data-alt=\"\"><\/span><\/a><\/div><div class=\"rsContent\"><a class=\"rsImg\" data-rsw=\"1920\" data-rsh=\"1364\" href=\"https:\/\/colegiatadebolea.es\/wp-content\/uploads\/colegiata-de-bolea-huesca-colegiata-invierno-006.jpg\"><span data-alt=\"\"><\/span><\/a><\/div><div class=\"rsContent\"><a class=\"rsImg\" data-rsw=\"1920\" data-rsh=\"1315\" href=\"https:\/\/colegiatadebolea.es\/wp-content\/uploads\/colegiata-de-bolea-huesca-retablo-principal-008.jpg\"><span data-alt=\"\"><\/span><\/a><\/div><\/div><img decoding=\"async\" src=\"https:\/\/colegiatadebolea.es\/wp-content\/uploads\/colegiata-de-bolea-huesca-nave-retablo-hero-001.jpg\" width=\"1920\" height=\"1312\" alt loading=\"lazy\"><\/div><div class=\"w-slider-json\" onclick='return {&quot;autoScaleSlider&quot;:true,&quot;addActiveClass&quot;:true,&quot;loop&quot;:true,&quot;fadeInLoadedSlide&quot;:false,&quot;slidesSpacing&quot;:0,&quot;imageScalePadding&quot;:0,&quot;numImagesToPreload&quot;:2,&quot;arrowsNav&quot;:false,&quot;arrowsNavAutoHide&quot;:false,&quot;transitionType&quot;:&quot;fade&quot;,&quot;transitionSpeed&quot;:1000,&quot;block&quot;:{&quot;moveEffect&quot;:&quot;none&quot;,&quot;speed&quot;:300},&quot;thumbs&quot;:{&quot;fitInViewport&quot;:false,&quot;firstMargin&quot;:false,&quot;spacing&quot;:4},&quot;controlNavigation&quot;:&quot;none&quot;,&quot;autoplay&quot;:{&quot;enabled&quot;:true,&quot;pauseOnHover&quot;:false,&quot;delay&quot;:4000},&quot;autoScaleSliderWidth&quot;:1920,&quot;autoScaleSliderHeight&quot;:1312}'><\/div><\/div><\/div><div class=\"l-section-overlay\" style=\"background:rgba(15,19,31,0.45)\"><\/div><div class=\"l-section-h i-cf\"><div class=\"g-cols vc_row via_grid cols_1 laptops-cols_inherit tablets-cols_inherit mobiles-cols_1 valign_top type_default stacking_default\"><div class=\"wpb_column vc_column_container\"><div class=\"vc_column-inner\"><div class=\"w-separator size_custom\" style=\"height:12vh\"><\/div><div class=\"wpb_text_column\"><div class=\"wpb_wrapper\"><h1 style=\"text-align: center;\">The Collegiate of Santa Mar\u00eda la Mayor, Bolea<\/h1>\n<\/div><\/div><div class=\"w-separator size_small\"><\/div><div class=\"w-text us_custom_eb849559\"><span class=\"w-text-h\"><span class=\"w-text-value\">National Historical-Artistic Monument (BIC) since 1983<\/span><\/span><\/div><div class=\"w-separator size_custom\" style=\"height:25px\"><\/div><div class=\"w-hwrapper valign_top wrap align_center\"><div class=\"w-btn-wrapper align_none\"><a class=\"w-btn us-btn-style_1 icon_atleft\" href=\"https:\/\/colegiatadebolea.es\/en\/visit-and-practical-information\/\"><i class=\"far fa-archway\"><\/i><span class=\"w-btn-label\">Visit<\/span><\/a><\/div><div class=\"w-btn-wrapper align_none\"><a class=\"w-btn us-btn-style_29 icon_atleft\" href=\"https:\/\/colegiatadebolea.es\/en\/the-association\/\"><i class=\"far fa-hand-heart\"><\/i><span class=\"w-btn-label\">Association<\/span><\/a><\/div><\/div><div class=\"w-separator size_custom\" style=\"height:12vh\"><\/div><\/div><\/div><\/div><\/div><\/section><section class=\"l-section wpb_row height_medium\"><div class=\"l-section-h i-cf\"><div class=\"g-cols vc_row via_grid cols_1 laptops-cols_inherit tablets-cols_inherit mobiles-cols_1 valign_top type_default stacking_default\"><div class=\"wpb_column vc_column_container\"><div class=\"vc_column-inner\"><div class=\"wpb_text_column us_custom_99dce4f6\"><div class=\"wpb_wrapper\"><h2 style=\"text-align: center;\">Discover<\/h2>\n<\/div><\/div><div class=\"wpb_text_column\"><div class=\"wpb_wrapper\"><p style=\"text-align: center;\">Association of Friends of the College Church of Bolea since 1991<\/p>\n<\/div><\/div><div class=\"w-separator size_small\"><\/div><div class=\"g-cols wpb_row via_grid cols_1 laptops-cols_inherit tablets-cols_inherit mobiles-cols_1 valign_top type_default stacking_default\" style=\"--columns-gap:3rem;\"><div class=\"wpb_column vc_column_container\"><div class=\"vc_column-inner\"><div class=\"w-hwrapper valign_middle align_center\"><div class=\"w-image us_custom_4c5005b3 align_center\"><div class=\"w-image-h\"><img decoding=\"async\" src=\"https:\/\/colegiatadebolea.es\/wp-content\/uploads\/colegiata-de-bolea-huesca-cruz-consagracion.svg\" class=\"attachment-full size-full\" alt=\"\" loading=\"lazy\" \/><\/div><\/div><\/div><\/div><\/div><\/div><\/div><\/div><\/div><\/div><\/section><section class=\"l-section wpb_row height_small\"><div class=\"l-section-h i-cf\"><div class=\"g-cols vc_row via_grid cols_5-7 laptops-cols_inherit tablets-cols_inherit mobiles-cols_1 valign_top type_default stacking_default\" style=\"--columns-gap:5rem;\"><div class=\"wpb_column vc_column_container\"><div class=\"vc_column-inner\"><h3 class=\"w-text us_custom_6eef5e16\"><span class=\"w-text-h\"><span class=\"w-text-value\">The Collegiate<\/span><\/span><\/h3><div class=\"w-separator size_small\"><\/div><div class=\"w-image us_custom_7e20fa79 us_animate_this style_shadow-1 has_ratio align_none\"><a href=\"https:\/\/colegiatadebolea.es\/en\/the-collegiate\/\" aria-label=\"colegiata-de-bolea-la-colegiata-desde-la-calle-herrerias-vista-nocturna\" class=\"w-image-h\"><div style=\"padding-bottom:66.6667%\"><\/div><img decoding=\"async\" width=\"1600\" height=\"1280\" src=\"https:\/\/colegiatadebolea.es\/wp-content\/uploads\/colegiata-de-bolea-la-colegiata-desde-la-calle-herrerias-vista-nocturna.jpg\" class=\"attachment-full size-full\" alt=\"\" loading=\"lazy\" \/><\/a><\/div><div class=\"w-separator size_small\"><\/div><div class=\"wpb_text_column\"><div class=\"wpb_wrapper\"><p>The collegiate church was erected between <strong>1541<\/strong> and <strong>1559<\/strong> by <strong>Pedro de Iraz\u00e1bal<\/strong> from Guipuzcoa. He based his construction on&#8230;<\/p>\n<\/div><\/div><div class=\"w-separator size_small\"><\/div><div class=\"w-btn-wrapper align_none\"><a class=\"w-btn us-btn-style_11\" href=\"https:\/\/colegiatadebolea.es\/en\/the-collegiate\/\"><span class=\"w-btn-label\">Continue reading<\/span><\/a><\/div><div class=\"w-separator size_medium\"><\/div><\/div><\/div><div class=\"wpb_column vc_column_container\"><div class=\"vc_column-inner\"><div class=\"g-cols wpb_row via_grid cols_2 laptops-cols_inherit tablets-cols_inherit mobiles-cols_1 valign_top type_default stacking_default\" style=\"--columns-gap:3rem;\"><div class=\"wpb_column vc_column_container\"><div class=\"vc_column-inner\"><h3 class=\"w-text us_custom_6eef5e16\"><span class=\"w-text-h\"><span class=\"w-text-value\">Main Altarpiece<\/span><\/span><\/h3><div class=\"w-separator size_small\"><\/div><div class=\"wpb_text_column us_custom_4481559d\"><div class=\"wpb_wrapper\"><p>Crafted between <strong>1490<\/strong> and <strong>1503<\/strong>, it naturally belonged to the previous temple. It is a splendid combination of 20 panels painted in tempera and 57 polychrome wood carvings.<\/p>\n<p>Noble woods are used: cypress, walnut, cherry, and pine from Flanders. The design of the altarpiece is Gothic. Its structure is formed by a large bench, a main body with five lanes and three different levels and a dustcover that provides a frame&#8230;<\/p>\n<\/div><\/div><div class=\"w-separator size_small\"><\/div><div class=\"w-btn-wrapper align_none\"><a class=\"w-btn us-btn-style_1\" href=\"https:\/\/colegiatadebolea.es\/en\/main-altarpiece\/\"><span class=\"w-btn-label\">Continue reading<\/span><\/a><\/div><\/div><\/div><div class=\"wpb_column vc_column_container\"><div class=\"vc_column-inner\"><div class=\"w-image us_custom_47474b22 us_animate_this style_shadow-1 align_none\"><a href=\"https:\/\/colegiatadebolea.es\/en\/main-altarpiece\/\" aria-label=\"colegiata-de-bolea-huesca-retablo-mayor-vista-general-home\" class=\"w-image-h\"><img decoding=\"async\" width=\"962\" height=\"1600\" src=\"https:\/\/colegiatadebolea.es\/wp-content\/uploads\/colegiata-de-bolea-huesca-retablo-mayor-vista-general-home.jpg\" class=\"attachment-full size-full\" alt=\"\" loading=\"lazy\" srcset=\"https:\/\/colegiatadebolea.es\/wp-content\/uploads\/colegiata-de-bolea-huesca-retablo-mayor-vista-general-home.jpg 962w, https:\/\/colegiatadebolea.es\/wp-content\/uploads\/colegiata-de-bolea-huesca-retablo-mayor-vista-general-home-180x300.jpg 180w, https:\/\/colegiatadebolea.es\/wp-content\/uploads\/colegiata-de-bolea-huesca-retablo-mayor-vista-general-home-616x1024.jpg 616w, https:\/\/colegiatadebolea.es\/wp-content\/uploads\/colegiata-de-bolea-huesca-retablo-mayor-vista-general-home-924x1536.jpg 924w, https:\/\/colegiatadebolea.es\/wp-content\/uploads\/colegiata-de-bolea-huesca-retablo-mayor-vista-general-home-600x998.jpg 600w, https:\/\/colegiatadebolea.es\/wp-content\/uploads\/colegiata-de-bolea-huesca-retablo-mayor-vista-general-home-550x915.jpg 550w, https:\/\/colegiatadebolea.es\/wp-content\/uploads\/colegiata-de-bolea-huesca-retablo-mayor-vista-general-home-500x832.jpg 500w, https:\/\/colegiatadebolea.es\/wp-content\/uploads\/colegiata-de-bolea-huesca-retablo-mayor-vista-general-home-450x748.jpg 450w, https:\/\/colegiatadebolea.es\/wp-content\/uploads\/colegiata-de-bolea-huesca-retablo-mayor-vista-general-home-400x665.jpg 400w, https:\/\/colegiatadebolea.es\/wp-content\/uploads\/colegiata-de-bolea-huesca-retablo-mayor-vista-general-home-350x582.jpg 350w, https:\/\/colegiatadebolea.es\/wp-content\/uploads\/colegiata-de-bolea-huesca-retablo-mayor-vista-general-home-300x499.jpg 300w, https:\/\/colegiatadebolea.es\/wp-content\/uploads\/colegiata-de-bolea-huesca-retablo-mayor-vista-general-home-250x416.jpg 250w, https:\/\/colegiatadebolea.es\/wp-content\/uploads\/colegiata-de-bolea-huesca-retablo-mayor-vista-general-home-200x333.jpg 200w, https:\/\/colegiatadebolea.es\/wp-content\/uploads\/colegiata-de-bolea-huesca-retablo-mayor-vista-general-home-175x291.jpg 175w, https:\/\/colegiatadebolea.es\/wp-content\/uploads\/colegiata-de-bolea-huesca-retablo-mayor-vista-general-home-150x250.jpg 150w, https:\/\/colegiatadebolea.es\/wp-content\/uploads\/colegiata-de-bolea-huesca-retablo-mayor-vista-general-home-125x208.jpg 125w, https:\/\/colegiatadebolea.es\/wp-content\/uploads\/colegiata-de-bolea-huesca-retablo-mayor-vista-general-home-100x166.jpg 100w, https:\/\/colegiatadebolea.es\/wp-content\/uploads\/colegiata-de-bolea-huesca-retablo-mayor-vista-general-home-75x125.jpg 75w, https:\/\/colegiatadebolea.es\/wp-content\/uploads\/colegiata-de-bolea-huesca-retablo-mayor-vista-general-home-50x83.jpg 50w, https:\/\/colegiatadebolea.es\/wp-content\/uploads\/colegiata-de-bolea-huesca-retablo-mayor-vista-general-home-25x42.jpg 25w, https:\/\/colegiatadebolea.es\/wp-content\/uploads\/colegiata-de-bolea-huesca-retablo-mayor-vista-general-home-361x600.jpg 361w, https:\/\/colegiatadebolea.es\/wp-content\/uploads\/colegiata-de-bolea-huesca-retablo-mayor-vista-general-home-331x550.jpg 331w, https:\/\/colegiatadebolea.es\/wp-content\/uploads\/colegiata-de-bolea-huesca-retablo-mayor-vista-general-home-301x500.jpg 301w, https:\/\/colegiatadebolea.es\/wp-content\/uploads\/colegiata-de-bolea-huesca-retablo-mayor-vista-general-home-271x450.jpg 271w, https:\/\/colegiatadebolea.es\/wp-content\/uploads\/colegiata-de-bolea-huesca-retablo-mayor-vista-general-home-241x400.jpg 241w, https:\/\/colegiatadebolea.es\/wp-content\/uploads\/colegiata-de-bolea-huesca-retablo-mayor-vista-general-home-120x200.jpg 120w, https:\/\/colegiatadebolea.es\/wp-content\/uploads\/colegiata-de-bolea-huesca-retablo-mayor-vista-general-home-105x175.jpg 105w, https:\/\/colegiatadebolea.es\/wp-content\/uploads\/colegiata-de-bolea-huesca-retablo-mayor-vista-general-home-90x150.jpg 90w, https:\/\/colegiatadebolea.es\/wp-content\/uploads\/colegiata-de-bolea-huesca-retablo-mayor-vista-general-home-60x100.jpg 60w, https:\/\/colegiatadebolea.es\/wp-content\/uploads\/colegiata-de-bolea-huesca-retablo-mayor-vista-general-home-45x75.jpg 45w, https:\/\/colegiatadebolea.es\/wp-content\/uploads\/colegiata-de-bolea-huesca-retablo-mayor-vista-general-home-30x50.jpg 30w, https:\/\/colegiatadebolea.es\/wp-content\/uploads\/colegiata-de-bolea-huesca-retablo-mayor-vista-general-home-15x25.jpg 15w\" sizes=\"auto, (max-width: 962px) 100vw, 962px\" \/><\/a><\/div><\/div><\/div><\/div><\/div><\/div><\/div><\/div><\/section><section class=\"l-section wpb_row us_custom_4f6507fa height_medium with_shape\"><div class=\"l-section-shape type_custom pos_bottom\" style=\"height:30%;\"><svg xmlns=\"http:\/\/www.w3.org\/2000\/svg\" viewBox=\"0 0 64 8\" preserveAspectRatio=\"none\" width=\"100%\" height=\"100%\">\r\n\t<path fill=\"currentColor\" d=\"M64 8 L0 8 L0 0 L64 0 Z\"\/>\r\n<\/svg><\/div><div class=\"l-section-h i-cf\"><div class=\"g-cols vc_row via_grid cols_1 laptops-cols_inherit tablets-cols_inherit mobiles-cols_1 valign_top type_default stacking_default\"><div class=\"wpb_column vc_column_container\"><div class=\"vc_column-inner\"><div class=\"w-separator hide_on_default hide_on_laptops hide_on_tablets size_medium\"><\/div><div class=\"w-separator hide_on_default hide_on_laptops hide_on_tablets size_medium\"><\/div><div class=\"g-cols wpb_row us_custom_e721dfae has_text_color via_grid cols_2 laptops-cols_inherit tablets-cols_inherit mobiles-cols_1 valign_top type_default stacking_default\" style=\"--columns-gap:2rem;\"><div class=\"wpb_column vc_column_container\"><div class=\"vc_column-inner\"><div class=\"w-html\">\n<style>\n\t#hotspot-9531 .hotspots-image-container,\n\t#hotspot-9531 .leaflet-container {\n\t\tbackground: #efefef\t}\n\n\t#hotspot-9531 .hotspots-placeholder {\n\t\tbackground: #2E2D29;\n\t\tborder: 0 #2E2D29 solid;\n\t\tcolor: #ffffff;\n\t}\n\n\t#hotspot-9531 .hotspot-title {\n\t\tcolor: #b5161a;\n\t}\n\n\t\t\t#hotspot-9531 .hotspot-default {\n\t\t\tstroke-width: -1;\n\t\t\tfill: #ffffff;\n\t\t\tfill-opacity: 0;\n\t\t\tstroke: #ffffff;\n\t\t\tstroke-opacity: 0;\n\t\t}\n\t\t#hotspot-9531 .hotspot-default:hover,\n\t\t#hotspot-9531 .hotspot-default:focus-visible,\n\t\t#hotspot-9531 .hotspot-default.hotspot-active {\n\t\t\tfill: #b5161a;\n\t\t\tfill-opacity: 0.51;\n\t\t\tstroke: #2b2c36;\n\t\t\tstroke-opacity: 0.51;\n\t\t}\n\t\t#hotspot-9531 .leaflet-tooltip,\n\t#hotspot-9531 .leaflet-rrose-content-wrapper {\n\t\tbackground: #2E2D29;\n\t\tborder-color: #2E2D29;\n\t\tcolor: #ffffff;\n\t}\n\n\t#hotspot-9531 a.leaflet-rrose-close-button {\n\t\tcolor: #b5161a;\n\t}\n\n\t#hotspot-9531 .leaflet-rrose-tip {\n\t\tbackground: #2E2D29;\n\t}\n\n\t#hotspot-9531 .leaflet-popup-scrolled {\n\t\tborder-bottom-color: #ffffff;\n\t\tborder-top-color: #ffffff;\n\t}\n\n\t#hotspot-9531 .leaflet-tooltip-top:before {\n\t\tborder-top-color: #2E2D29;\n\t}\n\n\t#hotspot-9531 .leaflet-tooltip-bottom:before {\n\t\tborder-bottom-color: #2E2D29;\n\t}\n\t#hotspot-9531 .leaflet-tooltip-left:before {\n\t\tborder-left-color: #2E2D29;\n\t}\n\t#hotspot-9531 .leaflet-tooltip-right:before {\n\t\tborder-right-color: #2E2D29;\n\t}\n<\/style>\n\n\t\n\t<div class=\"hotspots-container links-only layout-left event-click\" id=\"hotspot-9531\" data-layout=\"left\" data-trigger=\"click\">\n\t\t<div class=\"hotspots-interaction\">\n\t\t\t<div class=\"hotspots-image-container\">\n\t<img\n\t\twidth=\"1024\"\n\t\theight=\"746\"\n\t\tsrc=\"https:\/\/colegiatadebolea.es\/wp-content\/uploads\/colegiata-de-bolea-huesca-plano-planta-localizaciones-002.jpg\"\n\t\talt=\"Colegiata\"\n\t\tclass=\"hotspots-image skip-lazy\"\n\t\tusemap=\"#hotspots-image-9531\"\n\t\tdata-image-title=\"Colegiata\"\n\t\tdata-image-description=\"\"\n\t\tdata-event-trigger=\"click\"\n\t\tdata-always-visible=\"false\"\n\t\tdata-id=\"9531\"\n\t\tdata-no-lazy=\"1\"\n\t\tdata-lazy-src=\"\"\n\t\tdata-lazy=\"false\"\n\t\tloading=\"eager\"\n\t\tdata-skip-lazy=\"1\"\n\t\t>\n<\/div>\t\t<\/div>\n\t\t<map name=\"hotspots-image-9531\" class=\"hotspots-map\">\n\t\t\t\t\t\t\t\t\t\t\t<area\n\t\t\t\t\tshape=\"polygon\"\n\t\t\t\t\tcoords=\"716,441,716,300,852,300,852,441\"\n\t\t\t\t\thref=\"https:\/\/colegiatadebolea.es\/retablo-mayor\/\"\n\t\t\t\t\trel=\"\"\n\t\t\t\t\ttitle=\"\"\n\t\t\t\t\talt=\"\"\n\t\t\t\t\tdata-action=\"url\"\n\t\t\t\t\tdata-color-scheme=\"\"\n\t\t\t\t\ttarget=\"\"\n\t\t\t\t\tclass=\"url-area\"\n\t\t\t\t\t>\n\t\t\t\t\t\t\t\t\t\t\t<area\n\t\t\t\t\tshape=\"polygon\"\n\t\t\t\t\tcoords=\"716,277,716,187,780,187,780,277\"\n\t\t\t\t\thref=\"https:\/\/colegiatadebolea.es\/retablo-de-san-sebastian\/\"\n\t\t\t\t\trel=\"\"\n\t\t\t\t\ttitle=\"\"\n\t\t\t\t\talt=\"\"\n\t\t\t\t\tdata-action=\"url\"\n\t\t\t\t\tdata-color-scheme=\"\"\n\t\t\t\t\ttarget=\"\"\n\t\t\t\t\tclass=\"url-area\"\n\t\t\t\t\t>\n\t\t\t\t\t\t\t\t\t\t\t<area\n\t\t\t\t\tshape=\"polygon\"\n\t\t\t\t\tcoords=\"741,533,741,473,817,473,817,533\"\n\t\t\t\t\thref=\"https:\/\/colegiatadebolea.es\/retablo-de-santiago\/\"\n\t\t\t\t\trel=\"\"\n\t\t\t\t\ttitle=\"\"\n\t\t\t\t\talt=\"\"\n\t\t\t\t\tdata-action=\"url\"\n\t\t\t\t\tdata-color-scheme=\"\"\n\t\t\t\t\ttarget=\"\"\n\t\t\t\t\tclass=\"url-area\"\n\t\t\t\t\t>\n\t\t\t\t\t\t\t\t\t\t\t<area\n\t\t\t\t\tshape=\"polygon\"\n\t\t\t\t\tcoords=\"603,635,603,559,688,559,688,635\"\n\t\t\t\t\thref=\"https:\/\/colegiatadebolea.es\/retablos-barrocos\/\"\n\t\t\t\t\trel=\"\"\n\t\t\t\t\ttitle=\"\"\n\t\t\t\t\talt=\"\"\n\t\t\t\t\tdata-action=\"url\"\n\t\t\t\t\tdata-color-scheme=\"\"\n\t\t\t\t\ttarget=\"\"\n\t\t\t\t\tclass=\"url-area\"\n\t\t\t\t\t>\n\t\t\t\t\t\t\t\t\t\t\t<area\n\t\t\t\t\tshape=\"polygon\"\n\t\t\t\t\tcoords=\"586,180,586,104,684,104,684,180\"\n\t\t\t\t\thref=\"https:\/\/colegiatadebolea.es\/retablos-barrocos\/\"\n\t\t\t\t\trel=\"\"\n\t\t\t\t\ttitle=\"\"\n\t\t\t\t\talt=\"\"\n\t\t\t\t\tdata-action=\"url\"\n\t\t\t\t\tdata-color-scheme=\"\"\n\t\t\t\t\ttarget=\"\"\n\t\t\t\t\tclass=\"url-area\"\n\t\t\t\t\t>\n\t\t\t\t\t\t\t\t\t\t\t<area\n\t\t\t\t\tshape=\"polygon\"\n\t\t\t\t\tcoords=\"442,179,442,103,540,103,540,179\"\n\t\t\t\t\thref=\"https:\/\/colegiatadebolea.es\/retablos-barrocos\/\"\n\t\t\t\t\trel=\"\"\n\t\t\t\t\ttitle=\"\"\n\t\t\t\t\talt=\"\"\n\t\t\t\t\tdata-action=\"url\"\n\t\t\t\t\tdata-color-scheme=\"\"\n\t\t\t\t\ttarget=\"\"\n\t\t\t\t\tclass=\"url-area\"\n\t\t\t\t\t>\n\t\t\t\t\t\t\t\t\t\t\t<area\n\t\t\t\t\tshape=\"polygon\"\n\t\t\t\t\tcoords=\"289,179,289,104,395,104,395,179\"\n\t\t\t\t\thref=\"https:\/\/colegiatadebolea.es\/retablos-barrocos\/\"\n\t\t\t\t\trel=\"\"\n\t\t\t\t\ttitle=\"\"\n\t\t\t\t\talt=\"\"\n\t\t\t\t\tdata-action=\"url\"\n\t\t\t\t\tdata-color-scheme=\"\"\n\t\t\t\t\ttarget=\"\"\n\t\t\t\t\tclass=\"url-area\"\n\t\t\t\t\t>\n\t\t\t\t\t\t\t\t\t\t\t<area\n\t\t\t\t\tshape=\"polygon\"\n\t\t\t\t\tcoords=\"294,601,294,555,396,555,396,601\"\n\t\t\t\t\thref=\"https:\/\/colegiatadebolea.es\/retablos-barrocos\/\"\n\t\t\t\t\trel=\"\"\n\t\t\t\t\ttitle=\"\"\n\t\t\t\t\talt=\"\"\n\t\t\t\t\tdata-action=\"url\"\n\t\t\t\t\tdata-color-scheme=\"\"\n\t\t\t\t\ttarget=\"\"\n\t\t\t\t\tclass=\"url-area\"\n\t\t\t\t\t>\n\t\t\t\t\t\t\t\t\t\t\t<area\n\t\t\t\t\tshape=\"polygon\"\n\t\t\t\t\tcoords=\"94,443,94,299,263,299,263,443\"\n\t\t\t\t\thref=\"https:\/\/colegiatadebolea.es\/coro\/\"\n\t\t\t\t\trel=\"\"\n\t\t\t\t\ttitle=\"\"\n\t\t\t\t\talt=\"\"\n\t\t\t\t\tdata-action=\"url\"\n\t\t\t\t\tdata-color-scheme=\"\"\n\t\t\t\t\ttarget=\"\"\n\t\t\t\t\tclass=\"url-area\"\n\t\t\t\t\t>\n\t\t\t\t\t\t\t\t\t\t\t<area\n\t\t\t\t\tshape=\"polygon\"\n\t\t\t\t\tcoords=\"113,285,113,248,200,248,200,285\"\n\t\t\t\t\thref=\"https:\/\/colegiatadebolea.es\/organo\"\n\t\t\t\t\trel=\"\"\n\t\t\t\t\ttitle=\"\"\n\t\t\t\t\talt=\"\"\n\t\t\t\t\tdata-action=\"url\"\n\t\t\t\t\tdata-color-scheme=\"\"\n\t\t\t\t\ttarget=\"\"\n\t\t\t\t\tclass=\"url-area\"\n\t\t\t\t\t>\n\t\t\t\t\t<\/map>\n\n\t\t\n\t\t\t\t\t\t\t\t\t\t\t\t\t\t\t\t\t\t\t\t\t\t\t\t\t\t\t\t\t\t\t\t\t<\/div>\n\n<\/div><div class=\"w-separator size_small\"><\/div><div class=\"w-hwrapper valign_baseline align_center\"><div class=\"w-image us_custom_3dba30f2 align_center\"><div class=\"w-image-h\"><img decoding=\"async\" src=\"https:\/\/colegiatadebolea.es\/wp-content\/uploads\/colegiata-de-bolea-huesca-cruz-consagracion.svg\" class=\"attachment-full size-full\" alt=\"\" loading=\"lazy\" \/><\/div><\/div><\/div><div class=\"w-separator size_small\"><\/div><\/div><\/div><div class=\"wpb_column vc_column_container\"><div class=\"vc_column-inner\"><div class=\"w-separator size_small\"><\/div><h5 class=\"w-text us_custom_14e39d83 has_text_color\"><a href=\"https:\/\/colegiatadebolea.es\/en\/the-collegiate\/\" class=\"w-text-h\"><span class=\"w-text-value\">THE COLLEGIATE<\/span><\/a><\/h5><div class=\"w-separator size_custom with_line width_default thick_1 style_solid color_border align_center\" style=\"height:0.8rem\"><div class=\"w-separator-h\"><\/div><\/div><div class=\"w-hwrapper us_custom_8f724e75 valign_baseline wrap align_left\" style=\"--hwrapper-gap:0.8rem\"><h5 class=\"w-text us_custom_8f56185d has_text_color\"><span class=\"w-text-h\"><span class=\"w-text-value\">1<\/span><\/span><\/h5><h6 class=\"w-text us_custom_8174b2f9\"><a href=\"https:\/\/colegiatadebolea.es\/en\/main-altarpiece\/\" class=\"w-text-h\"><span class=\"w-text-value\">Main Altarpiece<\/span><\/a><\/h6><\/div><div class=\"w-separator size_custom with_line width_default thick_1 style_solid color_border align_center\" style=\"height:0.8rem\"><div class=\"w-separator-h\"><\/div><\/div><div class=\"w-hwrapper us_custom_8f724e75 valign_baseline wrap align_left\" style=\"--hwrapper-gap:0.8rem\"><h5 class=\"w-text us_custom_8f56185d has_text_color\"><span class=\"w-text-h\"><span class=\"w-text-value\">2<\/span><\/span><\/h5><h6 class=\"w-text us_custom_8174b2f9\"><a href=\"https:\/\/colegiatadebolea.es\/en\/altarpiece-of-san-sebastian\/\" class=\"w-text-h\"><span class=\"w-text-value\">Altarpiece of San Sebastian<\/span><\/a><\/h6><\/div><div class=\"w-separator size_custom with_line width_default thick_1 style_solid color_border align_center\" style=\"height:0.8rem\"><div class=\"w-separator-h\"><\/div><\/div><div class=\"w-hwrapper us_custom_8f724e75 valign_baseline wrap align_left\" style=\"--hwrapper-gap:0.8rem\"><h5 class=\"w-text us_custom_8f56185d has_text_color\"><span class=\"w-text-h\"><span class=\"w-text-value\">3<\/span><\/span><\/h5><h6 class=\"w-text us_custom_8174b2f9\"><a href=\"https:\/\/colegiatadebolea.es\/en\/altarpiece-of-santiago\/\" class=\"w-text-h\"><span class=\"w-text-value\">Altarpiece of Santiago<\/span><\/a><\/h6><\/div><div class=\"w-separator size_custom with_line width_default thick_1 style_solid color_border align_center\" style=\"height:0.8rem\"><div class=\"w-separator-h\"><\/div><\/div><div class=\"w-hwrapper us_custom_6a3ca099 valign_middle wrap align_left\" style=\"--hwrapper-gap:0.8rem\"><div class=\"w-vwrapper us_custom_1eab597e align_none valign_top\"><h5 class=\"w-text us_custom_8f56185d has_text_color\"><span class=\"w-text-h\"><span class=\"w-text-value\">4, 5, 6<\/span><\/span><\/h5><h5 class=\"w-text us_custom_8f56185d has_text_color\"><span class=\"w-text-h\"><span class=\"w-text-value\">7, 8<\/span><\/span><\/h5><\/div><h6 class=\"w-text us_custom_8174b2f9\"><a href=\"https:\/\/colegiatadebolea.es\/en\/baroque-altarpieces\/\" class=\"w-text-h\"><span class=\"w-text-value\">Baroque Altarpieces<\/span><\/a><\/h6><\/div><div class=\"w-separator size_custom with_line width_default thick_1 style_solid color_border align_center\" style=\"height:0.8rem\"><div class=\"w-separator-h\"><\/div><\/div><div class=\"w-hwrapper us_custom_8f724e75 valign_baseline wrap align_left\" style=\"--hwrapper-gap:0.8rem\"><h5 class=\"w-text us_custom_8f56185d has_text_color\"><span class=\"w-text-h\"><span class=\"w-text-value\">9<\/span><\/span><\/h5><h6 class=\"w-text us_custom_efd8b5d7\"><a href=\"https:\/\/colegiatadebolea.es\/en\/choir\/\" class=\"w-text-h\"><span class=\"w-text-value\">Choir<\/span><\/a><\/h6><\/div><div class=\"w-separator size_custom with_line width_default thick_1 style_solid color_border align_center\" style=\"height:0.8rem\"><div class=\"w-separator-h\"><\/div><\/div><div class=\"w-hwrapper us_custom_8f724e75 valign_baseline wrap align_left\" style=\"--hwrapper-gap:0.8rem\"><h5 class=\"w-text us_custom_8f56185d has_text_color\"><span class=\"w-text-h\"><span class=\"w-text-value\">10<\/span><\/span><\/h5><h6 class=\"w-text us_custom_efd8b5d7\"><a href=\"https:\/\/colegiatadebolea.es\/en\/organ\/\" class=\"w-text-h\"><span class=\"w-text-value\">Organ<\/span><\/a><\/h6><\/div><div class=\"w-separator size_custom with_line width_default thick_1 style_solid color_border align_center\" style=\"height:0.8rem\"><div class=\"w-separator-h\"><\/div><\/div><\/div><\/div><\/div><\/div><\/div><\/div><\/div><\/section><section class=\"l-section wpb_row height_medium\"><div class=\"l-section-h i-cf\"><div class=\"g-cols vc_row via_grid cols_1 laptops-cols_inherit tablets-cols_inherit mobiles-cols_1 valign_top type_default stacking_default\"><div class=\"wpb_column vc_column_container\"><div class=\"vc_column-inner\"><div class=\"wpb_text_column us_custom_99dce4f6\"><div class=\"wpb_wrapper\"><h2 style=\"text-align: center;\">Last News<\/h2>\n<\/div><\/div><div class=\"wpb_text_column\"><div class=\"wpb_wrapper\"><p style=\"text-align: center;\">Our blog<\/p>\n<\/div><\/div><div class=\"w-separator size_medium\"><\/div><div class=\"g-cols wpb_row via_grid cols_1 laptops-cols_inherit tablets-cols_1 mobiles-cols_1 valign_middle type_default stacking_default\" style=\"--columns-gap:3rem;\"><div class=\"wpb_column vc_column_container\"><div class=\"vc_column-inner\"><div class=\"w-grid type_grid layout_10259 cols_2\" id=\"us_grid_1\" style=\"--columns:2;--gap:1.5rem;\" data-filterable=\"true\"><style>@media (max-width:600px){#us_grid_1{--columns:1!important}}@media (min-width:1024px){#us_grid_1 .w-post-elm.post_title{font-size:1.4rem!important}}.layout_10259 .w-grid-item-h{}.layout_10259 .usg_hwrapper_1{color:var(--color-content-text)!important;margin-right:10%!important;padding-top:6%!important;padding-bottom:6%!important;background:var(--color-content-bg-alt)!important}.layout_10259 .usg_vwrapper_1{width:48%!important;margin-left:6%!important;margin-right:0!important}.layout_10259 .usg_post_image_1{width:50%!important;margin-left:7%!important;margin-right:-11%!important}.layout_10259 .usg_post_date_1{font-size:0.9rem!important}.layout_10259 .usg_post_title_1{font-weight:700!important;line-height:1.2!important}.layout_10259 .usg_post_content_1{font-size:0.9rem!important}@media (max-width:600px){.layout_10259 .usg_hwrapper_1{margin-left:0!important;margin-right:0!important;padding-top:0!important;padding-bottom:0!important}.layout_10259 .usg_vwrapper_1{width:86%!important;margin:7% 7% 5% 7%!important}.layout_10259 .usg_post_image_1{width:100%!important;margin-left:0!important;margin-right:0!important}}<\/style><div class=\"w-grid-list\">\t<article class=\"w-grid-item size_1x1 post-11446 post type-post status-publish format-standard has-post-thumbnail hentry category-2025-en category-concerts category-the-collegiate-church-of-bolea\" data-id=\"11446\">\r\n\t\t<div class=\"w-grid-item-h\">\r\n\t\t\t\t\t\t<div class=\"w-hwrapper usg_hwrapper_1 has_text_color align_none valign_center wrap\"><div class=\"w-vwrapper usg_vwrapper_1 align_none valign_top\"><time class=\"w-post-elm post_date usg_post_date_1 entry-date published\" datetime=\"2025-10-16T19:38:53+02:00\" title=\"16 October 2025 at 19:38:53 Europe\/Madrid\">7 months ago<\/time><h2 class=\"w-post-elm post_title usg_post_title_1 entry-title color_link_inherit\"><a href=\"https:\/\/colegiatadebolea.es\/en\/journey-of-the-holy-grail-through-the-lands-of-huesca-ser-historia\/\">Journey of the Holy Grail through the lands of Huesca. SER Historia<\/a><\/h2><div class=\"w-post-elm post_content usg_post_content_1\">SER Historia from Cadena SER with Radio Huesca will present a special program traveling to Bolea. Journey of the Holy Grail through the lands of Huesca Listen to the program&hellip;<\/div><\/div><div class=\"w-post-elm post_image usg_post_image_1 has_width stretched\"><a href=\"https:\/\/colegiatadebolea.es\/en\/journey-of-the-holy-grail-through-the-lands-of-huesca-ser-historia\/\" aria-label=\"Journey of the Holy Grail through the lands of Huesca. SER Historia\"><img loading=\"lazy\" decoding=\"async\" width=\"768\" height=\"1024\" src=\"https:\/\/colegiatadebolea.es\/wp-content\/uploads\/colegiata-de-bolea-huesca-actualidad-ser-historia-cadena-ser-grial-id-768x1024.jpg\" class=\"attachment-large size-large wp-post-image\" alt=\"\" srcset=\"https:\/\/colegiatadebolea.es\/wp-content\/uploads\/colegiata-de-bolea-huesca-actualidad-ser-historia-cadena-ser-grial-id-768x1024.jpg 768w, https:\/\/colegiatadebolea.es\/wp-content\/uploads\/colegiata-de-bolea-huesca-actualidad-ser-historia-cadena-ser-grial-id-225x300.jpg 225w, https:\/\/colegiatadebolea.es\/wp-content\/uploads\/colegiata-de-bolea-huesca-actualidad-ser-historia-cadena-ser-grial-id-600x800.jpg 600w, https:\/\/colegiatadebolea.es\/wp-content\/uploads\/colegiata-de-bolea-huesca-actualidad-ser-historia-cadena-ser-grial-id-550x733.jpg 550w, https:\/\/colegiatadebolea.es\/wp-content\/uploads\/colegiata-de-bolea-huesca-actualidad-ser-historia-cadena-ser-grial-id-500x667.jpg 500w, https:\/\/colegiatadebolea.es\/wp-content\/uploads\/colegiata-de-bolea-huesca-actualidad-ser-historia-cadena-ser-grial-id-450x600.jpg 450w, https:\/\/colegiatadebolea.es\/wp-content\/uploads\/colegiata-de-bolea-huesca-actualidad-ser-historia-cadena-ser-grial-id-400x533.jpg 400w, https:\/\/colegiatadebolea.es\/wp-content\/uploads\/colegiata-de-bolea-huesca-actualidad-ser-historia-cadena-ser-grial-id-350x467.jpg 350w, https:\/\/colegiatadebolea.es\/wp-content\/uploads\/colegiata-de-bolea-huesca-actualidad-ser-historia-cadena-ser-grial-id-300x400.jpg 300w, https:\/\/colegiatadebolea.es\/wp-content\/uploads\/colegiata-de-bolea-huesca-actualidad-ser-historia-cadena-ser-grial-id-250x333.jpg 250w, https:\/\/colegiatadebolea.es\/wp-content\/uploads\/colegiata-de-bolea-huesca-actualidad-ser-historia-cadena-ser-grial-id-200x267.jpg 200w, https:\/\/colegiatadebolea.es\/wp-content\/uploads\/colegiata-de-bolea-huesca-actualidad-ser-historia-cadena-ser-grial-id-175x233.jpg 175w, https:\/\/colegiatadebolea.es\/wp-content\/uploads\/colegiata-de-bolea-huesca-actualidad-ser-historia-cadena-ser-grial-id-150x200.jpg 150w, https:\/\/colegiatadebolea.es\/wp-content\/uploads\/colegiata-de-bolea-huesca-actualidad-ser-historia-cadena-ser-grial-id-125x167.jpg 125w, https:\/\/colegiatadebolea.es\/wp-content\/uploads\/colegiata-de-bolea-huesca-actualidad-ser-historia-cadena-ser-grial-id-100x133.jpg 100w, https:\/\/colegiatadebolea.es\/wp-content\/uploads\/colegiata-de-bolea-huesca-actualidad-ser-historia-cadena-ser-grial-id-75x100.jpg 75w, https:\/\/colegiatadebolea.es\/wp-content\/uploads\/colegiata-de-bolea-huesca-actualidad-ser-historia-cadena-ser-grial-id-50x67.jpg 50w, https:\/\/colegiatadebolea.es\/wp-content\/uploads\/colegiata-de-bolea-huesca-actualidad-ser-historia-cadena-ser-grial-id-25x33.jpg 25w, https:\/\/colegiatadebolea.es\/wp-content\/uploads\/colegiata-de-bolea-huesca-actualidad-ser-historia-cadena-ser-grial-id-413x550.jpg 413w, https:\/\/colegiatadebolea.es\/wp-content\/uploads\/colegiata-de-bolea-huesca-actualidad-ser-historia-cadena-ser-grial-id-375x500.jpg 375w, https:\/\/colegiatadebolea.es\/wp-content\/uploads\/colegiata-de-bolea-huesca-actualidad-ser-historia-cadena-ser-grial-id-338x450.jpg 338w, https:\/\/colegiatadebolea.es\/wp-content\/uploads\/colegiata-de-bolea-huesca-actualidad-ser-historia-cadena-ser-grial-id-188x250.jpg 188w, https:\/\/colegiatadebolea.es\/wp-content\/uploads\/colegiata-de-bolea-huesca-actualidad-ser-historia-cadena-ser-grial-id-131x175.jpg 131w, https:\/\/colegiatadebolea.es\/wp-content\/uploads\/colegiata-de-bolea-huesca-actualidad-ser-historia-cadena-ser-grial-id-113x150.jpg 113w, https:\/\/colegiatadebolea.es\/wp-content\/uploads\/colegiata-de-bolea-huesca-actualidad-ser-historia-cadena-ser-grial-id-94x125.jpg 94w, https:\/\/colegiatadebolea.es\/wp-content\/uploads\/colegiata-de-bolea-huesca-actualidad-ser-historia-cadena-ser-grial-id-56x75.jpg 56w, https:\/\/colegiatadebolea.es\/wp-content\/uploads\/colegiata-de-bolea-huesca-actualidad-ser-historia-cadena-ser-grial-id-38x50.jpg 38w, https:\/\/colegiatadebolea.es\/wp-content\/uploads\/colegiata-de-bolea-huesca-actualidad-ser-historia-cadena-ser-grial-id-19x25.jpg 19w, https:\/\/colegiatadebolea.es\/wp-content\/uploads\/colegiata-de-bolea-huesca-actualidad-ser-historia-cadena-ser-grial-id.jpg 900w\" sizes=\"auto, (max-width: 768px) 100vw, 768px\" \/><\/a><\/div><\/div>\t\t<\/div>\r\n\t\t\t<\/article>\r\n\t<article class=\"w-grid-item size_1x1 post-11406 post type-post status-publish format-standard has-post-thumbnail hentry category-2025-en category-concerts category-enclaves-en category-the-collegiate-church-of-bolea\" data-id=\"11406\">\r\n\t\t<div class=\"w-grid-item-h\">\r\n\t\t\t\t\t\t<div class=\"w-hwrapper usg_hwrapper_1 has_text_color align_none valign_center wrap\"><div class=\"w-vwrapper usg_vwrapper_1 align_none valign_top\"><time class=\"w-post-elm post_date usg_post_date_1 entry-date published\" datetime=\"2025-10-13T00:39:06+02:00\" title=\"13 October 2025 at 00:39:06 Europe\/Madrid\">7 months ago<\/time><h2 class=\"w-post-elm post_title usg_post_title_1 entry-title color_link_inherit\"><a href=\"https:\/\/colegiatadebolea.es\/en\/ara-mundi-salve-festa-dies-at-the-collegiate-church-of-bolea\/\">Ara Mundi Salve, festa dies at the Collegiate Church of Bolea<\/a><\/h2><div class=\"w-post-elm post_content usg_post_content_1\">Footage from the performance on October 11, 2025, at the Collegiate Church of Bolea: Ara Mundi, Javier Ares (voice) and Fer Ballar\u00edn (instrumentation) will perform their program Salve, festa dies.&hellip;<\/div><\/div><div class=\"w-post-elm post_image usg_post_image_1 has_width stretched\"><a href=\"https:\/\/colegiatadebolea.es\/en\/ara-mundi-salve-festa-dies-at-the-collegiate-church-of-bolea\/\" aria-label=\"Ara Mundi Salve, festa dies at the Collegiate Church of Bolea\"><img loading=\"lazy\" decoding=\"async\" width=\"1024\" height=\"764\" src=\"https:\/\/colegiatadebolea.es\/wp-content\/uploads\/colegiata-de-bolea-huesca-actualidad-enclaves-2025-id-1024x764.jpg\" class=\"attachment-large size-large wp-post-image\" alt=\"\" srcset=\"https:\/\/colegiatadebolea.es\/wp-content\/uploads\/colegiata-de-bolea-huesca-actualidad-enclaves-2025-id-1024x764.jpg 1024w, https:\/\/colegiatadebolea.es\/wp-content\/uploads\/colegiata-de-bolea-huesca-actualidad-enclaves-2025-id-300x224.jpg 300w, https:\/\/colegiatadebolea.es\/wp-content\/uploads\/colegiata-de-bolea-huesca-actualidad-enclaves-2025-id-600x448.jpg 600w, https:\/\/colegiatadebolea.es\/wp-content\/uploads\/colegiata-de-bolea-huesca-actualidad-enclaves-2025-id-550x410.jpg 550w, https:\/\/colegiatadebolea.es\/wp-content\/uploads\/colegiata-de-bolea-huesca-actualidad-enclaves-2025-id-500x373.jpg 500w, https:\/\/colegiatadebolea.es\/wp-content\/uploads\/colegiata-de-bolea-huesca-actualidad-enclaves-2025-id-450x336.jpg 450w, https:\/\/colegiatadebolea.es\/wp-content\/uploads\/colegiata-de-bolea-huesca-actualidad-enclaves-2025-id-400x298.jpg 400w, https:\/\/colegiatadebolea.es\/wp-content\/uploads\/colegiata-de-bolea-huesca-actualidad-enclaves-2025-id-350x261.jpg 350w, https:\/\/colegiatadebolea.es\/wp-content\/uploads\/colegiata-de-bolea-huesca-actualidad-enclaves-2025-id-250x186.jpg 250w, https:\/\/colegiatadebolea.es\/wp-content\/uploads\/colegiata-de-bolea-huesca-actualidad-enclaves-2025-id-200x149.jpg 200w, https:\/\/colegiatadebolea.es\/wp-content\/uploads\/colegiata-de-bolea-huesca-actualidad-enclaves-2025-id-175x131.jpg 175w, https:\/\/colegiatadebolea.es\/wp-content\/uploads\/colegiata-de-bolea-huesca-actualidad-enclaves-2025-id-150x112.jpg 150w, https:\/\/colegiatadebolea.es\/wp-content\/uploads\/colegiata-de-bolea-huesca-actualidad-enclaves-2025-id-125x93.jpg 125w, https:\/\/colegiatadebolea.es\/wp-content\/uploads\/colegiata-de-bolea-huesca-actualidad-enclaves-2025-id-100x75.jpg 100w, https:\/\/colegiatadebolea.es\/wp-content\/uploads\/colegiata-de-bolea-huesca-actualidad-enclaves-2025-id-75x56.jpg 75w, https:\/\/colegiatadebolea.es\/wp-content\/uploads\/colegiata-de-bolea-huesca-actualidad-enclaves-2025-id-50x37.jpg 50w, https:\/\/colegiatadebolea.es\/wp-content\/uploads\/colegiata-de-bolea-huesca-actualidad-enclaves-2025-id-25x19.jpg 25w, https:\/\/colegiatadebolea.es\/wp-content\/uploads\/colegiata-de-bolea-huesca-actualidad-enclaves-2025-id-804x600.jpg 804w, https:\/\/colegiatadebolea.es\/wp-content\/uploads\/colegiata-de-bolea-huesca-actualidad-enclaves-2025-id-737x550.jpg 737w, https:\/\/colegiatadebolea.es\/wp-content\/uploads\/colegiata-de-bolea-huesca-actualidad-enclaves-2025-id-670x500.jpg 670w, https:\/\/colegiatadebolea.es\/wp-content\/uploads\/colegiata-de-bolea-huesca-actualidad-enclaves-2025-id-603x450.jpg 603w, https:\/\/colegiatadebolea.es\/wp-content\/uploads\/colegiata-de-bolea-huesca-actualidad-enclaves-2025-id-536x400.jpg 536w, https:\/\/colegiatadebolea.es\/wp-content\/uploads\/colegiata-de-bolea-huesca-actualidad-enclaves-2025-id-402x300.jpg 402w, https:\/\/colegiatadebolea.es\/wp-content\/uploads\/colegiata-de-bolea-huesca-actualidad-enclaves-2025-id-335x250.jpg 335w, https:\/\/colegiatadebolea.es\/wp-content\/uploads\/colegiata-de-bolea-huesca-actualidad-enclaves-2025-id-268x200.jpg 268w, https:\/\/colegiatadebolea.es\/wp-content\/uploads\/colegiata-de-bolea-huesca-actualidad-enclaves-2025-id-235x175.jpg 235w, https:\/\/colegiatadebolea.es\/wp-content\/uploads\/colegiata-de-bolea-huesca-actualidad-enclaves-2025-id-201x150.jpg 201w, https:\/\/colegiatadebolea.es\/wp-content\/uploads\/colegiata-de-bolea-huesca-actualidad-enclaves-2025-id-168x125.jpg 168w, https:\/\/colegiatadebolea.es\/wp-content\/uploads\/colegiata-de-bolea-huesca-actualidad-enclaves-2025-id-134x100.jpg 134w, https:\/\/colegiatadebolea.es\/wp-content\/uploads\/colegiata-de-bolea-huesca-actualidad-enclaves-2025-id-101x75.jpg 101w, https:\/\/colegiatadebolea.es\/wp-content\/uploads\/colegiata-de-bolea-huesca-actualidad-enclaves-2025-id-67x50.jpg 67w, https:\/\/colegiatadebolea.es\/wp-content\/uploads\/colegiata-de-bolea-huesca-actualidad-enclaves-2025-id-34x25.jpg 34w, https:\/\/colegiatadebolea.es\/wp-content\/uploads\/colegiata-de-bolea-huesca-actualidad-enclaves-2025-id.jpg 1200w\" sizes=\"auto, (max-width: 1024px) 100vw, 1024px\" \/><\/a><\/div><\/div>\t\t<\/div>\r\n\t\t\t<\/article>\r\n\t<article class=\"w-grid-item size_1x1 post-11348 post type-post status-publish format-standard has-post-thumbnail hentry category-2025-en category-concerts category-the-collegiate-church-of-bolea\" data-id=\"11348\">\r\n\t\t<div class=\"w-grid-item-h\">\r\n\t\t\t\t\t\t<div class=\"w-hwrapper usg_hwrapper_1 has_text_color align_none valign_center wrap\"><div class=\"w-vwrapper usg_vwrapper_1 align_none valign_top\"><time class=\"w-post-elm post_date usg_post_date_1 entry-date published\" datetime=\"2025-09-28T10:14:39+02:00\" title=\"28 September 2025 at 10:14:39 Europe\/Madrid\">7 months ago<\/time><h2 class=\"w-post-elm post_title usg_post_title_1 entry-title color_link_inherit\"><a href=\"https:\/\/colegiatadebolea.es\/en\/ser-historia-in-the-collegiate-church-of-bolea\/\">SER Historia in the Collegiate Church of Bolea<\/a><\/h2><div class=\"w-post-elm post_content usg_post_content_1\">SER Historia from Cadena SER with Radio Huesca will present a special program traveling to Bolea. The program will be recorded at the Collegiate Church of Bolea. The public recording&hellip;<\/div><\/div><div class=\"w-post-elm post_image usg_post_image_1 has_width stretched\"><a href=\"https:\/\/colegiatadebolea.es\/en\/ser-historia-in-the-collegiate-church-of-bolea\/\" aria-label=\"SER Historia in the Collegiate Church of Bolea\"><img loading=\"lazy\" decoding=\"async\" width=\"678\" height=\"381\" src=\"https:\/\/colegiatadebolea.es\/wp-content\/uploads\/colegiata-de-bolea-huesca-actualidad-ser-historia-cadena-ser-grabacion.jpg\" class=\"attachment-large size-large wp-post-image\" alt=\"\" srcset=\"https:\/\/colegiatadebolea.es\/wp-content\/uploads\/colegiata-de-bolea-huesca-actualidad-ser-historia-cadena-ser-grabacion.jpg 678w, https:\/\/colegiatadebolea.es\/wp-content\/uploads\/colegiata-de-bolea-huesca-actualidad-ser-historia-cadena-ser-grabacion-300x169.jpg 300w, https:\/\/colegiatadebolea.es\/wp-content\/uploads\/colegiata-de-bolea-huesca-actualidad-ser-historia-cadena-ser-grabacion-600x337.jpg 600w, https:\/\/colegiatadebolea.es\/wp-content\/uploads\/colegiata-de-bolea-huesca-actualidad-ser-historia-cadena-ser-grabacion-550x309.jpg 550w, https:\/\/colegiatadebolea.es\/wp-content\/uploads\/colegiata-de-bolea-huesca-actualidad-ser-historia-cadena-ser-grabacion-500x281.jpg 500w, https:\/\/colegiatadebolea.es\/wp-content\/uploads\/colegiata-de-bolea-huesca-actualidad-ser-historia-cadena-ser-grabacion-450x253.jpg 450w, https:\/\/colegiatadebolea.es\/wp-content\/uploads\/colegiata-de-bolea-huesca-actualidad-ser-historia-cadena-ser-grabacion-400x225.jpg 400w, https:\/\/colegiatadebolea.es\/wp-content\/uploads\/colegiata-de-bolea-huesca-actualidad-ser-historia-cadena-ser-grabacion-350x197.jpg 350w, https:\/\/colegiatadebolea.es\/wp-content\/uploads\/colegiata-de-bolea-huesca-actualidad-ser-historia-cadena-ser-grabacion-250x140.jpg 250w, https:\/\/colegiatadebolea.es\/wp-content\/uploads\/colegiata-de-bolea-huesca-actualidad-ser-historia-cadena-ser-grabacion-200x112.jpg 200w, https:\/\/colegiatadebolea.es\/wp-content\/uploads\/colegiata-de-bolea-huesca-actualidad-ser-historia-cadena-ser-grabacion-175x98.jpg 175w, https:\/\/colegiatadebolea.es\/wp-content\/uploads\/colegiata-de-bolea-huesca-actualidad-ser-historia-cadena-ser-grabacion-150x84.jpg 150w, https:\/\/colegiatadebolea.es\/wp-content\/uploads\/colegiata-de-bolea-huesca-actualidad-ser-historia-cadena-ser-grabacion-125x70.jpg 125w, https:\/\/colegiatadebolea.es\/wp-content\/uploads\/colegiata-de-bolea-huesca-actualidad-ser-historia-cadena-ser-grabacion-100x56.jpg 100w, https:\/\/colegiatadebolea.es\/wp-content\/uploads\/colegiata-de-bolea-huesca-actualidad-ser-historia-cadena-ser-grabacion-75x42.jpg 75w, https:\/\/colegiatadebolea.es\/wp-content\/uploads\/colegiata-de-bolea-huesca-actualidad-ser-historia-cadena-ser-grabacion-50x28.jpg 50w, https:\/\/colegiatadebolea.es\/wp-content\/uploads\/colegiata-de-bolea-huesca-actualidad-ser-historia-cadena-ser-grabacion-25x14.jpg 25w, https:\/\/colegiatadebolea.es\/wp-content\/uploads\/colegiata-de-bolea-huesca-actualidad-ser-historia-cadena-ser-grabacion-534x300.jpg 534w, https:\/\/colegiatadebolea.es\/wp-content\/uploads\/colegiata-de-bolea-huesca-actualidad-ser-historia-cadena-ser-grabacion-445x250.jpg 445w, https:\/\/colegiatadebolea.es\/wp-content\/uploads\/colegiata-de-bolea-huesca-actualidad-ser-historia-cadena-ser-grabacion-356x200.jpg 356w, https:\/\/colegiatadebolea.es\/wp-content\/uploads\/colegiata-de-bolea-huesca-actualidad-ser-historia-cadena-ser-grabacion-311x175.jpg 311w, https:\/\/colegiatadebolea.es\/wp-content\/uploads\/colegiata-de-bolea-huesca-actualidad-ser-historia-cadena-ser-grabacion-267x150.jpg 267w, https:\/\/colegiatadebolea.es\/wp-content\/uploads\/colegiata-de-bolea-huesca-actualidad-ser-historia-cadena-ser-grabacion-222x125.jpg 222w, https:\/\/colegiatadebolea.es\/wp-content\/uploads\/colegiata-de-bolea-huesca-actualidad-ser-historia-cadena-ser-grabacion-178x100.jpg 178w, https:\/\/colegiatadebolea.es\/wp-content\/uploads\/colegiata-de-bolea-huesca-actualidad-ser-historia-cadena-ser-grabacion-133x75.jpg 133w, https:\/\/colegiatadebolea.es\/wp-content\/uploads\/colegiata-de-bolea-huesca-actualidad-ser-historia-cadena-ser-grabacion-89x50.jpg 89w, https:\/\/colegiatadebolea.es\/wp-content\/uploads\/colegiata-de-bolea-huesca-actualidad-ser-historia-cadena-ser-grabacion-44x25.jpg 44w\" sizes=\"auto, (max-width: 678px) 100vw, 678px\" \/><\/a><\/div><\/div>\t\t<\/div>\r\n\t\t\t<\/article>\r\n\t<article class=\"w-grid-item size_1x1 post-11071 post type-post status-publish format-standard has-post-thumbnail hentry category-2025-en category-concerts category-the-collegiate-church-of-bolea\" data-id=\"11071\">\r\n\t\t<div class=\"w-grid-item-h\">\r\n\t\t\t\t\t\t<div class=\"w-hwrapper usg_hwrapper_1 has_text_color align_none valign_center wrap\"><div class=\"w-vwrapper usg_vwrapper_1 align_none valign_top\"><time class=\"w-post-elm post_date usg_post_date_1 entry-date published\" datetime=\"2025-07-23T11:43:07+02:00\" title=\"23 July 2025 at 11:43:07 Europe\/Madrid\">9 months ago<\/time><h2 class=\"w-post-elm post_title usg_post_title_1 entry-title color_link_inherit\"><a href=\"https:\/\/colegiatadebolea.es\/en\/xxxiv-festival-internacional-en-el-camino-de-santiago\/\">XXXIV Festival Internacional en el Camino de Santiago<\/a><\/h2><div class=\"w-post-elm post_content usg_post_content_1\">In the thirty-fourth edition of the International Festival on The Camino de Santiago, the Collegiate Church of Bolea will be the scene of the cello concert by Iris Azquinezer who&hellip;<\/div><\/div><div class=\"w-post-elm post_image usg_post_image_1 has_width stretched\"><a href=\"https:\/\/colegiatadebolea.es\/en\/xxxiv-festival-internacional-en-el-camino-de-santiago\/\" aria-label=\"XXXIV Festival Internacional en el Camino de Santiago\"><img loading=\"lazy\" decoding=\"async\" width=\"1024\" height=\"993\" src=\"https:\/\/colegiatadebolea.es\/wp-content\/uploads\/colegiata-de-bolea-huesca-actualidad-xxiv-festival-camino-de-santiago-2025-1024x993.jpg\" class=\"attachment-large size-large wp-post-image\" alt=\"\" srcset=\"https:\/\/colegiatadebolea.es\/wp-content\/uploads\/colegiata-de-bolea-huesca-actualidad-xxiv-festival-camino-de-santiago-2025-1024x993.jpg 1024w, https:\/\/colegiatadebolea.es\/wp-content\/uploads\/colegiata-de-bolea-huesca-actualidad-xxiv-festival-camino-de-santiago-2025-300x291.jpg 300w, https:\/\/colegiatadebolea.es\/wp-content\/uploads\/colegiata-de-bolea-huesca-actualidad-xxiv-festival-camino-de-santiago-2025-1536x1489.jpg 1536w, https:\/\/colegiatadebolea.es\/wp-content\/uploads\/colegiata-de-bolea-huesca-actualidad-xxiv-festival-camino-de-santiago-2025-600x582.jpg 600w, https:\/\/colegiatadebolea.es\/wp-content\/uploads\/colegiata-de-bolea-huesca-actualidad-xxiv-festival-camino-de-santiago-2025-550x533.jpg 550w, https:\/\/colegiatadebolea.es\/wp-content\/uploads\/colegiata-de-bolea-huesca-actualidad-xxiv-festival-camino-de-santiago-2025-500x485.jpg 500w, https:\/\/colegiatadebolea.es\/wp-content\/uploads\/colegiata-de-bolea-huesca-actualidad-xxiv-festival-camino-de-santiago-2025-450x436.jpg 450w, https:\/\/colegiatadebolea.es\/wp-content\/uploads\/colegiata-de-bolea-huesca-actualidad-xxiv-festival-camino-de-santiago-2025-400x388.jpg 400w, https:\/\/colegiatadebolea.es\/wp-content\/uploads\/colegiata-de-bolea-huesca-actualidad-xxiv-festival-camino-de-santiago-2025-350x339.jpg 350w, https:\/\/colegiatadebolea.es\/wp-content\/uploads\/colegiata-de-bolea-huesca-actualidad-xxiv-festival-camino-de-santiago-2025-250x242.jpg 250w, https:\/\/colegiatadebolea.es\/wp-content\/uploads\/colegiata-de-bolea-huesca-actualidad-xxiv-festival-camino-de-santiago-2025-200x194.jpg 200w, https:\/\/colegiatadebolea.es\/wp-content\/uploads\/colegiata-de-bolea-huesca-actualidad-xxiv-festival-camino-de-santiago-2025-175x170.jpg 175w, https:\/\/colegiatadebolea.es\/wp-content\/uploads\/colegiata-de-bolea-huesca-actualidad-xxiv-festival-camino-de-santiago-2025-150x145.jpg 150w, https:\/\/colegiatadebolea.es\/wp-content\/uploads\/colegiata-de-bolea-huesca-actualidad-xxiv-festival-camino-de-santiago-2025-125x121.jpg 125w, https:\/\/colegiatadebolea.es\/wp-content\/uploads\/colegiata-de-bolea-huesca-actualidad-xxiv-festival-camino-de-santiago-2025-100x97.jpg 100w, https:\/\/colegiatadebolea.es\/wp-content\/uploads\/colegiata-de-bolea-huesca-actualidad-xxiv-festival-camino-de-santiago-2025-75x73.jpg 75w, https:\/\/colegiatadebolea.es\/wp-content\/uploads\/colegiata-de-bolea-huesca-actualidad-xxiv-festival-camino-de-santiago-2025-50x48.jpg 50w, https:\/\/colegiatadebolea.es\/wp-content\/uploads\/colegiata-de-bolea-huesca-actualidad-xxiv-festival-camino-de-santiago-2025-25x24.jpg 25w, https:\/\/colegiatadebolea.es\/wp-content\/uploads\/colegiata-de-bolea-huesca-actualidad-xxiv-festival-camino-de-santiago-2025-619x600.jpg 619w, https:\/\/colegiatadebolea.es\/wp-content\/uploads\/colegiata-de-bolea-huesca-actualidad-xxiv-festival-camino-de-santiago-2025-567x550.jpg 567w, https:\/\/colegiatadebolea.es\/wp-content\/uploads\/colegiata-de-bolea-huesca-actualidad-xxiv-festival-camino-de-santiago-2025-516x500.jpg 516w, https:\/\/colegiatadebolea.es\/wp-content\/uploads\/colegiata-de-bolea-huesca-actualidad-xxiv-festival-camino-de-santiago-2025-464x450.jpg 464w, https:\/\/colegiatadebolea.es\/wp-content\/uploads\/colegiata-de-bolea-huesca-actualidad-xxiv-festival-camino-de-santiago-2025-413x400.jpg 413w, https:\/\/colegiatadebolea.es\/wp-content\/uploads\/colegiata-de-bolea-huesca-actualidad-xxiv-festival-camino-de-santiago-2025-309x300.jpg 309w, https:\/\/colegiatadebolea.es\/wp-content\/uploads\/colegiata-de-bolea-huesca-actualidad-xxiv-festival-camino-de-santiago-2025-258x250.jpg 258w, https:\/\/colegiatadebolea.es\/wp-content\/uploads\/colegiata-de-bolea-huesca-actualidad-xxiv-festival-camino-de-santiago-2025-206x200.jpg 206w, https:\/\/colegiatadebolea.es\/wp-content\/uploads\/colegiata-de-bolea-huesca-actualidad-xxiv-festival-camino-de-santiago-2025-181x175.jpg 181w, https:\/\/colegiatadebolea.es\/wp-content\/uploads\/colegiata-de-bolea-huesca-actualidad-xxiv-festival-camino-de-santiago-2025-155x150.jpg 155w, https:\/\/colegiatadebolea.es\/wp-content\/uploads\/colegiata-de-bolea-huesca-actualidad-xxiv-festival-camino-de-santiago-2025-129x125.jpg 129w, https:\/\/colegiatadebolea.es\/wp-content\/uploads\/colegiata-de-bolea-huesca-actualidad-xxiv-festival-camino-de-santiago-2025-103x100.jpg 103w, https:\/\/colegiatadebolea.es\/wp-content\/uploads\/colegiata-de-bolea-huesca-actualidad-xxiv-festival-camino-de-santiago-2025-77x75.jpg 77w, https:\/\/colegiatadebolea.es\/wp-content\/uploads\/colegiata-de-bolea-huesca-actualidad-xxiv-festival-camino-de-santiago-2025-52x50.jpg 52w, https:\/\/colegiatadebolea.es\/wp-content\/uploads\/colegiata-de-bolea-huesca-actualidad-xxiv-festival-camino-de-santiago-2025-26x25.jpg 26w, https:\/\/colegiatadebolea.es\/wp-content\/uploads\/colegiata-de-bolea-huesca-actualidad-xxiv-festival-camino-de-santiago-2025.jpg 1800w\" sizes=\"auto, (max-width: 1024px) 100vw, 1024px\" \/><\/a><\/div><\/div>\t\t<\/div>\r\n\t\t\t<\/article>\r\n\t<article class=\"w-grid-item size_1x1 post-11077 post type-post status-publish format-standard has-post-thumbnail hentry category-2025-en category-concerts category-enclaves-en category-the-collegiate-church-of-bolea\" data-id=\"11077\">\r\n\t\t<div class=\"w-grid-item-h\">\r\n\t\t\t\t\t\t<div class=\"w-hwrapper usg_hwrapper_1 has_text_color align_none valign_center wrap\"><div class=\"w-vwrapper usg_vwrapper_1 align_none valign_top\"><time class=\"w-post-elm post_date usg_post_date_1 entry-date published\" datetime=\"2025-07-22T01:09:02+02:00\" title=\"22 July 2025 at 01:09:02 Europe\/Madrid\">9 months ago<\/time><h2 class=\"w-post-elm post_title usg_post_title_1 entry-title color_link_inherit\"><a href=\"https:\/\/colegiatadebolea.es\/en\/enclaves-del-grial-festival-enclaves-2025-en-la-colegiata-de-bolea\/\">Enclaves del Grial, Festival Enclaves 2025, Colegiata de Bolea<\/a><\/h2><div class=\"w-post-elm post_content usg_post_content_1\">The Music and Heritage Festival in Hoya de Huesca EnClaves returns to the Collegiate Church of Bolea within EnClaves del Grail with the concert Salve, festa dies by Ara Mundi.&hellip;<\/div><\/div><div class=\"w-post-elm post_image usg_post_image_1 has_width stretched\"><a href=\"https:\/\/colegiatadebolea.es\/en\/enclaves-del-grial-festival-enclaves-2025-en-la-colegiata-de-bolea\/\" aria-label=\"Enclaves del Grial, Festival Enclaves 2025, Colegiata de Bolea\"><img loading=\"lazy\" decoding=\"async\" width=\"1024\" height=\"910\" src=\"https:\/\/colegiatadebolea.es\/wp-content\/uploads\/colegiata-de-bolea-huesca-actualidad-enclaves-2025-1024x910.jpg\" class=\"attachment-large size-large wp-post-image\" alt=\"\" srcset=\"https:\/\/colegiatadebolea.es\/wp-content\/uploads\/colegiata-de-bolea-huesca-actualidad-enclaves-2025-1024x910.jpg 1024w, https:\/\/colegiatadebolea.es\/wp-content\/uploads\/colegiata-de-bolea-huesca-actualidad-enclaves-2025-300x267.jpg 300w, https:\/\/colegiatadebolea.es\/wp-content\/uploads\/colegiata-de-bolea-huesca-actualidad-enclaves-2025-1536x1365.jpg 1536w, https:\/\/colegiatadebolea.es\/wp-content\/uploads\/colegiata-de-bolea-huesca-actualidad-enclaves-2025-600x533.jpg 600w, https:\/\/colegiatadebolea.es\/wp-content\/uploads\/colegiata-de-bolea-huesca-actualidad-enclaves-2025-550x489.jpg 550w, https:\/\/colegiatadebolea.es\/wp-content\/uploads\/colegiata-de-bolea-huesca-actualidad-enclaves-2025-500x444.jpg 500w, https:\/\/colegiatadebolea.es\/wp-content\/uploads\/colegiata-de-bolea-huesca-actualidad-enclaves-2025-450x400.jpg 450w, https:\/\/colegiatadebolea.es\/wp-content\/uploads\/colegiata-de-bolea-huesca-actualidad-enclaves-2025-400x356.jpg 400w, https:\/\/colegiatadebolea.es\/wp-content\/uploads\/colegiata-de-bolea-huesca-actualidad-enclaves-2025-350x311.jpg 350w, https:\/\/colegiatadebolea.es\/wp-content\/uploads\/colegiata-de-bolea-huesca-actualidad-enclaves-2025-250x222.jpg 250w, https:\/\/colegiatadebolea.es\/wp-content\/uploads\/colegiata-de-bolea-huesca-actualidad-enclaves-2025-200x178.jpg 200w, https:\/\/colegiatadebolea.es\/wp-content\/uploads\/colegiata-de-bolea-huesca-actualidad-enclaves-2025-175x156.jpg 175w, https:\/\/colegiatadebolea.es\/wp-content\/uploads\/colegiata-de-bolea-huesca-actualidad-enclaves-2025-150x133.jpg 150w, https:\/\/colegiatadebolea.es\/wp-content\/uploads\/colegiata-de-bolea-huesca-actualidad-enclaves-2025-125x111.jpg 125w, https:\/\/colegiatadebolea.es\/wp-content\/uploads\/colegiata-de-bolea-huesca-actualidad-enclaves-2025-100x89.jpg 100w, https:\/\/colegiatadebolea.es\/wp-content\/uploads\/colegiata-de-bolea-huesca-actualidad-enclaves-2025-75x67.jpg 75w, https:\/\/colegiatadebolea.es\/wp-content\/uploads\/colegiata-de-bolea-huesca-actualidad-enclaves-2025-50x44.jpg 50w, https:\/\/colegiatadebolea.es\/wp-content\/uploads\/colegiata-de-bolea-huesca-actualidad-enclaves-2025-25x22.jpg 25w, https:\/\/colegiatadebolea.es\/wp-content\/uploads\/colegiata-de-bolea-huesca-actualidad-enclaves-2025-675x600.jpg 675w, https:\/\/colegiatadebolea.es\/wp-content\/uploads\/colegiata-de-bolea-huesca-actualidad-enclaves-2025-619x550.jpg 619w, https:\/\/colegiatadebolea.es\/wp-content\/uploads\/colegiata-de-bolea-huesca-actualidad-enclaves-2025-563x500.jpg 563w, https:\/\/colegiatadebolea.es\/wp-content\/uploads\/colegiata-de-bolea-huesca-actualidad-enclaves-2025-506x450.jpg 506w, https:\/\/colegiatadebolea.es\/wp-content\/uploads\/colegiata-de-bolea-huesca-actualidad-enclaves-2025-338x300.jpg 338w, https:\/\/colegiatadebolea.es\/wp-content\/uploads\/colegiata-de-bolea-huesca-actualidad-enclaves-2025-281x250.jpg 281w, https:\/\/colegiatadebolea.es\/wp-content\/uploads\/colegiata-de-bolea-huesca-actualidad-enclaves-2025-225x200.jpg 225w, https:\/\/colegiatadebolea.es\/wp-content\/uploads\/colegiata-de-bolea-huesca-actualidad-enclaves-2025-197x175.jpg 197w, https:\/\/colegiatadebolea.es\/wp-content\/uploads\/colegiata-de-bolea-huesca-actualidad-enclaves-2025-169x150.jpg 169w, https:\/\/colegiatadebolea.es\/wp-content\/uploads\/colegiata-de-bolea-huesca-actualidad-enclaves-2025-141x125.jpg 141w, https:\/\/colegiatadebolea.es\/wp-content\/uploads\/colegiata-de-bolea-huesca-actualidad-enclaves-2025-113x100.jpg 113w, https:\/\/colegiatadebolea.es\/wp-content\/uploads\/colegiata-de-bolea-huesca-actualidad-enclaves-2025-84x75.jpg 84w, https:\/\/colegiatadebolea.es\/wp-content\/uploads\/colegiata-de-bolea-huesca-actualidad-enclaves-2025-56x50.jpg 56w, https:\/\/colegiatadebolea.es\/wp-content\/uploads\/colegiata-de-bolea-huesca-actualidad-enclaves-2025-28x25.jpg 28w, https:\/\/colegiatadebolea.es\/wp-content\/uploads\/colegiata-de-bolea-huesca-actualidad-enclaves-2025.jpg 1800w\" sizes=\"auto, (max-width: 1024px) 100vw, 1024px\" \/><\/a><\/div><\/div>\t\t<\/div>\r\n\t\t\t<\/article>\r\n<\/div><div class=\"w-grid-preloader\">\t<div class=\"g-preloader type_1\">\r\n\t\t<div><\/div>\r\n\t<\/div>\r\n\t<\/div>\t<div class=\"w-grid-json hidden\" onclick='return {&quot;action&quot;:&quot;us_ajax_grid&quot;,&quot;infinite_scroll&quot;:0,&quot;max_num_pages&quot;:1,&quot;pagination&quot;:&quot;none&quot;,&quot;template_vars&quot;:{&quot;columns&quot;:&quot;2&quot;,&quot;exclude_items&quot;:&quot;none&quot;,&quot;img_size&quot;:&quot;default&quot;,&quot;ignore_items_size&quot;:0,&quot;items_layout&quot;:&quot;10259&quot;,&quot;items_offset&quot;:&quot;1&quot;,&quot;load_animation&quot;:&quot;none&quot;,&quot;overriding_link&quot;:&quot;%7B%22url%22%3A%22%22%7D&quot;,&quot;post_id&quot;:0,&quot;query_args&quot;:{&quot;post_type&quot;:[&quot;post&quot;],&quot;post_status&quot;:[&quot;publish&quot;,&quot;acf-disabled&quot;],&quot;ignore_sticky_posts&quot;:1,&quot;posts_per_page&quot;:&quot;5&quot;},&quot;orderby_query_args&quot;:{&quot;orderby&quot;:{&quot;date&quot;:&quot;DESC&quot;}},&quot;type&quot;:&quot;grid&quot;,&quot;us_grid_post_type&quot;:&quot;post&quot;,&quot;us_grid_ajax_index&quot;:1,&quot;us_grid_filter_query_string&quot;:null,&quot;us_grid_index&quot;:1,&quot;page_args&quot;:[],&quot;lang&quot;:&quot;en&quot;}}'><\/div>\r\n\t<\/div><\/div><\/div><\/div><div class=\"w-separator size_medium with_line width_default thick_1 style_solid color_border align_center\"><div class=\"w-separator-h\"><\/div><\/div><\/div><\/div><\/div><\/div><\/section><section class=\"l-section wpb_row height_medium\"><div class=\"l-section-h i-cf\"><div class=\"g-cols vc_row via_grid cols_2 laptops-cols_inherit tablets-cols_inherit mobiles-cols_1 valign_top type_default stacking_default\"><div class=\"wpb_column vc_column_container\"><div class=\"vc_column-inner\"><div class=\"g-cols wpb_row via_grid cols_1 laptops-cols_inherit tablets-cols_inherit mobiles-cols_1 valign_top type_default stacking_default\" style=\"--columns-gap:5rem;\"><div class=\"wpb_column vc_column_container\"><div class=\"vc_column-inner\"><div class=\"wpb_text_column\"><div class=\"wpb_wrapper\"><h3><span>The town of Bolea<br \/>\n<\/span><\/h3>\n<\/div><\/div><div class=\"w-separator size_small\"><\/div><div class=\"wpb_text_column\"><div class=\"wpb_wrapper\"><p>The town of <strong>Bolea<\/strong> (584 inhabitants) is the capital of the municipality of <strong>La Sotonera<\/strong> (1,096 h.). It belongs to the <strong>District of la Hoya\/Plana de Huesca<\/strong> and to the <strong>&#8220;Reino de los Mallos&#8221;<\/strong>. It is located 20 km to the Northwest of the city of <strong>Huesca<\/strong> and 12 km from the <strong>Castle of Loarre<\/strong>.<br \/>\n<span class=\"gris\">Heights<\/span> (above sea level): Plaza Mayor (Town Hall): 656 metres, <strong>Collegiate Church: 690<\/strong> meters, Muro (highest hill): 712 meters.<br \/>\n<strong><span class=\"gris\">Geographical coordinates<\/span>:<\/strong> 0\u00ba 33&#8242; 09&#8221; W and 42\u00ba 15&#8242; 40&#8221; N<\/p>\n<\/div><\/div><div class=\"w-separator size_small\"><\/div><div class=\"w-btn-wrapper align_none\"><a class=\"w-btn us-btn-style_11\" href=\"https:\/\/colegiatadebolea.es\/en\/bolea\/\"><span class=\"w-btn-label\">Continue reading<\/span><\/a><\/div><div class=\"w-separator size_medium\"><\/div><\/div><\/div><\/div><\/div><\/div><div class=\"wpb_column vc_column_container\"><div class=\"vc_column-inner\"><div class=\"w-image us_custom_47474b22 us_animate_this style_shadow-1 align_center\"><div class=\"w-image-h\"><img fetchpriority=\"high\" decoding=\"async\" width=\"1920\" height=\"863\" src=\"https:\/\/colegiatadebolea.es\/wp-content\/uploads\/colegiata-de-bolea-huesca-bolea-calle-herrerias-hero-004.jpg\" class=\"attachment-full size-full\" alt=\"\" loading=\"eager\" srcset=\"https:\/\/colegiatadebolea.es\/wp-content\/uploads\/colegiata-de-bolea-huesca-bolea-calle-herrerias-hero-004.jpg 1920w, https:\/\/colegiatadebolea.es\/wp-content\/uploads\/colegiata-de-bolea-huesca-bolea-calle-herrerias-hero-004-600x270.jpg 600w, https:\/\/colegiatadebolea.es\/wp-content\/uploads\/colegiata-de-bolea-huesca-bolea-calle-herrerias-hero-004-300x135.jpg 300w, https:\/\/colegiatadebolea.es\/wp-content\/uploads\/colegiata-de-bolea-huesca-bolea-calle-herrerias-hero-004-1024x460.jpg 1024w, https:\/\/colegiatadebolea.es\/wp-content\/uploads\/colegiata-de-bolea-huesca-bolea-calle-herrerias-hero-004-1536x690.jpg 1536w\" sizes=\"(max-width: 1920px) 100vw, 1920px\" \/><\/div><\/div><div class=\"w-separator size_small\"><\/div><\/div><\/div><\/div><\/div><\/section><section class=\"l-section wpb_row height_huge width_custom color_primary with_img\" style=\"--site-content-width:880px;\"><div class=\"l-section-img\" role=\"img\" aria-label=\"Image\" data-img-width=\"1920\" data-img-height=\"1275\" style=\"background-image: url(https:\/\/colegiatadebolea.es\/wp-content\/uploads\/colegiata-de-bolea-huesca-entorno-bg-001.jpg);\"><\/div><div class=\"l-section-overlay\" style=\"background:linear-gradient(180deg,rgba(0,0,0,0.2),rgba(0,0,0,0.90))\"><\/div><div class=\"l-section-h i-cf\"><div class=\"g-cols vc_row via_grid cols_1 laptops-cols_inherit tablets-cols_inherit mobiles-cols_1 valign_top type_default stacking_default\"><div class=\"wpb_column vc_column_container\"><div class=\"vc_column-inner\"><h2 class=\"w-text us_custom_f16926ad has_text_color\"><span class=\"w-text-h\"><span class=\"w-text-value\">Surroundings of The Collegiate<\/span><\/span><\/h2><div class=\"wpb_text_column us_custom_e2ae0b09 has_text_color\"><div class=\"wpb_wrapper\"><p>La Sotonera, Reino de los Mallos and La Hoya de Huesca<\/p>\n<\/div><\/div><div class=\"w-separator size_medium\"><\/div><div class=\"w-btn-wrapper align_center\"><a class=\"w-btn us-btn-style_4 us_custom_09d3e09f\" href=\"https:\/\/colegiatadebolea.es\/en\/environment\/\"><span class=\"w-btn-label\">Continue reading<\/span><\/a><\/div><\/div><\/div><\/div><\/div><\/section><section class=\"l-section wpb_row us_custom_c70c97eb height_custom\"><div class=\"l-section-h i-cf\"><div class=\"g-cols vc_row via_grid cols_1 laptops-cols_inherit tablets-cols_inherit mobiles-cols_1 valign_top type_default stacking_default\"><div class=\"wpb_column vc_column_container\"><div class=\"vc_column-inner\"><div class=\"w-separator size_small\"><\/div><div class=\"w-image us_custom_84a5338e align_center\"><div class=\"w-image-h\"><img decoding=\"async\" width=\"323\" height=\"378\" src=\"https:\/\/colegiatadebolea.es\/wp-content\/uploads\/colegiata-de-bolea-logoamigos.png\" class=\"attachment-full size-full\" alt=\"Escudo Asociaci\u00f3n de Amigos de la Colegiata de Bolea\" loading=\"lazy\" srcset=\"https:\/\/colegiatadebolea.es\/wp-content\/uploads\/colegiata-de-bolea-logoamigos.png 323w, https:\/\/colegiatadebolea.es\/wp-content\/uploads\/colegiata-de-bolea-logoamigos-256x300.png 256w\" sizes=\"auto, (max-width: 323px) 100vw, 323px\" \/><\/div><\/div><div class=\"w-separator size_small\"><\/div><\/div><\/div><\/div><\/div><\/section><section class=\"l-section wpb_row us_custom_f3a4f3df height_auto full_height valign_bottom color_primary with_shape\"><div class=\"l-section-overlay\" style=\"background:rgba(0,0,0,0.30)\"><\/div><div class=\"l-section-shape type_curve pos_top\" style=\"height:30vh;color:var(--color-content-bg-alt)\"><svg xmlns=\"http:\/\/www.w3.org\/2000\/svg\" viewBox=\"0 0 64 8\" preserveAspectRatio=\"none\" width=\"100%\" height=\"100%\">\r\n\t<path fill=\"currentColor\" d=\"M64 8 L64 0 Q32 15.8 0 0 L0 8 Z\"\/>\r\n<\/svg><\/div><div class=\"l-section-shape type_custom pos_bottom\" style=\"height:26vh;\"><svg xmlns=\"http:\/\/www.w3.org\/2000\/svg\" viewBox=\"0 0 64 8\" preserveAspectRatio=\"none\" width=\"100%\" height=\"100%\">\r\n\t<path fill=\"currentColor\" d=\"M64 8 L0 8 L0 0 L64 0 Z\"\/>\r\n<\/svg><\/div><div class=\"l-section-h i-cf\"><div class=\"g-cols vc_row via_grid cols_1 laptops-cols_inherit tablets-cols_inherit mobiles-cols_1 valign_top type_default stacking_default\"><div class=\"wpb_column vc_column_container\"><div class=\"vc_column-inner\"><div class=\"w-separator size_large\"><\/div><div class=\"w-text us_custom_33881461\"><span class=\"w-text-h\"><span class=\"w-text-value\">Visit us<\/span><\/span><\/div><div class=\"w-separator size_huge\"><\/div><div class=\"w-separator size_medium\"><\/div><div class=\"g-cols wpb_row via_grid cols_2 laptops-cols_inherit tablets-cols_inherit mobiles-cols_1 valign_top type_default stacking_default\" style=\"--columns-gap:0rem;\"><div class=\"wpb_column vc_column_container us_custom_559579fa has_bg_color\"><div class=\"vc_column-inner\"><div class=\"w-image us_custom_08d26a3d has_ratio align_none\"><div class=\"w-image-h\"><div style=\"padding-bottom:150%\"><\/div><img decoding=\"async\" width=\"751\" height=\"1024\" src=\"https:\/\/colegiatadebolea.es\/wp-content\/uploads\/colegiata-de-bolea-huesca-horarios-img-002-751x1024.jpg\" class=\"attachment-large size-large\" alt=\"\" loading=\"lazy\" \/><\/div><\/div><div class=\"w-separator size_small\"><\/div><div class=\"wpb_text_column us_custom_da0a8506\"><div class=\"wpb_wrapper\"><h3 style=\"text-align: center;\">Location and Access<\/h3>\n<p style=\"text-align: center;\">Location and access instructions to the Collegiate Church of Bolea<\/p>\n<\/div><\/div><div class=\"w-separator size_custom\" style=\"height:30px\"><\/div><div class=\"w-btn-wrapper align_center\"><a class=\"w-btn us-btn-style_29\" href=\"https:\/\/colegiatadebolea.es\/en\/location-and-access\/\"><span class=\"w-btn-label\">Continue reading<\/span><\/a><\/div><\/div><\/div><div class=\"wpb_column vc_column_container us_custom_722ce05b has_bg_color\"><div class=\"vc_column-inner\"><div class=\"w-image us_custom_08d26a3d has_ratio align_none\"><div class=\"w-image-h\"><div style=\"padding-bottom:150%\"><\/div><img decoding=\"async\" width=\"1024\" height=\"870\" src=\"https:\/\/colegiatadebolea.es\/wp-content\/uploads\/colegiata-de-bolea-huesca-retablo-mayor-anunciacion-1024x870.jpg\" class=\"attachment-large size-large\" alt=\"\" loading=\"lazy\" \/><\/div><\/div><div class=\"w-separator size_small\"><\/div><div class=\"wpb_text_column us_custom_da0a8506\"><div class=\"wpb_wrapper\"><h3 style=\"text-align: center;\">Tickets &amp; Opening Hours<\/h3>\n<p style=\"text-align: center;\">Learn about the entrance fees and opening hours for the Collegiate Church.<\/p>\n<\/div><\/div><div class=\"w-separator size_custom\" style=\"height:30px\"><\/div><div class=\"w-btn-wrapper align_center\"><a class=\"w-btn us-btn-style_1\" href=\"https:\/\/colegiatadebolea.es\/en\/opening-hours-prices\/\"><span class=\"w-btn-label\">Continue reading<\/span><\/a><\/div><\/div><\/div><\/div><div class=\"w-separator size_medium\"><\/div><\/div><\/div><\/div><\/div><\/section><section class=\"l-section wpb_row height_small width_full\"><div class=\"l-section-h i-cf\"><div class=\"g-cols vc_row via_grid cols_1 laptops-cols_inherit tablets-cols_inherit mobiles-cols_1 valign_top type_default stacking_default\"><div class=\"wpb_column vc_column_container\"><div class=\"vc_column-inner\"><div class=\"w-separator size_medium\"><\/div><div class=\"wpb_text_column us_custom_3827b34e us_animate_this\"><div class=\"wpb_wrapper\"><p class=\"w-text us_custom_c4d893d1\" style=\"text-align: center;\"><span class=\"w-text-h\"><span class=\"w-text-value\"><span style=\"color: #b5161a;\">F<\/span>IVS <span style=\"color: #b5161a;\">ET<\/span> <span style=\"color: #b5161a;\">M<\/span>ISERICORDIA <span style=\"color: #b5161a;\">F<\/span>IVSA <span style=\"color: #b5161a;\">P<\/span>ROGENITOR<\/span><\/span><\/p>\n<\/div><\/div><\/div><\/div><\/div><\/div><\/section>\n","protected":false},"excerpt":{"rendered":"The Music and Heritage Festival in Hoya de Huesca EnClaves returns to the Collegiate Church of Bolea within EnClaves del Grail with the concert Salve, festa dies by Ara Mundi. The EnClaves Festival continues in 2025 during the month of October coinciding with the commemorations of the birth of San Lorenzo at the highlights of...","protected":false},"author":2,"featured_media":10736,"parent":0,"menu_order":0,"comment_status":"closed","ping_status":"closed","template":"","meta":{"_acf_changed":false,"footnotes":""},"class_list":["post-10943","page","type-page","status-publish","has-post-thumbnail","hentry"],"acf":[],"yoast_head":"<!-- This site is optimized with the Yoast SEO plugin v25.8 - https:\/\/yoast.com\/wordpress\/plugins\/seo\/ -->\n<title>Association of Friends of the College Church of Bolea<\/title>\n<meta name=\"description\" content=\"The collegiate church was erected between 1541 and 1559 by Pedro de Iraz\u00e1bal from Guipuzcoa. Masterpiece from the Spanish painting of the Renaissance Period\" \/>\n<meta name=\"robots\" content=\"index, follow, max-snippet:-1, max-image-preview:large, max-video-preview:-1\" \/>\n<link rel=\"canonical\" href=\"https:\/\/colegiatadebolea.es\/en\/\" \/>\n<meta property=\"og:locale\" content=\"en_US\" \/>\n<meta property=\"og:type\" content=\"article\" \/>\n<meta property=\"og:title\" content=\"Association of Friends of the College Church of Bolea\" \/>\n<meta property=\"og:description\" content=\"The collegiate church was erected between 1541 and 1559 by Pedro de Iraz\u00e1bal from Guipuzcoa. Masterpiece from the Spanish painting of the Renaissance Period\" \/>\n<meta property=\"og:url\" content=\"https:\/\/colegiatadebolea.es\/en\/\" \/>\n<meta property=\"og:site_name\" content=\"Asociaci\u00f3n de Amigos de la Colegiata de Bolea - Huesca\" \/>\n<meta property=\"article:publisher\" content=\"https:\/\/www.facebook.com\/pages\/ColegiatadeBolea\/915137545269794\/\" \/>\n<meta property=\"article:modified_time\" content=\"2025-10-14T22:56:24+00:00\" \/>\n<meta property=\"og:image\" content=\"https:\/\/colegiatadebolea.es\/wp-content\/uploads\/colegiata-de-santa-maria-la-mayor-de-bolea-huesca-bolea-vista-aerea-id.jpg\" \/>\n\t<meta property=\"og:image:width\" content=\"1200\" \/>\n\t<meta property=\"og:image:height\" content=\"789\" \/>\n\t<meta property=\"og:image:type\" content=\"image\/jpeg\" \/>\n<meta name=\"twitter:card\" content=\"summary_large_image\" \/>\n<meta name=\"twitter:label1\" content=\"Est. reading time\" \/>\n\t<meta name=\"twitter:data1\" content=\"4 minutes\" \/>\n<script type=\"application\/ld+json\" class=\"yoast-schema-graph\">{\"@context\":\"https:\/\/schema.org\",\"@graph\":[{\"@type\":\"WebPage\",\"@id\":\"https:\/\/colegiatadebolea.es\/en\/\",\"url\":\"https:\/\/colegiatadebolea.es\/en\/\",\"name\":\"Association of Friends of the College Church of Bolea\",\"isPartOf\":{\"@id\":\"https:\/\/colegiatadebolea.es\/en\/#website\"},\"primaryImageOfPage\":{\"@id\":\"https:\/\/colegiatadebolea.es\/en\/#primaryimage\"},\"image\":{\"@id\":\"https:\/\/colegiatadebolea.es\/en\/#primaryimage\"},\"thumbnailUrl\":\"https:\/\/colegiatadebolea.es\/wp-content\/uploads\/colegiata-de-santa-maria-la-mayor-de-bolea-huesca-bolea-vista-aerea-id.jpg\",\"datePublished\":\"2025-06-11T08:41:38+00:00\",\"dateModified\":\"2025-10-14T22:56:24+00:00\",\"description\":\"The collegiate church was erected between 1541 and 1559 by Pedro de Iraz\u00e1bal from Guipuzcoa. Masterpiece from the Spanish painting of the Renaissance Period\",\"breadcrumb\":{\"@id\":\"https:\/\/colegiatadebolea.es\/en\/#breadcrumb\"},\"inLanguage\":\"en-US\",\"potentialAction\":[{\"@type\":\"ReadAction\",\"target\":[\"https:\/\/colegiatadebolea.es\/en\/\"]}]},{\"@type\":\"ImageObject\",\"inLanguage\":\"en-US\",\"@id\":\"https:\/\/colegiatadebolea.es\/en\/#primaryimage\",\"url\":\"https:\/\/colegiatadebolea.es\/wp-content\/uploads\/colegiata-de-santa-maria-la-mayor-de-bolea-huesca-bolea-vista-aerea-id.jpg\",\"contentUrl\":\"https:\/\/colegiatadebolea.es\/wp-content\/uploads\/colegiata-de-santa-maria-la-mayor-de-bolea-huesca-bolea-vista-aerea-id.jpg\",\"width\":1200,\"height\":789},{\"@type\":\"BreadcrumbList\",\"@id\":\"https:\/\/colegiatadebolea.es\/en\/#breadcrumb\",\"itemListElement\":[{\"@type\":\"ListItem\",\"position\":1,\"name\":\"Portada\",\"item\":\"https:\/\/colegiatadebolea.es\/en\/\"},{\"@type\":\"ListItem\",\"position\":2,\"name\":\"Home The Collegiate of Santa Mar\u00eda la Mayor\"}]},{\"@type\":\"WebSite\",\"@id\":\"https:\/\/colegiatadebolea.es\/en\/#website\",\"url\":\"https:\/\/colegiatadebolea.es\/en\/\",\"name\":\"Asociaci\u00f3n de Amigos de la Colegiata de Bolea - Huesca\",\"description\":\"Colegiata de Santa Mar\u00eda la Mayor de Bolea es una iglesia en la transici\u00f3n del g\u00f3tico al renacimiento construida entre 1541 y 1599 por Pedro de Ir\u00e1zabal. Retablo Mayor obra maestra de la pintura espa\u00f1ola del renacimiento.\",\"publisher\":{\"@id\":\"https:\/\/colegiatadebolea.es\/en\/#organization\"},\"alternateName\":\"Colegiata de Bolea\",\"potentialAction\":[{\"@type\":\"SearchAction\",\"target\":{\"@type\":\"EntryPoint\",\"urlTemplate\":\"https:\/\/colegiatadebolea.es\/en\/?s={search_term_string}\"},\"query-input\":{\"@type\":\"PropertyValueSpecification\",\"valueRequired\":true,\"valueName\":\"search_term_string\"}}],\"inLanguage\":\"en-US\"},{\"@type\":\"Organization\",\"@id\":\"https:\/\/colegiatadebolea.es\/en\/#organization\",\"name\":\"Asociaci\u00f3n de Amigos de la Colegiata de Bolea\",\"url\":\"https:\/\/colegiatadebolea.es\/en\/\",\"logo\":{\"@type\":\"ImageObject\",\"inLanguage\":\"en-US\",\"@id\":\"https:\/\/colegiatadebolea.es\/en\/#\/schema\/logo\/image\/\",\"url\":\"https:\/\/colegiatadebolea.es\/wp-content\/uploads\/colegiata-de-bolea-logoamigos-favicon.png\",\"contentUrl\":\"https:\/\/colegiatadebolea.es\/wp-content\/uploads\/colegiata-de-bolea-logoamigos-favicon.png\",\"width\":512,\"height\":512,\"caption\":\"Asociaci\u00f3n de Amigos de la Colegiata de Bolea\"},\"image\":{\"@id\":\"https:\/\/colegiatadebolea.es\/en\/#\/schema\/logo\/image\/\"},\"sameAs\":[\"https:\/\/www.facebook.com\/pages\/ColegiatadeBolea\/915137545269794\/\",\"https:\/\/www.instagram.com\/colegiatadebolea\"]}]}<\/script>\n<!-- \/ Yoast SEO plugin. -->","yoast_head_json":{"title":"Association of Friends of the College Church of Bolea","description":"The collegiate church was erected between 1541 and 1559 by Pedro de Iraz\u00e1bal from Guipuzcoa. Masterpiece from the Spanish painting of the Renaissance Period","robots":{"index":"index","follow":"follow","max-snippet":"max-snippet:-1","max-image-preview":"max-image-preview:large","max-video-preview":"max-video-preview:-1"},"canonical":"https:\/\/colegiatadebolea.es\/en\/","og_locale":"en_US","og_type":"article","og_title":"Association of Friends of the College Church of Bolea","og_description":"The collegiate church was erected between 1541 and 1559 by Pedro de Iraz\u00e1bal from Guipuzcoa. Masterpiece from the Spanish painting of the Renaissance Period","og_url":"https:\/\/colegiatadebolea.es\/en\/","og_site_name":"Asociaci\u00f3n de Amigos de la Colegiata de Bolea - Huesca","article_publisher":"https:\/\/www.facebook.com\/pages\/ColegiatadeBolea\/915137545269794\/","article_modified_time":"2025-10-14T22:56:24+00:00","og_image":[{"width":1200,"height":789,"url":"https:\/\/colegiatadebolea.es\/wp-content\/uploads\/colegiata-de-santa-maria-la-mayor-de-bolea-huesca-bolea-vista-aerea-id.jpg","type":"image\/jpeg"}],"twitter_card":"summary_large_image","twitter_misc":{"Est. reading time":"4 minutes"},"schema":{"@context":"https:\/\/schema.org","@graph":[{"@type":"WebPage","@id":"https:\/\/colegiatadebolea.es\/en\/","url":"https:\/\/colegiatadebolea.es\/en\/","name":"Association of Friends of the College Church of Bolea","isPartOf":{"@id":"https:\/\/colegiatadebolea.es\/en\/#website"},"primaryImageOfPage":{"@id":"https:\/\/colegiatadebolea.es\/en\/#primaryimage"},"image":{"@id":"https:\/\/colegiatadebolea.es\/en\/#primaryimage"},"thumbnailUrl":"https:\/\/colegiatadebolea.es\/wp-content\/uploads\/colegiata-de-santa-maria-la-mayor-de-bolea-huesca-bolea-vista-aerea-id.jpg","datePublished":"2025-06-11T08:41:38+00:00","dateModified":"2025-10-14T22:56:24+00:00","description":"The collegiate church was erected between 1541 and 1559 by Pedro de Iraz\u00e1bal from Guipuzcoa. Masterpiece from the Spanish painting of the Renaissance Period","breadcrumb":{"@id":"https:\/\/colegiatadebolea.es\/en\/#breadcrumb"},"inLanguage":"en-US","potentialAction":[{"@type":"ReadAction","target":["https:\/\/colegiatadebolea.es\/en\/"]}]},{"@type":"ImageObject","inLanguage":"en-US","@id":"https:\/\/colegiatadebolea.es\/en\/#primaryimage","url":"https:\/\/colegiatadebolea.es\/wp-content\/uploads\/colegiata-de-santa-maria-la-mayor-de-bolea-huesca-bolea-vista-aerea-id.jpg","contentUrl":"https:\/\/colegiatadebolea.es\/wp-content\/uploads\/colegiata-de-santa-maria-la-mayor-de-bolea-huesca-bolea-vista-aerea-id.jpg","width":1200,"height":789},{"@type":"BreadcrumbList","@id":"https:\/\/colegiatadebolea.es\/en\/#breadcrumb","itemListElement":[{"@type":"ListItem","position":1,"name":"Portada","item":"https:\/\/colegiatadebolea.es\/en\/"},{"@type":"ListItem","position":2,"name":"Home The Collegiate of Santa Mar\u00eda la Mayor"}]},{"@type":"WebSite","@id":"https:\/\/colegiatadebolea.es\/en\/#website","url":"https:\/\/colegiatadebolea.es\/en\/","name":"Asociaci\u00f3n de Amigos de la Colegiata de Bolea - Huesca","description":"Colegiata de Santa Mar\u00eda la Mayor de Bolea es una iglesia en la transici\u00f3n del g\u00f3tico al renacimiento construida entre 1541 y 1599 por Pedro de Ir\u00e1zabal. Retablo Mayor obra maestra de la pintura espa\u00f1ola del renacimiento.","publisher":{"@id":"https:\/\/colegiatadebolea.es\/en\/#organization"},"alternateName":"Colegiata de Bolea","potentialAction":[{"@type":"SearchAction","target":{"@type":"EntryPoint","urlTemplate":"https:\/\/colegiatadebolea.es\/en\/?s={search_term_string}"},"query-input":{"@type":"PropertyValueSpecification","valueRequired":true,"valueName":"search_term_string"}}],"inLanguage":"en-US"},{"@type":"Organization","@id":"https:\/\/colegiatadebolea.es\/en\/#organization","name":"Asociaci\u00f3n de Amigos de la Colegiata de Bolea","url":"https:\/\/colegiatadebolea.es\/en\/","logo":{"@type":"ImageObject","inLanguage":"en-US","@id":"https:\/\/colegiatadebolea.es\/en\/#\/schema\/logo\/image\/","url":"https:\/\/colegiatadebolea.es\/wp-content\/uploads\/colegiata-de-bolea-logoamigos-favicon.png","contentUrl":"https:\/\/colegiatadebolea.es\/wp-content\/uploads\/colegiata-de-bolea-logoamigos-favicon.png","width":512,"height":512,"caption":"Asociaci\u00f3n de Amigos de la Colegiata de Bolea"},"image":{"@id":"https:\/\/colegiatadebolea.es\/en\/#\/schema\/logo\/image\/"},"sameAs":["https:\/\/www.facebook.com\/pages\/ColegiatadeBolea\/915137545269794\/","https:\/\/www.instagram.com\/colegiatadebolea"]}]}},"_links":{"self":[{"href":"https:\/\/colegiatadebolea.es\/en\/wp-json\/wp\/v2\/pages\/10943","targetHints":{"allow":["GET"]}}],"collection":[{"href":"https:\/\/colegiatadebolea.es\/en\/wp-json\/wp\/v2\/pages"}],"about":[{"href":"https:\/\/colegiatadebolea.es\/en\/wp-json\/wp\/v2\/types\/page"}],"author":[{"embeddable":true,"href":"https:\/\/colegiatadebolea.es\/en\/wp-json\/wp\/v2\/users\/2"}],"replies":[{"embeddable":true,"href":"https:\/\/colegiatadebolea.es\/en\/wp-json\/wp\/v2\/comments?post=10943"}],"version-history":[{"count":25,"href":"https:\/\/colegiatadebolea.es\/en\/wp-json\/wp\/v2\/pages\/10943\/revisions"}],"predecessor-version":[{"id":11404,"href":"https:\/\/colegiatadebolea.es\/en\/wp-json\/wp\/v2\/pages\/10943\/revisions\/11404"}],"wp:featuredmedia":[{"embeddable":true,"href":"https:\/\/colegiatadebolea.es\/en\/wp-json\/wp\/v2\/media\/10736"}],"wp:attachment":[{"href":"https:\/\/colegiatadebolea.es\/en\/wp-json\/wp\/v2\/media?parent=10943"}],"curies":[{"name":"wp","href":"https:\/\/api.w.org\/{rel}","templated":true}]}}